{"id":8530,"date":"2021-02-10T12:16:53","date_gmt":"2021-02-10T10:16:53","guid":{"rendered":"https:\/\/gaudeamusprojecta.dissenygrafic.org\/bases\/"},"modified":"2025-09-19T20:15:31","modified_gmt":"2025-09-19T18:15:31","slug":"bases","status":"publish","type":"page","link":"https:\/\/gaudeamusprojecta.dissenygrafic.org\/es\/bases\/","title":{"rendered":"Bases"},"content":{"rendered":"\t\t<div data-elementor-type=\"wp-post\" data-elementor-id=\"8530\" class=\"elementor elementor-8530 elementor-2942\">\n\t\t\t\t\t\t<section class=\"elementor-section elementor-top-section elementor-element elementor-element-61720ff1 elementor-section-content-middle elementor-section-boxed elementor-section-height-default elementor-section-height-default\" data-id=\"61720ff1\" data-element_type=\"section\" data-e-type=\"section\" data-settings=\"{&quot;background_background&quot;:&quot;classic&quot;}\">\n\t\t\t\t\t\t\t<div class=\"elementor-background-overlay\"><\/div>\n\t\t\t\t\t\t\t<div class=\"elementor-container elementor-column-gap-no\">\n\t\t\t\t\t<div class=\"elementor-column elementor-col-100 elementor-top-column elementor-element elementor-element-5f40600d\" data-id=\"5f40600d\" data-element_type=\"column\" data-e-type=\"column\">\n\t\t\t<div class=\"elementor-widget-wrap elementor-element-populated\">\n\t\t\t\t\t\t<div class=\"elementor-element elementor-element-657f6e33 elementor-widget elementor-widget-heading\" data-id=\"657f6e33\" data-element_type=\"widget\" data-e-type=\"widget\" data-widget_type=\"heading.default\">\n\t\t\t\t<div class=\"elementor-widget-container\">\n\t\t\t\t\t<h2 class=\"elementor-heading-title elementor-size-default\">BASES<\/h2>\t\t\t\t<\/div>\n\t\t\t\t<\/div>\n\t\t\t\t\t<\/div>\n\t\t<\/div>\n\t\t\t\t\t<\/div>\n\t\t<\/section>\n\t\t\t\t<section class=\"elementor-section elementor-top-section elementor-element elementor-element-6cee9f0e elementor-section-boxed elementor-section-height-default elementor-section-height-default\" data-id=\"6cee9f0e\" data-element_type=\"section\" data-e-type=\"section\" data-settings=\"{&quot;background_background&quot;:&quot;classic&quot;}\">\n\t\t\t\t\t\t<div class=\"elementor-container elementor-column-gap-no\">\n\t\t\t\t\t<div class=\"elementor-column elementor-col-100 elementor-top-column elementor-element elementor-element-4f32b513\" data-id=\"4f32b513\" data-element_type=\"column\" data-e-type=\"column\">\n\t\t\t<div class=\"elementor-widget-wrap elementor-element-populated\">\n\t\t\t\t\t\t<div class=\"elementor-element elementor-element-9e3c444 elementor-widget elementor-widget-heading\" data-id=\"9e3c444\" data-element_type=\"widget\" data-e-type=\"widget\" data-widget_type=\"heading.default\">\n\t\t\t\t<div class=\"elementor-widget-container\">\n\t\t\t\t\t<h4 class=\"elementor-heading-title elementor-size-default\">La finalidad de este premio es reconocer y premiar el talento joven y la excelencia de los Proyectos Fin de Grado, realizados para finalizar el periodo de formaci\u00f3n en las facultades que imparten Grado Universitario y en los centros que imparten Ense\u00f1anzas Art\u00edsticas Superiores con t\u00edtulo superior de dise\u00f1o oficialmente equivalente a Grado Universitario del Estado Espa\u00f1ol. Especialmente reconocer\u00e1n aquellos que destaquen por sus aportaciones conceptuales, por su innovaci\u00f3n, por la inclusi\u00f3n de criterios \u00e9ticos y responsables frente a la sociedad y la natura, y de criterios de dise\u00f1o comprometido y para todo el mundo, en el planteamiento y resoluci\u00f3n gr\u00e1fica, pl\u00e1stica y funcional del proyecto.  <\/h4>\t\t\t\t<\/div>\n\t\t\t\t<\/div>\n\t\t\t\t\t<\/div>\n\t\t<\/div>\n\t\t\t\t\t<\/div>\n\t\t<\/section>\n\t\t\t\t<section class=\"elementor-section elementor-top-section elementor-element elementor-element-53569744 elementor-section-boxed elementor-section-height-default elementor-section-height-default\" data-id=\"53569744\" data-element_type=\"section\" data-e-type=\"section\" data-settings=\"{&quot;background_background&quot;:&quot;classic&quot;}\">\n\t\t\t\t\t\t<div class=\"elementor-container elementor-column-gap-no\">\n\t\t\t\t\t<div class=\"elementor-column elementor-col-100 elementor-top-column elementor-element elementor-element-5f3a88d3\" data-id=\"5f3a88d3\" data-element_type=\"column\" data-e-type=\"column\">\n\t\t\t<div class=\"elementor-widget-wrap elementor-element-populated\">\n\t\t\t\t\t\t<section class=\"elementor-section elementor-inner-section elementor-element elementor-element-546e11c1 elementor-section-boxed elementor-section-height-default elementor-section-height-default\" data-id=\"546e11c1\" data-element_type=\"section\" data-e-type=\"section\">\n\t\t\t\t\t\t<div class=\"elementor-container elementor-column-gap-no\">\n\t\t\t\t\t<div class=\"elementor-column elementor-col-50 elementor-inner-column elementor-element elementor-element-182144ae\" data-id=\"182144ae\" data-element_type=\"column\" data-e-type=\"column\">\n\t\t\t<div class=\"elementor-widget-wrap elementor-element-populated\">\n\t\t\t\t\t\t<div class=\"elementor-element elementor-element-44366da8 elementor-widget elementor-widget-heading\" data-id=\"44366da8\" data-element_type=\"widget\" data-e-type=\"widget\" data-widget_type=\"heading.default\">\n\t\t\t\t<div class=\"elementor-widget-container\">\n\t\t\t\t\t<h3 class=\"elementor-heading-title elementor-size-default\">Aspirantes y Condicionantes de los Proyectos<\/h3>\t\t\t\t<\/div>\n\t\t\t\t<\/div>\n\t\t\t\t\t<\/div>\n\t\t<\/div>\n\t\t\t\t<div class=\"elementor-column elementor-col-50 elementor-inner-column elementor-element elementor-element-77281dc6\" data-id=\"77281dc6\" data-element_type=\"column\" data-e-type=\"column\">\n\t\t\t<div class=\"elementor-widget-wrap elementor-element-populated\">\n\t\t\t\t\t\t<div class=\"elementor-element elementor-element-69bcc625 elementor-widget elementor-widget-text-editor\" data-id=\"69bcc625\" data-element_type=\"widget\" data-e-type=\"widget\" data-widget_type=\"text-editor.default\">\n\t\t\t\t<div class=\"elementor-widget-container\">\n\t\t\t\t\t\t\t\t\t<div title=\"Page 3\"><div><div><p>Se podr\u00e1n presentar todos los Proyectos Fin de Grado realizados por los estudiantes, espa\u00f1oles o extranjeros, en las facultades o escuelas de todo el Estado que otorguen un Grado Universitario o titulaci\u00f3n oficialmente equivalente seg\u00fan la legislaci\u00f3n vigente.<\/p><\/div><\/div><\/div><div title=\"Page 3\"><div title=\"Page 3\"><div><div><p>Los proyectos deber\u00e1n haberse presentado y evaluado a lo largo de 2025 y tienen que haber obtenido en su evaluaci\u00f3n una calificaci\u00f3n m\u00ednima de 7 \u2013Notable\u2013.<\/p><p><span style=\"font-size: 16px;\">Los proyectos tienen que ser originales y no haber sido comercializados en ninguna forma.<\/span><\/p><\/div><\/div><\/div><div title=\"Page 3\"><div class=\"page\" title=\"Page 3\"><div class=\"layoutArea\"><div class=\"column\"><p>Las personas autoras de los proyectos no pueden tener experiencia profesional previa y continuada superior a tres a\u00f1os en el sector del dise\u00f1o gr\u00e1fico, en el momento en que presentaron el TFG en su facultad o escuela.<\/p><p>Tienen que estar desarrollados y enfocados al <strong>dise\u00f1o gr\u00e1fico<\/strong>, \u201cdenominaci\u00f3n tradicional\u201d de la actual disciplina de la comunicaci\u00f3n visual desarrollada en todas sus manifestaciones y especializaciones sin exclusi\u00f3n de cualquiera de sus procedimientos tecnol\u00f3gicos o de producci\u00f3n.<\/p><p>Son \u201cdise\u00f1o gr\u00e1fico\u201d los proyectos de identidad visual (corporativa, global, empresarial, institucional, conceptual, de campa\u00f1a&#8230;), los productos editoriales (todo tipo de publicaciones sobre cualquier soporte que los recoja&#8230;), los espacios web (sea cual sea su orientaci\u00f3n, amplitud y desarrollo&#8230;), los proyectos multimedia (todo tipo de planteamientos sobre cualquier soporte, incluyendo animaci\u00f3n, juegos, mapping&#8230;), el dise\u00f1o de la informaci\u00f3n (desde sistemas se\u00f1al\u00e9ticos pasando por propuestas infogr\u00e1ficas, esquem\u00e1ticas instruccionales&#8230;), las aplicaciones digitales (todo tipo de apps y las formas y estructuras visuales que las desarrollan&#8230;), <span style=\"font-size: 17px;\">los sistemas de codificaci\u00f3n visual (sistemas de signos, pictograf\u00eda&#8230;) el dise\u00f1o de productos (orientados a las piezas objeto-visuales&#8230;), las aplicaciones de packaging (envase, embalaje, punto de venta&#8230;), los desarrollos y creaciones tipogr\u00e1ficas y caligr\u00e1ficas (planteados desde cualquier tipo de alfabeto e idioma<\/span><span style=\"font-size: 17px;\"> o sistema&#8230;), los desarrollos y creaciones visuales de comunicaci\u00f3n puntual o coordinada (carteles, anuncios, campa\u00f1as&#8230;), etc.<\/span><\/p><p>En definitiva, cualquier clase de producci\u00f3n gr\u00e1fica impresa o desarrollada en otro apoyo en los cuales el factor de su presencia y comprensi\u00f3n visual \u2013ampliable desde los criterios de inclusi\u00f3n\u2013 sea esencial, es una manifestaci\u00f3n proyectual del dise\u00f1o gr\u00e1fico.<\/p><\/div><\/div><\/div><\/div><\/div>\t\t\t\t\t\t\t\t<\/div>\n\t\t\t\t<\/div>\n\t\t\t\t<div class=\"elementor-element elementor-element-6e543cb elementor-widget-divider--view-line elementor-widget elementor-widget-divider\" data-id=\"6e543cb\" data-element_type=\"widget\" data-e-type=\"widget\" data-widget_type=\"divider.default\">\n\t\t\t\t<div class=\"elementor-widget-container\">\n\t\t\t\t\t\t\t<div class=\"elementor-divider\">\n\t\t\t<span class=\"elementor-divider-separator\">\n\t\t\t\t\t\t<\/span>\n\t\t<\/div>\n\t\t\t\t\t\t<\/div>\n\t\t\t\t<\/div>\n\t\t\t\t\t<\/div>\n\t\t<\/div>\n\t\t\t\t\t<\/div>\n\t\t<\/section>\n\t\t\t\t<section class=\"elementor-section elementor-inner-section elementor-element elementor-element-70150a6 elementor-section-boxed elementor-section-height-default elementor-section-height-default\" data-id=\"70150a6\" data-element_type=\"section\" data-e-type=\"section\">\n\t\t\t\t\t\t<div class=\"elementor-container elementor-column-gap-no\">\n\t\t\t\t\t<div class=\"elementor-column elementor-col-50 elementor-inner-column elementor-element elementor-element-bd10d8b\" data-id=\"bd10d8b\" data-element_type=\"column\" data-e-type=\"column\">\n\t\t\t<div class=\"elementor-widget-wrap elementor-element-populated\">\n\t\t\t\t\t\t<div class=\"elementor-element elementor-element-98fde2b elementor-widget elementor-widget-heading\" data-id=\"98fde2b\" data-element_type=\"widget\" data-e-type=\"widget\" data-widget_type=\"heading.default\">\n\t\t\t\t<div class=\"elementor-widget-container\">\n\t\t\t\t\t<h3 class=\"elementor-heading-title elementor-size-default\">Criterios de Valoraci\u00f3n<\/h3>\t\t\t\t<\/div>\n\t\t\t\t<\/div>\n\t\t\t\t<div class=\"elementor-element elementor-element-8e207df elementor-widget elementor-widget-text-editor\" data-id=\"8e207df\" data-element_type=\"widget\" data-e-type=\"widget\" data-widget_type=\"text-editor.default\">\n\t\t\t\t<div class=\"elementor-widget-container\">\n\t\t\t\t\t\t\t\t\t<div class=\"page\" title=\"Page 4\"><div class=\"layoutArea\"><div class=\"column\"><p>Se valorar\u00e1 tanto la presentaci\u00f3n como el contenido del proyecto.<\/p><\/div><\/div><\/div>\t\t\t\t\t\t\t\t<\/div>\n\t\t\t\t<\/div>\n\t\t\t\t\t<\/div>\n\t\t<\/div>\n\t\t\t\t<div class=\"elementor-column elementor-col-50 elementor-inner-column elementor-element elementor-element-3aaa737\" data-id=\"3aaa737\" data-element_type=\"column\" data-e-type=\"column\">\n\t\t\t<div class=\"elementor-widget-wrap elementor-element-populated\">\n\t\t\t\t\t\t<div class=\"elementor-element elementor-element-253f5bf elementor-widget elementor-widget-heading\" data-id=\"253f5bf\" data-element_type=\"widget\" data-e-type=\"widget\" data-widget_type=\"heading.default\">\n\t\t\t\t<div class=\"elementor-widget-container\">\n\t\t\t\t\t<h4 class=\"elementor-heading-title elementor-size-default\">PRESENTACI\u00d3N (Hasta 30 puntos)<\/h4>\t\t\t\t<\/div>\n\t\t\t\t<\/div>\n\t\t\t\t<div class=\"elementor-element elementor-element-aae01e7 elementor-icon-list--layout-traditional elementor-list-item-link-full_width elementor-widget elementor-widget-icon-list\" data-id=\"aae01e7\" data-element_type=\"widget\" data-e-type=\"widget\" data-widget_type=\"icon-list.default\">\n\t\t\t\t<div class=\"elementor-widget-container\">\n\t\t\t\t\t\t\t<ul class=\"elementor-icon-list-items\">\n\t\t\t\t\t\t\t<li class=\"elementor-icon-list-item\">\n\t\t\t\t\t\t\t\t\t\t\t<span class=\"elementor-icon-list-icon\">\n\t\t\t\t\t\t\t<i aria-hidden=\"true\" class=\"fas fa-caret-right\"><\/i>\t\t\t\t\t\t<\/span>\n\t\t\t\t\t\t\t\t\t\t<span class=\"elementor-icon-list-text\">Calidad y claridad de la argumentaci\u00f3n aportada a trav\u00e9s de documentos y textos para facilitar la comprensi\u00f3n conceptual, tipol\u00f3gica y funcional del proyecto. <b>(Hasta 15 puntos)<\/b>.<\/span>\n\t\t\t\t\t\t\t\t\t<\/li>\n\t\t\t\t\t\t\t\t<li class=\"elementor-icon-list-item\">\n\t\t\t\t\t\t\t\t\t\t\t<span class=\"elementor-icon-list-icon\">\n\t\t\t\t\t\t\t<i aria-hidden=\"true\" class=\"fas fa-caret-right\"><\/i>\t\t\t\t\t\t<\/span>\n\t\t\t\t\t\t\t\t\t\t<span class=\"elementor-icon-list-text\">Imagen del proyecto. El m\u00e9todo y la forma de explicar y comunicar el proyecto. <b>(Hasta 15 puntos)<\/b>. <\/span>\n\t\t\t\t\t\t\t\t\t<\/li>\n\t\t\t\t\t\t<\/ul>\n\t\t\t\t\t\t<\/div>\n\t\t\t\t<\/div>\n\t\t\t\t<div class=\"elementor-element elementor-element-f29f792 elementor-widget elementor-widget-heading\" data-id=\"f29f792\" data-element_type=\"widget\" data-e-type=\"widget\" data-widget_type=\"heading.default\">\n\t\t\t\t<div class=\"elementor-widget-container\">\n\t\t\t\t\t<h4 class=\"elementor-heading-title elementor-size-default\">CONTENIDO (Hasta 70 puntos)<\/h4>\t\t\t\t<\/div>\n\t\t\t\t<\/div>\n\t\t\t\t<div class=\"elementor-element elementor-element-44d8790 elementor-icon-list--layout-traditional elementor-list-item-link-full_width elementor-widget elementor-widget-icon-list\" data-id=\"44d8790\" data-element_type=\"widget\" data-e-type=\"widget\" data-widget_type=\"icon-list.default\">\n\t\t\t\t<div class=\"elementor-widget-container\">\n\t\t\t\t\t\t\t<ul class=\"elementor-icon-list-items\">\n\t\t\t\t\t\t\t<li class=\"elementor-icon-list-item\">\n\t\t\t\t\t\t\t\t\t\t\t<span class=\"elementor-icon-list-icon\">\n\t\t\t\t\t\t\t<i aria-hidden=\"true\" class=\"fas fa-caret-right\"><\/i>\t\t\t\t\t\t<\/span>\n\t\t\t\t\t\t\t\t\t\t<span class=\"elementor-icon-list-text\">Innovaci\u00f3n en el campo del dise\u00f1o sea comunicativa, pl\u00e1stica, funcional u operativa. <b>(Hasta 15 puntos)<\/b>.<\/span>\n\t\t\t\t\t\t\t\t\t<\/li>\n\t\t\t\t\t\t\t\t<li class=\"elementor-icon-list-item\">\n\t\t\t\t\t\t\t\t\t\t\t<span class=\"elementor-icon-list-icon\">\n\t\t\t\t\t\t\t<i aria-hidden=\"true\" class=\"fas fa-caret-right\"><\/i>\t\t\t\t\t\t<\/span>\n\t\t\t\t\t\t\t\t\t\t<span class=\"elementor-icon-list-text\">Planteamiento \u00e9tico y responsable del proyecto hacia la sociedad y la naturaleza. La aportaci\u00f3n evidente y concreta de valores para promover una sociedad m\u00e1s justa, integradora, respetuosa con las diferencias, colaborativa, dialogante y abierta que genera valor y beneficio por todos (particularmente relevantes son los criterios de accesibilidad visual, medioambientales, de g\u00e9nero y de integraci\u00f3n social). Entendiendo que el sentido conceptualmente vertebrador del dise\u00f1o gr\u00e1fico, de la comunicaci\u00f3n visual, surge del compromiso personal y es aclarar y ayudar. <b>(Hasta 20 puntos)<\/b>.  <\/span>\n\t\t\t\t\t\t\t\t\t<\/li>\n\t\t\t\t\t\t\t\t<li class=\"elementor-icon-list-item\">\n\t\t\t\t\t\t\t\t\t\t\t<span class=\"elementor-icon-list-icon\">\n\t\t\t\t\t\t\t<i aria-hidden=\"true\" class=\"fas fa-caret-right\"><\/i>\t\t\t\t\t\t<\/span>\n\t\t\t\t\t\t\t\t\t\t<span class=\"elementor-icon-list-text\">Capacidad de conjugar finalidad, creatividad, hip\u00f3tesis de producci\u00f3n, resultado y adecuaci\u00f3n al usuario final. <b>(Hasta 15 puntos)<\/b>.<\/span>\n\t\t\t\t\t\t\t\t\t<\/li>\n\t\t\t\t\t\t\t\t<li class=\"elementor-icon-list-item\">\n\t\t\t\t\t\t\t\t\t\t\t<span class=\"elementor-icon-list-icon\">\n\t\t\t\t\t\t\t<i aria-hidden=\"true\" class=\"fas fa-caret-right\"><\/i>\t\t\t\t\t\t<\/span>\n\t\t\t\t\t\t\t\t\t\t<span class=\"elementor-icon-list-text\">Proceso de documentaci\u00f3n, investigaci\u00f3n y aportaci\u00f3n conceptual.<b>(Hasta 20 puntos)<\/b>.<\/span>\n\t\t\t\t\t\t\t\t\t<\/li>\n\t\t\t\t\t\t<\/ul>\n\t\t\t\t\t\t<\/div>\n\t\t\t\t<\/div>\n\t\t\t\t<div class=\"elementor-element elementor-element-a770d50 elementor-widget-divider--view-line elementor-widget elementor-widget-divider\" data-id=\"a770d50\" data-element_type=\"widget\" data-e-type=\"widget\" data-widget_type=\"divider.default\">\n\t\t\t\t<div class=\"elementor-widget-container\">\n\t\t\t\t\t\t\t<div class=\"elementor-divider\">\n\t\t\t<span class=\"elementor-divider-separator\">\n\t\t\t\t\t\t<\/span>\n\t\t<\/div>\n\t\t\t\t\t\t<\/div>\n\t\t\t\t<\/div>\n\t\t\t\t\t<\/div>\n\t\t<\/div>\n\t\t\t\t\t<\/div>\n\t\t<\/section>\n\t\t\t\t<section class=\"elementor-section elementor-inner-section elementor-element elementor-element-41d6994 elementor-section-boxed elementor-section-height-default elementor-section-height-default\" data-id=\"41d6994\" data-element_type=\"section\" data-e-type=\"section\">\n\t\t\t\t\t\t<div class=\"elementor-container elementor-column-gap-no\">\n\t\t\t\t\t<div class=\"elementor-column elementor-col-50 elementor-inner-column elementor-element elementor-element-d9542af\" data-id=\"d9542af\" data-element_type=\"column\" data-e-type=\"column\">\n\t\t\t<div class=\"elementor-widget-wrap elementor-element-populated\">\n\t\t\t\t\t\t<div class=\"elementor-element elementor-element-3794eba elementor-widget elementor-widget-heading\" data-id=\"3794eba\" data-element_type=\"widget\" data-e-type=\"widget\" data-widget_type=\"heading.default\">\n\t\t\t\t<div class=\"elementor-widget-container\">\n\t\t\t\t\t<h3 class=\"elementor-heading-title elementor-size-default\">Calendario<\/h3>\t\t\t\t<\/div>\n\t\t\t\t<\/div>\n\t\t\t\t\t<\/div>\n\t\t<\/div>\n\t\t\t\t<div class=\"elementor-column elementor-col-50 elementor-inner-column elementor-element elementor-element-d302183\" data-id=\"d302183\" data-element_type=\"column\" data-e-type=\"column\">\n\t\t\t<div class=\"elementor-widget-wrap elementor-element-populated\">\n\t\t\t\t\t\t<div class=\"elementor-element elementor-element-f346f80 elementor-widget elementor-widget-text-editor\" data-id=\"f346f80\" data-element_type=\"widget\" data-e-type=\"widget\" data-widget_type=\"text-editor.default\">\n\t\t\t\t<div class=\"elementor-widget-container\">\n\t\t\t\t\t\t\t\t\t<p><strong>Inscripci\u00f3n<\/strong><b> y recepci\u00f3n de trabajos:<br><\/b><span style=\"font-size: 16px;\"><span style=\"font-weight: 400;\">Del 15 de septiembre al 15 de noviembre de 2025 a las 23.59 h<\/span>.<\/span><\/p><p><b>Deliberaci\u00f3n del jurado: <\/b><br><span style=\"font-weight: 400;\">Entre noviembre de 2025 i febrero de 2026<\/span><\/p><p><b>Publicaci\u00f3n de los proyectos seleccionados:<\/b><br><span style=\"font-weight: 400;\">Marzo de 2026<\/span><\/p><div title=\"Page 17\"><div><div><div title=\"Page 16\"><div><div><p><span style=\"font-weight: 400;\">Las 24 personas seleccionadas, previamente a la notificaci\u00f3n p\u00fablica de la selecci\u00f3n, deber\u00e1n formalizar<\/span>:<\/p><\/div><\/div><\/div><\/div><\/div><\/div>\t\t\t\t\t\t\t\t<\/div>\n\t\t\t\t<\/div>\n\t\t\t\t<div class=\"elementor-element elementor-element-e699ee2 elementor-icon-list--layout-traditional elementor-list-item-link-full_width elementor-widget elementor-widget-icon-list\" data-id=\"e699ee2\" data-element_type=\"widget\" data-e-type=\"widget\" data-widget_type=\"icon-list.default\">\n\t\t\t\t<div class=\"elementor-widget-container\">\n\t\t\t\t\t\t\t<ul class=\"elementor-icon-list-items\">\n\t\t\t\t\t\t\t<li class=\"elementor-icon-list-item\">\n\t\t\t\t\t\t\t\t\t\t\t<span class=\"elementor-icon-list-icon\">\n\t\t\t\t\t\t\t<i aria-hidden=\"true\" class=\"fas fa-caret-right\"><\/i>\t\t\t\t\t\t<\/span>\n\t\t\t\t\t\t\t\t\t\t<span class=\"elementor-icon-list-text\">La colegiaci\u00f3n gratuita por tres a\u00f1os.<\/span>\n\t\t\t\t\t\t\t\t\t<\/li>\n\t\t\t\t\t\t\t\t<li class=\"elementor-icon-list-item\">\n\t\t\t\t\t\t\t\t\t\t\t<span class=\"elementor-icon-list-icon\">\n\t\t\t\t\t\t\t<i aria-hidden=\"true\" class=\"fas fa-caret-right\"><\/i>\t\t\t\t\t\t<\/span>\n\t\t\t\t\t\t\t\t\t\t<span class=\"elementor-icon-list-text\">El registro del proyecto al Registro Especial de Creaciones del Colegio.<\/span>\n\t\t\t\t\t\t\t\t\t<\/li>\n\t\t\t\t\t\t<\/ul>\n\t\t\t\t\t\t<\/div>\n\t\t\t\t<\/div>\n\t\t\t\t<div class=\"elementor-element elementor-element-18fdcb9 elementor-widget elementor-widget-text-editor\" data-id=\"18fdcb9\" data-element_type=\"widget\" data-e-type=\"widget\" data-widget_type=\"text-editor.default\">\n\t\t\t\t<div class=\"elementor-widget-container\">\n\t\t\t\t\t\t\t\t\t<p><b>Exposicio\u0301n pu\u0301blica de los proyectos seleccionados y emisi\u00f3n del veredicto:<br><\/b>Mayo de 2026<\/p>\t\t\t\t\t\t\t\t<\/div>\n\t\t\t\t<\/div>\n\t\t\t\t\t<\/div>\n\t\t<\/div>\n\t\t\t\t\t<\/div>\n\t\t<\/section>\n\t\t\t\t<div class=\"elementor-element elementor-element-7176019 elementor-widget elementor-widget-image\" data-id=\"7176019\" data-element_type=\"widget\" data-e-type=\"widget\" data-widget_type=\"image.default\">\n\t\t\t\t<div class=\"elementor-widget-container\">\n\t\t\t\t\t\t\t\t\t\t\t\t\t\t\t<img fetchpriority=\"high\" decoding=\"async\" width=\"1000\" height=\"515\" src=\"https:\/\/gaudeamusprojecta.dissenygrafic.org\/wp-content\/uploads\/2025\/09\/premis_9ed_ESP.png\" class=\"attachment-full size-full wp-image-17606\" alt=\"\" srcset=\"https:\/\/gaudeamusprojecta.dissenygrafic.org\/wp-content\/uploads\/2025\/09\/premis_9ed_ESP.png 1000w, https:\/\/gaudeamusprojecta.dissenygrafic.org\/wp-content\/uploads\/2025\/09\/premis_9ed_ESP-300x155.png 300w, https:\/\/gaudeamusprojecta.dissenygrafic.org\/wp-content\/uploads\/2025\/09\/premis_9ed_ESP-768x396.png 768w\" sizes=\"(max-width: 1000px) 100vw, 1000px\" \/>\t\t\t\t\t\t\t\t\t\t\t\t\t\t\t<\/div>\n\t\t\t\t<\/div>\n\t\t\t\t<section class=\"elementor-section elementor-inner-section elementor-element elementor-element-6ca907b elementor-section-boxed elementor-section-height-default elementor-section-height-default\" data-id=\"6ca907b\" data-element_type=\"section\" data-e-type=\"section\" data-settings=\"{&quot;background_background&quot;:&quot;classic&quot;}\">\n\t\t\t\t\t\t<div class=\"elementor-container elementor-column-gap-no\">\n\t\t\t\t\t<div class=\"elementor-column elementor-col-100 elementor-inner-column elementor-element elementor-element-26cf2fb\" data-id=\"26cf2fb\" data-element_type=\"column\" data-e-type=\"column\">\n\t\t\t<div class=\"elementor-widget-wrap elementor-element-populated\">\n\t\t\t\t\t\t<div class=\"elementor-element elementor-element-bd3c029 elementor-align-center elementor-widget elementor-widget-button\" data-id=\"bd3c029\" data-element_type=\"widget\" data-e-type=\"widget\" data-widget_type=\"button.default\">\n\t\t\t\t<div class=\"elementor-widget-container\">\n\t\t\t\t\t\t\t\t\t<div class=\"elementor-button-wrapper\">\n\t\t\t\t\t<a class=\"elementor-button elementor-button-link elementor-size-xl\" href=\"https:\/\/drive.google.com\/file\/d\/11SIBeo8Fm7GVXAnN6jIAoiDaWCoL3zld\/view?usp=sharing\" target=\"_blank\">\n\t\t\t\t\t\t<span class=\"elementor-button-content-wrapper\">\n\t\t\t\t\t\t<span class=\"elementor-button-icon\">\n\t\t\t\t<i aria-hidden=\"true\" class=\"fas fa-chevron-down\"><\/i>\t\t\t<\/span>\n\t\t\t\t\t\t\t\t\t<span class=\"elementor-button-text\">DESC\u00c1RGATE LAS BASES (ESP)<\/span>\n\t\t\t\t\t<\/span>\n\t\t\t\t\t<\/a>\n\t\t\t\t<\/div>\n\t\t\t\t\t\t\t\t<\/div>\n\t\t\t\t<\/div>\n\t\t\t\t\t<\/div>\n\t\t<\/div>\n\t\t\t\t\t<\/div>\n\t\t<\/section>\n\t\t\t\t\t<\/div>\n\t\t<\/div>\n\t\t\t\t\t<\/div>\n\t\t<\/section>\n\t\t\t\t<\/div>\n\t\t","protected":false},"excerpt":{"rendered":"<p>BASES La finalidad de este premio es reconocer y premiar el talento joven y la excelencia de los Proyectos Fin de Grado, realizados para finalizar el periodo de formaci\u00f3n en las facultades que imparten Grado Universitario y en los centros que imparten Ense\u00f1anzas Art\u00edsticas Superiores con t\u00edtulo superior de dise\u00f1o oficialmente equivalente a Grado Universitario [&hellip;]<\/p>\n","protected":false},"author":3,"featured_media":0,"parent":0,"menu_order":0,"comment_status":"closed","ping_status":"closed","template":"","meta":{"site-sidebar-layout":"no-sidebar","site-content-layout":"page-builder","ast-site-content-layout":"default","site-content-style":"default","site-sidebar-style":"default","ast-global-header-display":"","ast-banner-title-visibility":"","ast-main-header-display":"","ast-hfb-above-header-display":"","ast-hfb-below-header-display":"","ast-hfb-mobile-header-display":"","site-post-title":"disabled","ast-breadcrumbs-content":"","ast-featured-img":"disabled","footer-sml-layout":"","ast-disable-related-posts":"","theme-transparent-header-meta":"enabled","adv-header-id-meta":"","stick-header-meta":"","header-above-stick-meta":"","header-main-stick-meta":"","header-below-stick-meta":"","astra-migrate-meta-layouts":"default","ast-page-background-enabled":"default","ast-page-background-meta":{"desktop":{"background-color":"","background-image":"","background-repeat":"repeat","background-position":"center center","background-size":"auto","background-attachment":"scroll","background-type":"","background-media":"","overlay-type":"","overlay-color":"","overlay-opacity":"","overlay-gradient":""},"tablet":{"background-color":"","background-image":"","background-repeat":"repeat","background-position":"center center","background-size":"auto","background-attachment":"scroll","background-type":"","background-media":"","overlay-type":"","overlay-color":"","overlay-opacity":"","overlay-gradient":""},"mobile":{"background-color":"","background-image":"","background-repeat":"repeat","background-position":"center center","background-size":"auto","background-attachment":"scroll","background-type":"","background-media":"","overlay-type":"","overlay-color":"","overlay-opacity":"","overlay-gradient":""}},"ast-content-background-meta":{"desktop":{"background-color":"var(--ast-global-color-5)","background-image":"","background-repeat":"repeat","background-position":"center center","background-size":"auto","background-attachment":"scroll","background-type":"","background-media":"","overlay-type":"","overlay-color":"","overlay-opacity":"","overlay-gradient":""},"tablet":{"background-color":"var(--ast-global-color-5)","background-image":"","background-repeat":"repeat","background-position":"center center","background-size":"auto","background-attachment":"scroll","background-type":"","background-media":"","overlay-type":"","overlay-color":"","overlay-opacity":"","overlay-gradient":""},"mobile":{"background-color":"var(--ast-global-color-5)","background-image":"","background-repeat":"repeat","background-position":"center center","background-size":"auto","background-attachment":"scroll","background-type":"","background-media":"","overlay-type":"","overlay-color":"","overlay-opacity":"","overlay-gradient":""}},"footnotes":""},"wf_page_folders":[],"class_list":["post-8530","page","type-page","status-publish","hentry"],"yoast_head":"<!-- This site is optimized with the Yoast SEO plugin v27.1.1 - https:\/\/yoast.com\/product\/yoast-seo-wordpress\/ -->\n<title>Bases - gaudeamusProjecta<\/title>\n<meta name=\"robots\" content=\"index, follow, max-snippet:-1, max-image-preview:large, max-video-preview:-1\" \/>\n<link rel=\"canonical\" href=\"https:\/\/gaudeamusprojecta.dissenygrafic.org\/es\/bases\/\" \/>\n<meta property=\"og:locale\" content=\"es_ES\" \/>\n<meta property=\"og:type\" content=\"article\" \/>\n<meta property=\"og:title\" content=\"Bases - gaudeamusProjecta\" \/>\n<meta property=\"og:description\" content=\"BASES La finalidad de este premio es reconocer y premiar el talento joven y la excelencia de los Proyectos Fin de Grado, realizados para finalizar el periodo de formaci\u00f3n en las facultades que imparten Grado Universitario y en los centros que imparten Ense\u00f1anzas Art\u00edsticas Superiores con t\u00edtulo superior de dise\u00f1o oficialmente equivalente a Grado Universitario [&hellip;]\" \/>\n<meta property=\"og:url\" content=\"https:\/\/gaudeamusprojecta.dissenygrafic.org\/es\/bases\/\" \/>\n<meta property=\"og:site_name\" content=\"gaudeamusProjecta\" \/>\n<meta property=\"article:modified_time\" content=\"2025-09-19T18:15:31+00:00\" \/>\n<meta property=\"og:image\" content=\"https:\/\/gaudeamusprojecta.dissenygrafic.org\/wp-content\/uploads\/2025\/09\/premis_9ed_ESP.png\" \/>\n<meta name=\"twitter:card\" content=\"summary_large_image\" \/>\n<meta name=\"twitter:label1\" content=\"Tiempo de lectura\" \/>\n\t<meta name=\"twitter:data1\" content=\"4 minutos\" \/>\n<script type=\"application\/ld+json\" class=\"yoast-schema-graph\">{\"@context\":\"https:\/\/schema.org\",\"@graph\":[{\"@type\":\"WebPage\",\"@id\":\"https:\/\/gaudeamusprojecta.dissenygrafic.org\/es\/bases\/\",\"url\":\"https:\/\/gaudeamusprojecta.dissenygrafic.org\/es\/bases\/\",\"name\":\"Bases - gaudeamusProjecta\",\"isPartOf\":{\"@id\":\"https:\/\/gaudeamusprojecta.dissenygrafic.org\/es\/#website\"},\"primaryImageOfPage\":{\"@id\":\"https:\/\/gaudeamusprojecta.dissenygrafic.org\/es\/bases\/#primaryimage\"},\"image\":{\"@id\":\"https:\/\/gaudeamusprojecta.dissenygrafic.org\/es\/bases\/#primaryimage\"},\"thumbnailUrl\":\"https:\/\/gaudeamusprojecta.dissenygrafic.org\/wp-content\/uploads\/2025\/09\/premis_9ed_ESP.png\",\"datePublished\":\"2021-02-10T10:16:53+00:00\",\"dateModified\":\"2025-09-19T18:15:31+00:00\",\"breadcrumb\":{\"@id\":\"https:\/\/gaudeamusprojecta.dissenygrafic.org\/es\/bases\/#breadcrumb\"},\"inLanguage\":\"es\",\"potentialAction\":[{\"@type\":\"ReadAction\",\"target\":[\"https:\/\/gaudeamusprojecta.dissenygrafic.org\/es\/bases\/\"]}]},{\"@type\":\"ImageObject\",\"inLanguage\":\"es\",\"@id\":\"https:\/\/gaudeamusprojecta.dissenygrafic.org\/es\/bases\/#primaryimage\",\"url\":\"https:\/\/gaudeamusprojecta.dissenygrafic.org\/wp-content\/uploads\/2025\/09\/premis_9ed_ESP.png\",\"contentUrl\":\"https:\/\/gaudeamusprojecta.dissenygrafic.org\/wp-content\/uploads\/2025\/09\/premis_9ed_ESP.png\"},{\"@type\":\"BreadcrumbList\",\"@id\":\"https:\/\/gaudeamusprojecta.dissenygrafic.org\/es\/bases\/#breadcrumb\",\"itemListElement\":[{\"@type\":\"ListItem\",\"position\":1,\"name\":\"Portada\",\"item\":\"https:\/\/gaudeamusprojecta.dissenygrafic.org\/es\/\"},{\"@type\":\"ListItem\",\"position\":2,\"name\":\"Bases\"}]},{\"@type\":\"WebSite\",\"@id\":\"https:\/\/gaudeamusprojecta.dissenygrafic.org\/es\/#website\",\"url\":\"https:\/\/gaudeamusprojecta.dissenygrafic.org\/es\/\",\"name\":\"gaudeamusProjecta\",\"description\":\"Premi Projecte Fi de Grau de Disseny Gr\u00e0fic\",\"publisher\":{\"@id\":\"https:\/\/gaudeamusprojecta.dissenygrafic.org\/es\/#organization\"},\"potentialAction\":[{\"@type\":\"SearchAction\",\"target\":{\"@type\":\"EntryPoint\",\"urlTemplate\":\"https:\/\/gaudeamusprojecta.dissenygrafic.org\/es\/?s={search_term_string}\"},\"query-input\":{\"@type\":\"PropertyValueSpecification\",\"valueRequired\":true,\"valueName\":\"search_term_string\"}}],\"inLanguage\":\"es\"},{\"@type\":\"Organization\",\"@id\":\"https:\/\/gaudeamusprojecta.dissenygrafic.org\/es\/#organization\",\"name\":\"gaudeamusProjecta\",\"url\":\"https:\/\/gaudeamusprojecta.dissenygrafic.org\/es\/\",\"logo\":{\"@type\":\"ImageObject\",\"inLanguage\":\"es\",\"@id\":\"https:\/\/gaudeamusprojecta.dissenygrafic.org\/es\/#\/schema\/logo\/image\/\",\"url\":\"https:\/\/gaudeamusprojecta.dissenygrafic.org\/wp-content\/uploads\/2020\/09\/cropped-gaudeamusprojecta_logo-1.png\",\"contentUrl\":\"https:\/\/gaudeamusprojecta.dissenygrafic.org\/wp-content\/uploads\/2020\/09\/cropped-gaudeamusprojecta_logo-1.png\",\"width\":220,\"height\":64,\"caption\":\"gaudeamusProjecta\"},\"image\":{\"@id\":\"https:\/\/gaudeamusprojecta.dissenygrafic.org\/es\/#\/schema\/logo\/image\/\"}}]}<\/script>\n<!-- \/ Yoast SEO plugin. -->","yoast_head_json":{"title":"Bases - gaudeamusProjecta","robots":{"index":"index","follow":"follow","max-snippet":"max-snippet:-1","max-image-preview":"max-image-preview:large","max-video-preview":"max-video-preview:-1"},"canonical":"https:\/\/gaudeamusprojecta.dissenygrafic.org\/es\/bases\/","og_locale":"es_ES","og_type":"article","og_title":"Bases - gaudeamusProjecta","og_description":"BASES La finalidad de este premio es reconocer y premiar el talento joven y la excelencia de los Proyectos Fin de Grado, realizados para finalizar el periodo de formaci\u00f3n en las facultades que imparten Grado Universitario y en los centros que imparten Ense\u00f1anzas Art\u00edsticas Superiores con t\u00edtulo superior de dise\u00f1o oficialmente equivalente a Grado Universitario [&hellip;]","og_url":"https:\/\/gaudeamusprojecta.dissenygrafic.org\/es\/bases\/","og_site_name":"gaudeamusProjecta","article_modified_time":"2025-09-19T18:15:31+00:00","og_image":[{"url":"https:\/\/gaudeamusprojecta.dissenygrafic.org\/wp-content\/uploads\/2025\/09\/premis_9ed_ESP.png","type":"","width":"","height":""}],"twitter_card":"summary_large_image","twitter_misc":{"Tiempo de lectura":"4 minutos"},"schema":{"@context":"https:\/\/schema.org","@graph":[{"@type":"WebPage","@id":"https:\/\/gaudeamusprojecta.dissenygrafic.org\/es\/bases\/","url":"https:\/\/gaudeamusprojecta.dissenygrafic.org\/es\/bases\/","name":"Bases - gaudeamusProjecta","isPartOf":{"@id":"https:\/\/gaudeamusprojecta.dissenygrafic.org\/es\/#website"},"primaryImageOfPage":{"@id":"https:\/\/gaudeamusprojecta.dissenygrafic.org\/es\/bases\/#primaryimage"},"image":{"@id":"https:\/\/gaudeamusprojecta.dissenygrafic.org\/es\/bases\/#primaryimage"},"thumbnailUrl":"https:\/\/gaudeamusprojecta.dissenygrafic.org\/wp-content\/uploads\/2025\/09\/premis_9ed_ESP.png","datePublished":"2021-02-10T10:16:53+00:00","dateModified":"2025-09-19T18:15:31+00:00","breadcrumb":{"@id":"https:\/\/gaudeamusprojecta.dissenygrafic.org\/es\/bases\/#breadcrumb"},"inLanguage":"es","potentialAction":[{"@type":"ReadAction","target":["https:\/\/gaudeamusprojecta.dissenygrafic.org\/es\/bases\/"]}]},{"@type":"ImageObject","inLanguage":"es","@id":"https:\/\/gaudeamusprojecta.dissenygrafic.org\/es\/bases\/#primaryimage","url":"https:\/\/gaudeamusprojecta.dissenygrafic.org\/wp-content\/uploads\/2025\/09\/premis_9ed_ESP.png","contentUrl":"https:\/\/gaudeamusprojecta.dissenygrafic.org\/wp-content\/uploads\/2025\/09\/premis_9ed_ESP.png"},{"@type":"BreadcrumbList","@id":"https:\/\/gaudeamusprojecta.dissenygrafic.org\/es\/bases\/#breadcrumb","itemListElement":[{"@type":"ListItem","position":1,"name":"Portada","item":"https:\/\/gaudeamusprojecta.dissenygrafic.org\/es\/"},{"@type":"ListItem","position":2,"name":"Bases"}]},{"@type":"WebSite","@id":"https:\/\/gaudeamusprojecta.dissenygrafic.org\/es\/#website","url":"https:\/\/gaudeamusprojecta.dissenygrafic.org\/es\/","name":"gaudeamusProjecta","description":"Premi Projecte Fi de Grau de Disseny Gr\u00e0fic","publisher":{"@id":"https:\/\/gaudeamusprojecta.dissenygrafic.org\/es\/#organization"},"potentialAction":[{"@type":"SearchAction","target":{"@type":"EntryPoint","urlTemplate":"https:\/\/gaudeamusprojecta.dissenygrafic.org\/es\/?s={search_term_string}"},"query-input":{"@type":"PropertyValueSpecification","valueRequired":true,"valueName":"search_term_string"}}],"inLanguage":"es"},{"@type":"Organization","@id":"https:\/\/gaudeamusprojecta.dissenygrafic.org\/es\/#organization","name":"gaudeamusProjecta","url":"https:\/\/gaudeamusprojecta.dissenygrafic.org\/es\/","logo":{"@type":"ImageObject","inLanguage":"es","@id":"https:\/\/gaudeamusprojecta.dissenygrafic.org\/es\/#\/schema\/logo\/image\/","url":"https:\/\/gaudeamusprojecta.dissenygrafic.org\/wp-content\/uploads\/2020\/09\/cropped-gaudeamusprojecta_logo-1.png","contentUrl":"https:\/\/gaudeamusprojecta.dissenygrafic.org\/wp-content\/uploads\/2020\/09\/cropped-gaudeamusprojecta_logo-1.png","width":220,"height":64,"caption":"gaudeamusProjecta"},"image":{"@id":"https:\/\/gaudeamusprojecta.dissenygrafic.org\/es\/#\/schema\/logo\/image\/"}}]}},"_links":{"self":[{"href":"https:\/\/gaudeamusprojecta.dissenygrafic.org\/es\/wp-json\/wp\/v2\/pages\/8530","targetHints":{"allow":["GET"]}}],"collection":[{"href":"https:\/\/gaudeamusprojecta.dissenygrafic.org\/es\/wp-json\/wp\/v2\/pages"}],"about":[{"href":"https:\/\/gaudeamusprojecta.dissenygrafic.org\/es\/wp-json\/wp\/v2\/types\/page"}],"author":[{"embeddable":true,"href":"https:\/\/gaudeamusprojecta.dissenygrafic.org\/es\/wp-json\/wp\/v2\/users\/3"}],"replies":[{"embeddable":true,"href":"https:\/\/gaudeamusprojecta.dissenygrafic.org\/es\/wp-json\/wp\/v2\/comments?post=8530"}],"version-history":[{"count":81,"href":"https:\/\/gaudeamusprojecta.dissenygrafic.org\/es\/wp-json\/wp\/v2\/pages\/8530\/revisions"}],"predecessor-version":[{"id":17620,"href":"https:\/\/gaudeamusprojecta.dissenygrafic.org\/es\/wp-json\/wp\/v2\/pages\/8530\/revisions\/17620"}],"wp:attachment":[{"href":"https:\/\/gaudeamusprojecta.dissenygrafic.org\/es\/wp-json\/wp\/v2\/media?parent=8530"}],"wp:term":[{"taxonomy":"wf_page_folders","embeddable":true,"href":"https:\/\/gaudeamusprojecta.dissenygrafic.org\/es\/wp-json\/wp\/v2\/wf_page_folders?post=8530"}],"curies":[{"name":"wp","href":"https:\/\/api.w.org\/{rel}","templated":true}]}}