{"id":8686,"date":"2021-05-25T18:41:43","date_gmt":"2021-05-25T16:41:43","guid":{"rendered":"https:\/\/gaudeamusprojecta.dissenygrafic.org\/festa-major-caldes-de-malavella-2021\/"},"modified":"2025-03-17T19:28:03","modified_gmt":"2025-03-17T17:28:03","slug":"festa-major-caldes-de-malavella-2021","status":"publish","type":"page","link":"https:\/\/gaudeamusprojecta.dissenygrafic.org\/es\/festa-major-caldes-de-malavella-2021\/","title":{"rendered":"Festa Major Caldes de Malavella 2021"},"content":{"rendered":"\t\t<div data-elementor-type=\"wp-post\" data-elementor-id=\"8686\" class=\"elementor elementor-8686 elementor-3933\">\n\t\t\t\t\t\t<section class=\"elementor-section elementor-top-section elementor-element elementor-element-6cee9f0e elementor-section-boxed elementor-section-height-default elementor-section-height-default\" data-id=\"6cee9f0e\" data-element_type=\"section\" data-e-type=\"section\" data-settings=\"{&quot;background_background&quot;:&quot;classic&quot;}\">\n\t\t\t\t\t\t<div class=\"elementor-container elementor-column-gap-no\">\n\t\t\t\t\t\t<\/div>\n\t\t<\/section>\n\t\t\t\t<section class=\"elementor-section elementor-top-section elementor-element elementor-element-2bcf865 elementor-section-boxed elementor-section-height-default elementor-section-height-default\" data-id=\"2bcf865\" data-element_type=\"section\" data-e-type=\"section\" data-settings=\"{&quot;background_background&quot;:&quot;classic&quot;}\">\n\t\t\t\t\t\t<div class=\"elementor-container elementor-column-gap-no\">\n\t\t\t\t\t<div class=\"elementor-column elementor-col-100 elementor-top-column elementor-element elementor-element-a8e3260\" data-id=\"a8e3260\" data-element_type=\"column\" data-e-type=\"column\">\n\t\t\t<div class=\"elementor-widget-wrap elementor-element-populated\">\n\t\t\t\t\t\t<div class=\"elementor-element elementor-element-772e18f7 elementor-widget elementor-widget-heading\" data-id=\"772e18f7\" data-element_type=\"widget\" data-e-type=\"widget\" data-widget_type=\"heading.default\">\n\t\t\t\t<div class=\"elementor-widget-container\">\n\t\t\t\t\t<h6 class=\"elementor-heading-title elementor-size-default\">premios gaudeamus projecta 4\u00aa edici\u00f3n<\/h6>\t\t\t\t<\/div>\n\t\t\t\t<\/div>\n\t\t\t\t<div class=\"elementor-element elementor-element-cd55e31 elementor-widget elementor-widget-heading\" data-id=\"cd55e31\" data-element_type=\"widget\" data-e-type=\"widget\" data-widget_type=\"heading.default\">\n\t\t\t\t<div class=\"elementor-widget-container\">\n\t\t\t\t\t<h1 class=\"elementor-heading-title elementor-size-default\">\nFesta Major Caldes de Malavella 2021<\/h1>\t\t\t\t<\/div>\n\t\t\t\t<\/div>\n\t\t\t\t<div class=\"elementor-element elementor-element-5a6648d elementor-widget elementor-widget-heading\" data-id=\"5a6648d\" data-element_type=\"widget\" data-e-type=\"widget\" data-widget_type=\"heading.default\">\n\t\t\t\t<div class=\"elementor-widget-container\">\n\t\t\t\t\t<h6 class=\"elementor-heading-title elementor-size-default\">Sistemas y estructuras<\/h6>\t\t\t\t<\/div>\n\t\t\t\t<\/div>\n\t\t\t\t\t<\/div>\n\t\t<\/div>\n\t\t\t\t\t<\/div>\n\t\t<\/section>\n\t\t\t\t<section class=\"elementor-section elementor-top-section elementor-element elementor-element-53569744 elementor-section-boxed elementor-section-height-default elementor-section-height-default\" data-id=\"53569744\" data-element_type=\"section\" data-e-type=\"section\" data-settings=\"{&quot;background_background&quot;:&quot;classic&quot;}\">\n\t\t\t\t\t\t<div class=\"elementor-container elementor-column-gap-no\">\n\t\t\t\t\t<div class=\"elementor-column elementor-col-100 elementor-top-column elementor-element elementor-element-5f3a88d3\" data-id=\"5f3a88d3\" data-element_type=\"column\" data-e-type=\"column\">\n\t\t\t<div class=\"elementor-widget-wrap elementor-element-populated\">\n\t\t\t\t\t\t<section class=\"elementor-section elementor-inner-section elementor-element elementor-element-546e11c1 elementor-section-boxed elementor-section-height-default elementor-section-height-default\" data-id=\"546e11c1\" data-element_type=\"section\" data-e-type=\"section\">\n\t\t\t\t\t\t<div class=\"elementor-container elementor-column-gap-no\">\n\t\t\t\t\t<div class=\"elementor-column elementor-col-50 elementor-inner-column elementor-element elementor-element-182144ae\" data-id=\"182144ae\" data-element_type=\"column\" data-e-type=\"column\">\n\t\t\t<div class=\"elementor-widget-wrap elementor-element-populated\">\n\t\t\t\t\t\t<div class=\"elementor-element elementor-element-8cd589c elementor-widget elementor-widget-image\" data-id=\"8cd589c\" data-element_type=\"widget\" data-e-type=\"widget\" data-widget_type=\"image.default\">\n\t\t\t\t<div class=\"elementor-widget-container\">\n\t\t\t\t\t\t\t\t\t\t\t\t\t\t\t<img fetchpriority=\"high\" decoding=\"async\" width=\"1000\" height=\"1000\" src=\"https:\/\/gaudeamusprojecta.dissenygrafic.org\/wp-content\/uploads\/2021\/05\/col-896_Ju\u0301lia-Riera_foto.jpg\" class=\"attachment-large size-large wp-image-7742\" alt=\"\" srcset=\"https:\/\/gaudeamusprojecta.dissenygrafic.org\/wp-content\/uploads\/2021\/05\/col-896_Ju\u0301lia-Riera_foto.jpg 1000w, https:\/\/gaudeamusprojecta.dissenygrafic.org\/wp-content\/uploads\/2021\/05\/col-896_Ju\u0301lia-Riera_foto-300x300.jpg 300w, https:\/\/gaudeamusprojecta.dissenygrafic.org\/wp-content\/uploads\/2021\/05\/col-896_Ju\u0301lia-Riera_foto-150x150.jpg 150w, https:\/\/gaudeamusprojecta.dissenygrafic.org\/wp-content\/uploads\/2021\/05\/col-896_Ju\u0301lia-Riera_foto-768x768.jpg 768w\" sizes=\"(max-width: 1000px) 100vw, 1000px\" \/>\t\t\t\t\t\t\t\t\t\t\t\t\t\t\t<\/div>\n\t\t\t\t<\/div>\n\t\t\t\t<div class=\"elementor-element elementor-element-44366da8 elementor-widget elementor-widget-heading\" data-id=\"44366da8\" data-element_type=\"widget\" data-e-type=\"widget\" data-widget_type=\"heading.default\">\n\t\t\t\t<div class=\"elementor-widget-container\">\n\t\t\t\t\t<h3 class=\"elementor-heading-title elementor-size-default\">J\u00falia Riera Campeny<\/h3>\t\t\t\t<\/div>\n\t\t\t\t<\/div>\n\t\t\t\t<div class=\"elementor-element elementor-element-7eddb43 elementor-widget elementor-widget-heading\" data-id=\"7eddb43\" data-element_type=\"widget\" data-e-type=\"widget\" data-widget_type=\"heading.default\">\n\t\t\t\t<div class=\"elementor-widget-container\">\n\t\t\t\t\t<h6 class=\"elementor-heading-title elementor-size-default\">centro:\n\n EU ERAM - Escuela Universitaria, GIRONA<\/h6>\t\t\t\t<\/div>\n\t\t\t\t<\/div>\n\t\t\t\t<div class=\"elementor-element elementor-element-89ccc77 elementor-widget elementor-widget-heading\" data-id=\"89ccc77\" data-element_type=\"widget\" data-e-type=\"widget\" data-widget_type=\"heading.default\">\n\t\t\t\t<div class=\"elementor-widget-container\">\n\t\t\t\t\t<h6 class=\"elementor-heading-title elementor-size-default\">tutor\/a: Jos\u00e9 Luis Coraz\u00f3n Ardura\n<\/h6>\t\t\t\t<\/div>\n\t\t\t\t<\/div>\n\t\t\t\t<div class=\"elementor-element elementor-element-280d31a elementor-widget-divider--view-line elementor-widget elementor-widget-divider\" data-id=\"280d31a\" data-element_type=\"widget\" data-e-type=\"widget\" data-widget_type=\"divider.default\">\n\t\t\t\t<div class=\"elementor-widget-container\">\n\t\t\t\t\t\t\t<div class=\"elementor-divider\">\n\t\t\t<span class=\"elementor-divider-separator\">\n\t\t\t\t\t\t<\/span>\n\t\t<\/div>\n\t\t\t\t\t\t<\/div>\n\t\t\t\t<\/div>\n\t\t\t\t<div class=\"elementor-element elementor-element-69bcc625 elementor-widget elementor-widget-text-editor\" data-id=\"69bcc625\" data-element_type=\"widget\" data-e-type=\"widget\" data-widget_type=\"text-editor.default\">\n\t\t\t\t<div class=\"elementor-widget-container\">\n\t\t\t\t\t\t\t\t\t<p>Fiesta Mayor de Caldes de Malavella, La Fiesta Mayor es la referencia l\u00fadica y en la mayor\u00eda de los casos emocional de las generaciones que se van sucediendo en los entornos ciudadanos. Aqu\u00ed se enfoca esta realidad para desarrollar una graf\u00eda que parte de referentes ic\u00f3nicos t\u00f3picos y es capaz de proponer un c\u00f3digo visual original, cambiante y actual.<\/p>\n\t\t\t\t\t\t\t\t<\/div>\n\t\t\t\t<\/div>\n\t\t\t\t<div class=\"elementor-element elementor-element-1c71de8 elementor-list-item-link-inline elementor-icon-list--layout-traditional elementor-widget elementor-widget-icon-list\" data-id=\"1c71de8\" data-element_type=\"widget\" data-e-type=\"widget\" data-widget_type=\"icon-list.default\">\n\t\t\t\t<div class=\"elementor-widget-container\">\n\t\t\t\t\t\t\t<ul class=\"elementor-icon-list-items\">\n\t\t\t\t\t\t\t<li class=\"elementor-icon-list-item\">\n\t\t\t\t\t\t\t\t\t\t\t<a href=\"https:\/\/www.instagram.com\/juliariera10\/\" target=\"_blank\">\n\n\t\t\t\t\t\t\t\t\t\t\t\t<span class=\"elementor-icon-list-icon\">\n\t\t\t\t\t\t\t<i aria-hidden=\"true\" class=\"fab fa-instagram\"><\/i>\t\t\t\t\t\t<\/span>\n\t\t\t\t\t\t\t\t\t\t<span class=\"elementor-icon-list-text\">@juliariera10<\/span>\n\t\t\t\t\t\t\t\t\t\t\t<\/a>\n\t\t\t\t\t\t\t\t\t<\/li>\n\t\t\t\t\t\t<\/ul>\n\t\t\t\t\t\t<\/div>\n\t\t\t\t<\/div>\n\t\t\t\t\t<\/div>\n\t\t<\/div>\n\t\t\t\t<div class=\"elementor-column elementor-col-50 elementor-inner-column elementor-element elementor-element-77281dc6\" data-id=\"77281dc6\" data-element_type=\"column\" data-e-type=\"column\">\n\t\t\t<div class=\"elementor-widget-wrap elementor-element-populated\">\n\t\t\t\t\t\t<div class=\"elementor-element elementor-element-d243e2b elementor-widget elementor-widget-video\" data-id=\"d243e2b\" data-element_type=\"widget\" data-e-type=\"widget\" data-settings=\"{&quot;youtube_url&quot;:&quot;https:\\\/\\\/www.youtube.com\\\/watch?v=68AQSEbHvOk&amp;list=PLv3rE12czzeJU2J-GgJbVrRsOXsGDngVq&amp;index=21&amp;ab_channel=Col%C2%B7legiOficialdeDissenyGr%C3%A0ficdeCatalunya&quot;,&quot;video_type&quot;:&quot;youtube&quot;}\" data-widget_type=\"video.default\">\n\t\t\t\t<div class=\"elementor-widget-container\">\n\t\t\t\t\t\t\t<div class=\"elementor-wrapper elementor-open-inline\">\n\t\t\t<div class=\"elementor-video\"><\/div>\t\t<\/div>\n\t\t\t\t\t\t<\/div>\n\t\t\t\t<\/div>\n\t\t\t\t<div class=\"elementor-element elementor-element-cf89711 gallery-spacing-custom elementor-widget elementor-widget-image-gallery\" data-id=\"cf89711\" data-element_type=\"widget\" data-e-type=\"widget\" data-widget_type=\"image-gallery.default\">\n\t\t\t\t<div class=\"elementor-widget-container\">\n\t\t\t\t\t\t\t<div class=\"elementor-image-gallery\">\n\t\t\t<div id='gallery-1' class='gallery galleryid-8686 gallery-columns-1 gallery-size-full'><figure class='gallery-item'>\n\t\t\t<div class='gallery-icon landscape'>\n\t\t\t\t<a data-elementor-open-lightbox=\"yes\" data-elementor-lightbox-slideshow=\"cf89711\" data-elementor-lightbox-title=\"Festa Major Caldes de Malavella 2021 - J\u00falia Riera Campeny\" data-e-action-hash=\"#elementor-action%3Aaction%3Dlightbox%26settings%3DeyJpZCI6Nzc4MSwidXJsIjoiaHR0cHM6XC9cL2dhdWRlYW11c3Byb2plY3RhLmRpc3NlbnlncmFmaWMub3JnXC93cC1jb250ZW50XC91cGxvYWRzXC8yMDIxXC8wNVwvNS1JbWFnZW4tUHJveWVjdG8tMV9KdVx1MDMwMWxpYS1SaWVyYS5qcGciLCJzbGlkZXNob3ciOiJjZjg5NzExIn0%3D\" href='https:\/\/gaudeamusprojecta.dissenygrafic.org\/wp-content\/uploads\/2021\/05\/5-Imagen-Proyecto-1_Ju\u0301lia-Riera.jpg'><img decoding=\"async\" width=\"1200\" height=\"800\" src=\"https:\/\/gaudeamusprojecta.dissenygrafic.org\/wp-content\/uploads\/2021\/05\/5-Imagen-Proyecto-1_Ju\u0301lia-Riera.jpg\" class=\"attachment-full size-full\" alt=\"\" srcset=\"https:\/\/gaudeamusprojecta.dissenygrafic.org\/wp-content\/uploads\/2021\/05\/5-Imagen-Proyecto-1_Ju\u0301lia-Riera.jpg 1200w, https:\/\/gaudeamusprojecta.dissenygrafic.org\/wp-content\/uploads\/2021\/05\/5-Imagen-Proyecto-1_Ju\u0301lia-Riera-300x200.jpg 300w, https:\/\/gaudeamusprojecta.dissenygrafic.org\/wp-content\/uploads\/2021\/05\/5-Imagen-Proyecto-1_Ju\u0301lia-Riera-1024x683.jpg 1024w, https:\/\/gaudeamusprojecta.dissenygrafic.org\/wp-content\/uploads\/2021\/05\/5-Imagen-Proyecto-1_Ju\u0301lia-Riera-768x512.jpg 768w\" sizes=\"(max-width: 1200px) 100vw, 1200px\" \/><\/a>\n\t\t\t<\/div><\/figure><figure class='gallery-item'>\n\t\t\t<div class='gallery-icon landscape'>\n\t\t\t\t<a data-elementor-open-lightbox=\"yes\" data-elementor-lightbox-slideshow=\"cf89711\" data-elementor-lightbox-title=\"Festa Major Caldes de Malavella 2021 - J\u00falia Riera Campeny\" data-e-action-hash=\"#elementor-action%3Aaction%3Dlightbox%26settings%3DeyJpZCI6Nzc4MiwidXJsIjoiaHR0cHM6XC9cL2dhdWRlYW11c3Byb2plY3RhLmRpc3NlbnlncmFmaWMub3JnXC93cC1jb250ZW50XC91cGxvYWRzXC8yMDIxXC8wNVwvNS1JbWFnZW4tUHJveWVjdG8tMl9KdVx1MDMwMWxpYS1SaWVyYS5qcGciLCJzbGlkZXNob3ciOiJjZjg5NzExIn0%3D\" href='https:\/\/gaudeamusprojecta.dissenygrafic.org\/wp-content\/uploads\/2021\/05\/5-Imagen-Proyecto-2_Ju\u0301lia-Riera.jpg'><img decoding=\"async\" width=\"1200\" height=\"800\" src=\"https:\/\/gaudeamusprojecta.dissenygrafic.org\/wp-content\/uploads\/2021\/05\/5-Imagen-Proyecto-2_Ju\u0301lia-Riera.jpg\" class=\"attachment-full size-full\" alt=\"\" srcset=\"https:\/\/gaudeamusprojecta.dissenygrafic.org\/wp-content\/uploads\/2021\/05\/5-Imagen-Proyecto-2_Ju\u0301lia-Riera.jpg 1200w, https:\/\/gaudeamusprojecta.dissenygrafic.org\/wp-content\/uploads\/2021\/05\/5-Imagen-Proyecto-2_Ju\u0301lia-Riera-300x200.jpg 300w, https:\/\/gaudeamusprojecta.dissenygrafic.org\/wp-content\/uploads\/2021\/05\/5-Imagen-Proyecto-2_Ju\u0301lia-Riera-1024x683.jpg 1024w, https:\/\/gaudeamusprojecta.dissenygrafic.org\/wp-content\/uploads\/2021\/05\/5-Imagen-Proyecto-2_Ju\u0301lia-Riera-768x512.jpg 768w\" sizes=\"(max-width: 1200px) 100vw, 1200px\" \/><\/a>\n\t\t\t<\/div><\/figure><figure class='gallery-item'>\n\t\t\t<div class='gallery-icon landscape'>\n\t\t\t\t<a data-elementor-open-lightbox=\"yes\" data-elementor-lightbox-slideshow=\"cf89711\" data-elementor-lightbox-title=\"Festa Major Caldes de Malavella 2021 - J\u00falia Riera Campeny\" data-e-action-hash=\"#elementor-action%3Aaction%3Dlightbox%26settings%3DeyJpZCI6Nzc4MywidXJsIjoiaHR0cHM6XC9cL2dhdWRlYW11c3Byb2plY3RhLmRpc3NlbnlncmFmaWMub3JnXC93cC1jb250ZW50XC91cGxvYWRzXC8yMDIxXC8wNVwvNS1JbWFnZW4tUHJveWVjdG8tM19KdVx1MDMwMWxpYS1SaWVyYS5qcGciLCJzbGlkZXNob3ciOiJjZjg5NzExIn0%3D\" href='https:\/\/gaudeamusprojecta.dissenygrafic.org\/wp-content\/uploads\/2021\/05\/5-Imagen-Proyecto-3_Ju\u0301lia-Riera.jpg'><img loading=\"lazy\" decoding=\"async\" width=\"1200\" height=\"800\" src=\"https:\/\/gaudeamusprojecta.dissenygrafic.org\/wp-content\/uploads\/2021\/05\/5-Imagen-Proyecto-3_Ju\u0301lia-Riera.jpg\" class=\"attachment-full size-full\" alt=\"\" srcset=\"https:\/\/gaudeamusprojecta.dissenygrafic.org\/wp-content\/uploads\/2021\/05\/5-Imagen-Proyecto-3_Ju\u0301lia-Riera.jpg 1200w, https:\/\/gaudeamusprojecta.dissenygrafic.org\/wp-content\/uploads\/2021\/05\/5-Imagen-Proyecto-3_Ju\u0301lia-Riera-300x200.jpg 300w, https:\/\/gaudeamusprojecta.dissenygrafic.org\/wp-content\/uploads\/2021\/05\/5-Imagen-Proyecto-3_Ju\u0301lia-Riera-1024x683.jpg 1024w, https:\/\/gaudeamusprojecta.dissenygrafic.org\/wp-content\/uploads\/2021\/05\/5-Imagen-Proyecto-3_Ju\u0301lia-Riera-768x512.jpg 768w\" sizes=\"(max-width: 1200px) 100vw, 1200px\" \/><\/a>\n\t\t\t<\/div><\/figure><figure class='gallery-item'>\n\t\t\t<div class='gallery-icon landscape'>\n\t\t\t\t<a data-elementor-open-lightbox=\"yes\" data-elementor-lightbox-slideshow=\"cf89711\" data-elementor-lightbox-title=\"Festa Major Caldes de Malavella 2021 - J\u00falia Riera Campeny\" data-e-action-hash=\"#elementor-action%3Aaction%3Dlightbox%26settings%3DeyJpZCI6Nzc4NCwidXJsIjoiaHR0cHM6XC9cL2dhdWRlYW11c3Byb2plY3RhLmRpc3NlbnlncmFmaWMub3JnXC93cC1jb250ZW50XC91cGxvYWRzXC8yMDIxXC8wNVwvNS1JbWFnZW4tUHJveWVjdG8tNF9KdVx1MDMwMWxpYS1SaWVyYS0xLmpwZyIsInNsaWRlc2hvdyI6ImNmODk3MTEifQ%3D%3D\" href='https:\/\/gaudeamusprojecta.dissenygrafic.org\/wp-content\/uploads\/2021\/05\/5-Imagen-Proyecto-4_Ju\u0301lia-Riera-1.jpg'><img loading=\"lazy\" decoding=\"async\" width=\"1200\" height=\"800\" src=\"https:\/\/gaudeamusprojecta.dissenygrafic.org\/wp-content\/uploads\/2021\/05\/5-Imagen-Proyecto-4_Ju\u0301lia-Riera-1.jpg\" class=\"attachment-full size-full\" alt=\"\" srcset=\"https:\/\/gaudeamusprojecta.dissenygrafic.org\/wp-content\/uploads\/2021\/05\/5-Imagen-Proyecto-4_Ju\u0301lia-Riera-1.jpg 1200w, https:\/\/gaudeamusprojecta.dissenygrafic.org\/wp-content\/uploads\/2021\/05\/5-Imagen-Proyecto-4_Ju\u0301lia-Riera-1-300x200.jpg 300w, https:\/\/gaudeamusprojecta.dissenygrafic.org\/wp-content\/uploads\/2021\/05\/5-Imagen-Proyecto-4_Ju\u0301lia-Riera-1-1024x683.jpg 1024w, https:\/\/gaudeamusprojecta.dissenygrafic.org\/wp-content\/uploads\/2021\/05\/5-Imagen-Proyecto-4_Ju\u0301lia-Riera-1-768x512.jpg 768w\" sizes=\"(max-width: 1200px) 100vw, 1200px\" \/><\/a>\n\t\t\t<\/div><\/figure><figure class='gallery-item'>\n\t\t\t<div class='gallery-icon landscape'>\n\t\t\t\t<a data-elementor-open-lightbox=\"yes\" data-elementor-lightbox-slideshow=\"cf89711\" data-elementor-lightbox-title=\"Festa Major Caldes de Malavella 2021 - J\u00falia Riera Campeny\" data-e-action-hash=\"#elementor-action%3Aaction%3Dlightbox%26settings%3DeyJpZCI6Nzc4NSwidXJsIjoiaHR0cHM6XC9cL2dhdWRlYW11c3Byb2plY3RhLmRpc3NlbnlncmFmaWMub3JnXC93cC1jb250ZW50XC91cGxvYWRzXC8yMDIxXC8wNVwvNS1JbWFnZW4tUHJveWVjdG8tNV9KdVx1MDMwMWxpYS1SaWVyYS5qcGciLCJzbGlkZXNob3ciOiJjZjg5NzExIn0%3D\" href='https:\/\/gaudeamusprojecta.dissenygrafic.org\/wp-content\/uploads\/2021\/05\/5-Imagen-Proyecto-5_Ju\u0301lia-Riera.jpg'><img loading=\"lazy\" decoding=\"async\" width=\"1200\" height=\"800\" src=\"https:\/\/gaudeamusprojecta.dissenygrafic.org\/wp-content\/uploads\/2021\/05\/5-Imagen-Proyecto-5_Ju\u0301lia-Riera.jpg\" class=\"attachment-full size-full\" alt=\"\" srcset=\"https:\/\/gaudeamusprojecta.dissenygrafic.org\/wp-content\/uploads\/2021\/05\/5-Imagen-Proyecto-5_Ju\u0301lia-Riera.jpg 1200w, https:\/\/gaudeamusprojecta.dissenygrafic.org\/wp-content\/uploads\/2021\/05\/5-Imagen-Proyecto-5_Ju\u0301lia-Riera-300x200.jpg 300w, https:\/\/gaudeamusprojecta.dissenygrafic.org\/wp-content\/uploads\/2021\/05\/5-Imagen-Proyecto-5_Ju\u0301lia-Riera-1024x683.jpg 1024w, https:\/\/gaudeamusprojecta.dissenygrafic.org\/wp-content\/uploads\/2021\/05\/5-Imagen-Proyecto-5_Ju\u0301lia-Riera-768x512.jpg 768w\" sizes=\"(max-width: 1200px) 100vw, 1200px\" \/><\/a>\n\t\t\t<\/div><\/figure>\n\t\t<\/div>\n\t\t<\/div>\n\t\t\t\t\t\t<\/div>\n\t\t\t\t<\/div>\n\t\t\t\t\t<\/div>\n\t\t<\/div>\n\t\t\t\t\t<\/div>\n\t\t<\/section>\n\t\t\t\t\t<\/div>\n\t\t<\/div>\n\t\t\t\t\t<\/div>\n\t\t<\/section>\n\t\t\t\t<section class=\"elementor-section elementor-inner-section elementor-element elementor-element-e6edd3d elementor-section-boxed elementor-section-height-default elementor-section-height-default\" data-id=\"e6edd3d\" data-element_type=\"section\" data-e-type=\"section\">\n\t\t\t\t\t\t<div class=\"elementor-container elementor-column-gap-no\">\n\t\t\t\t\t<div class=\"elementor-column elementor-col-33 elementor-inner-column elementor-element elementor-element-592987b5\" data-id=\"592987b5\" data-element_type=\"column\" data-e-type=\"column\">\n\t\t\t<div class=\"elementor-widget-wrap elementor-element-populated\">\n\t\t\t\t\t\t<div class=\"elementor-element elementor-element-61d7dd97 elementor-align-left elementor-tablet-align-center elementor-mobile-align-center elementor-widget elementor-widget-button\" data-id=\"61d7dd97\" data-element_type=\"widget\" data-e-type=\"widget\" data-widget_type=\"button.default\">\n\t\t\t\t<div class=\"elementor-widget-container\">\n\t\t\t\t\t\t\t\t\t<div class=\"elementor-button-wrapper\">\n\t\t\t\t\t<a class=\"elementor-button elementor-button-link elementor-size-md elementor-animation-skew-backward\" href=\"http:\/\/gaudeamusprojecta.dissenygrafic.org\/el-dolor-no-es-la-nostra-naturalesa\/\">\n\t\t\t\t\t\t<span class=\"elementor-button-content-wrapper\">\n\t\t\t\t\t\t<span class=\"elementor-button-icon\">\n\t\t\t\t<i aria-hidden=\"true\" class=\"fas fa-long-arrow-alt-left\"><\/i>\t\t\t<\/span>\n\t\t\t\t\t\t\t\t\t<span class=\"elementor-button-text\">El dolor no \u00e9s la nostra naturalesa<\/span>\n\t\t\t\t\t<\/span>\n\t\t\t\t\t<\/a>\n\t\t\t\t<\/div>\n\t\t\t\t\t\t\t\t<\/div>\n\t\t\t\t<\/div>\n\t\t\t\t\t<\/div>\n\t\t<\/div>\n\t\t\t\t<div class=\"elementor-column elementor-col-33 elementor-inner-column elementor-element elementor-element-224325a1\" data-id=\"224325a1\" data-element_type=\"column\" data-e-type=\"column\">\n\t\t\t<div class=\"elementor-widget-wrap elementor-element-populated\">\n\t\t\t\t\t\t<div class=\"elementor-element elementor-element-6a7cdb4f elementor-view-default elementor-widget elementor-widget-icon\" data-id=\"6a7cdb4f\" data-element_type=\"widget\" data-e-type=\"widget\" data-widget_type=\"icon.default\">\n\t\t\t\t<div class=\"elementor-widget-container\">\n\t\t\t\t\t\t\t<div class=\"elementor-icon-wrapper\">\n\t\t\t<a class=\"elementor-icon elementor-animation-grow\" href=\"http:\/\/gaudeamusprojecta.dissenygrafic.org\/es\/4a-edicion\">\n\t\t\t<i aria-hidden=\"true\" class=\"fas fa-th\"><\/i>\t\t\t<\/a>\n\t\t<\/div>\n\t\t\t\t\t\t<\/div>\n\t\t\t\t<\/div>\n\t\t\t\t\t<\/div>\n\t\t<\/div>\n\t\t\t\t<div class=\"elementor-column elementor-col-33 elementor-inner-column elementor-element elementor-element-2c9f8105\" data-id=\"2c9f8105\" data-element_type=\"column\" data-e-type=\"column\">\n\t\t\t<div class=\"elementor-widget-wrap elementor-element-populated\">\n\t\t\t\t\t\t<div class=\"elementor-element elementor-element-2ed3d23 elementor-align-right elementor-tablet-align-center elementor-mobile-align-center elementor-widget elementor-widget-button\" data-id=\"2ed3d23\" data-element_type=\"widget\" data-e-type=\"widget\" data-widget_type=\"button.default\">\n\t\t\t\t<div class=\"elementor-widget-container\">\n\t\t\t\t\t\t\t\t\t<div class=\"elementor-button-wrapper\">\n\t\t\t\t\t<a class=\"elementor-button elementor-button-link elementor-size-md elementor-animation-skew-forward\" href=\"http:\/\/gaudeamusprojecta.dissenygrafic.org\/homo-digitalis\/\">\n\t\t\t\t\t\t<span class=\"elementor-button-content-wrapper\">\n\t\t\t\t\t\t<span class=\"elementor-button-icon\">\n\t\t\t\t<i aria-hidden=\"true\" class=\"fas fa-long-arrow-alt-right\"><\/i>\t\t\t<\/span>\n\t\t\t\t\t\t\t\t\t<span class=\"elementor-button-text\">Homo Digitalis<\/span>\n\t\t\t\t\t<\/span>\n\t\t\t\t\t<\/a>\n\t\t\t\t<\/div>\n\t\t\t\t\t\t\t\t<\/div>\n\t\t\t\t<\/div>\n\t\t\t\t\t<\/div>\n\t\t<\/div>\n\t\t\t\t\t<\/div>\n\t\t<\/section>\n\t\t\t\t<section class=\"elementor-section elementor-top-section elementor-element elementor-element-b9d5e24 elementor-section-boxed elementor-section-height-default elementor-section-height-default\" data-id=\"b9d5e24\" data-element_type=\"section\" data-e-type=\"section\" data-settings=\"{&quot;background_background&quot;:&quot;classic&quot;}\">\n\t\t\t\t\t\t<div class=\"elementor-container elementor-column-gap-no\">\n\t\t\t\t\t<div class=\"elementor-column elementor-col-100 elementor-top-column elementor-element elementor-element-b6a27da\" data-id=\"b6a27da\" data-element_type=\"column\" data-e-type=\"column\">\n\t\t\t<div class=\"elementor-widget-wrap\">\n\t\t\t\t\t\t\t<\/div>\n\t\t<\/div>\n\t\t\t\t\t<\/div>\n\t\t<\/section>\n\t\t\t\t<section class=\"elementor-section elementor-top-section elementor-element elementor-element-643ddfc elementor-section-boxed elementor-section-height-default elementor-section-height-default\" data-id=\"643ddfc\" data-element_type=\"section\" data-e-type=\"section\" data-settings=\"{&quot;background_background&quot;:&quot;classic&quot;}\">\n\t\t\t\t\t\t<div class=\"elementor-container elementor-column-gap-default\">\n\t\t\t\t\t<div class=\"elementor-column elementor-col-100 elementor-top-column elementor-element elementor-element-d54c6e7\" data-id=\"d54c6e7\" data-element_type=\"column\" data-e-type=\"column\">\n\t\t\t<div class=\"elementor-widget-wrap elementor-element-populated\">\n\t\t\t\t\t\t<div class=\"elementor-element elementor-element-5098be6 elementor-widget elementor-widget-heading\" data-id=\"5098be6\" data-element_type=\"widget\" data-e-type=\"widget\" data-widget_type=\"heading.default\">\n\t\t\t\t<div class=\"elementor-widget-container\">\n\t\t\t\t\t<h4 class=\"elementor-heading-title elementor-size-default\">\u00danete a nuestro Newsletter<\/h4>\t\t\t\t<\/div>\n\t\t\t\t<\/div>\n\t\t\t\t<div class=\"elementor-element elementor-element-2f1e8c7 elementor-align-center elementor-tablet-align-center elementor-mobile-align-center elementor-widget elementor-widget-button\" data-id=\"2f1e8c7\" data-element_type=\"widget\" data-e-type=\"widget\" data-widget_type=\"button.default\">\n\t\t\t\t<div class=\"elementor-widget-container\">\n\t\t\t\t\t\t\t\t\t<div class=\"elementor-button-wrapper\">\n\t\t\t\t\t<a class=\"elementor-button elementor-button-link elementor-size-md\" href=\"http:\/\/eepurl.com\/dyFHkD\">\n\t\t\t\t\t\t<span class=\"elementor-button-content-wrapper\">\n\t\t\t\t\t\t\t\t\t<span class=\"elementor-button-text\">SUSCRIBIRME<\/span>\n\t\t\t\t\t<\/span>\n\t\t\t\t\t<\/a>\n\t\t\t\t<\/div>\n\t\t\t\t\t\t\t\t<\/div>\n\t\t\t\t<\/div>\n\t\t\t\t\t<\/div>\n\t\t<\/div>\n\t\t\t\t\t<\/div>\n\t\t<\/section>\n\t\t\t\t<\/div>\n\t\t","protected":false},"excerpt":{"rendered":"<p>premios gaudeamus projecta 4\u00aa edici\u00f3n Festa Major Caldes de Malavella 2021 Sistemas y estructuras J\u00falia Riera Campeny centro: EU ERAM &#8211; Escuela Universitaria, GIRONA tutor\/a: Jos\u00e9 Luis Coraz\u00f3n Ardura Fiesta Mayor de Caldes de Malavella, La Fiesta Mayor es la referencia l\u00fadica y en la mayor\u00eda de los casos emocional de las generaciones que se [&hellip;]<\/p>\n","protected":false},"author":3,"featured_media":7781,"parent":0,"menu_order":0,"comment_status":"closed","ping_status":"closed","template":"","meta":{"site-sidebar-layout":"no-sidebar","site-content-layout":"page-builder","ast-site-content-layout":"default","site-content-style":"default","site-sidebar-style":"default","ast-global-header-display":"","ast-banner-title-visibility":"","ast-main-header-display":"","ast-hfb-above-header-display":"","ast-hfb-below-header-display":"","ast-hfb-mobile-header-display":"","site-post-title":"disabled","ast-breadcrumbs-content":"","ast-featured-img":"disabled","footer-sml-layout":"","ast-disable-related-posts":"","theme-transparent-header-meta":"enabled","adv-header-id-meta":"","stick-header-meta":"","header-above-stick-meta":"","header-main-stick-meta":"","header-below-stick-meta":"","astra-migrate-meta-layouts":"default","ast-page-background-enabled":"default","ast-page-background-meta":{"desktop":{"background-color":"","background-image":"","background-repeat":"repeat","background-position":"center center","background-size":"auto","background-attachment":"scroll","background-type":"","background-media":"","overlay-type":"","overlay-color":"","overlay-opacity":"","overlay-gradient":""},"tablet":{"background-color":"","background-image":"","background-repeat":"repeat","background-position":"center center","background-size":"auto","background-attachment":"scroll","background-type":"","background-media":"","overlay-type":"","overlay-color":"","overlay-opacity":"","overlay-gradient":""},"mobile":{"background-color":"","background-image":"","background-repeat":"repeat","background-position":"center center","background-size":"auto","background-attachment":"scroll","background-type":"","background-media":"","overlay-type":"","overlay-color":"","overlay-opacity":"","overlay-gradient":""}},"ast-content-background-meta":{"desktop":{"background-color":"var(--ast-global-color-5)","background-image":"","background-repeat":"repeat","background-position":"center center","background-size":"auto","background-attachment":"scroll","background-type":"","background-media":"","overlay-type":"","overlay-color":"","overlay-opacity":"","overlay-gradient":""},"tablet":{"background-color":"var(--ast-global-color-5)","background-image":"","background-repeat":"repeat","background-position":"center center","background-size":"auto","background-attachment":"scroll","background-type":"","background-media":"","overlay-type":"","overlay-color":"","overlay-opacity":"","overlay-gradient":""},"mobile":{"background-color":"var(--ast-global-color-5)","background-image":"","background-repeat":"repeat","background-position":"center center","background-size":"auto","background-attachment":"scroll","background-type":"","background-media":"","overlay-type":"","overlay-color":"","overlay-opacity":"","overlay-gradient":""}},"footnotes":""},"wf_page_folders":[112],"class_list":["post-8686","page","type-page","status-publish","has-post-thumbnail","hentry"],"yoast_head":"<!-- This site is optimized with the Yoast SEO plugin v27.1.1 - https:\/\/yoast.com\/product\/yoast-seo-wordpress\/ -->\n<title>Festa Major Caldes de Malavella 2021 - gaudeamusProjecta<\/title>\n<meta name=\"description\" content=\"Festa Major de Caldes de Malavella, La Fiesta Mayor es la referencia l\u00fadica y en la mayor\u00eda de los casos emocional de las generaciones que se van sucediendo en los entornos ciudadanos.\" \/>\n<meta name=\"robots\" content=\"index, follow, max-snippet:-1, max-image-preview:large, max-video-preview:-1\" \/>\n<link rel=\"canonical\" href=\"https:\/\/gaudeamusprojecta.dissenygrafic.org\/es\/festa-major-caldes-de-malavella-2021\/\" \/>\n<meta property=\"og:locale\" content=\"es_ES\" \/>\n<meta property=\"og:type\" content=\"article\" \/>\n<meta property=\"og:title\" content=\"Festa Major Caldes de Malavella 2021 - gaudeamusProjecta\" \/>\n<meta property=\"og:description\" content=\"Festa Major de Caldes de Malavella, La Fiesta Mayor es la referencia l\u00fadica y en la mayor\u00eda de los casos emocional de las generaciones que se van sucediendo en los entornos ciudadanos.\" \/>\n<meta property=\"og:url\" content=\"https:\/\/gaudeamusprojecta.dissenygrafic.org\/es\/festa-major-caldes-de-malavella-2021\/\" \/>\n<meta property=\"og:site_name\" content=\"gaudeamusProjecta\" \/>\n<meta property=\"article:modified_time\" content=\"2025-03-17T17:28:03+00:00\" \/>\n<meta property=\"og:image\" content=\"https:\/\/gaudeamusprojecta.dissenygrafic.org\/wp-content\/uploads\/2021\/05\/5-Imagen-Proyecto-1_Ju\u0301lia-Riera.jpg\" \/>\n<meta name=\"twitter:card\" content=\"summary_large_image\" \/>\n<meta name=\"twitter:image\" content=\"https:\/\/gaudeamusprojecta.dissenygrafic.org\/wp-content\/uploads\/2021\/05\/5-Imagen-Proyecto-1_Ju\u0301lia-Riera.jpg\" \/>\n<meta name=\"twitter:label1\" content=\"Tiempo de lectura\" \/>\n\t<meta name=\"twitter:data1\" content=\"1 minuto\" \/>\n<script type=\"application\/ld+json\" class=\"yoast-schema-graph\">{\"@context\":\"https:\/\/schema.org\",\"@graph\":[{\"@type\":\"WebPage\",\"@id\":\"https:\/\/gaudeamusprojecta.dissenygrafic.org\/es\/festa-major-caldes-de-malavella-2021\/\",\"url\":\"https:\/\/gaudeamusprojecta.dissenygrafic.org\/es\/festa-major-caldes-de-malavella-2021\/\",\"name\":\"Festa Major Caldes de Malavella 2021 - gaudeamusProjecta\",\"isPartOf\":{\"@id\":\"https:\/\/gaudeamusprojecta.dissenygrafic.org\/es\/#website\"},\"primaryImageOfPage\":{\"@id\":\"https:\/\/gaudeamusprojecta.dissenygrafic.org\/es\/festa-major-caldes-de-malavella-2021\/#primaryimage\"},\"image\":{\"@id\":\"https:\/\/gaudeamusprojecta.dissenygrafic.org\/es\/festa-major-caldes-de-malavella-2021\/#primaryimage\"},\"thumbnailUrl\":\"https:\/\/gaudeamusprojecta.dissenygrafic.org\/wp-content\/uploads\/2021\/05\/5-Imagen-Proyecto-1_Ju\u0301lia-Riera.jpg\",\"datePublished\":\"2021-05-25T16:41:43+00:00\",\"dateModified\":\"2025-03-17T17:28:03+00:00\",\"description\":\"Festa Major de Caldes de Malavella, La Fiesta Mayor es la referencia l\u00fadica y en la mayor\u00eda de los casos emocional de las generaciones que se van sucediendo en los entornos ciudadanos.\",\"breadcrumb\":{\"@id\":\"https:\/\/gaudeamusprojecta.dissenygrafic.org\/es\/festa-major-caldes-de-malavella-2021\/#breadcrumb\"},\"inLanguage\":\"es\",\"potentialAction\":[{\"@type\":\"ReadAction\",\"target\":[\"https:\/\/gaudeamusprojecta.dissenygrafic.org\/es\/festa-major-caldes-de-malavella-2021\/\"]}]},{\"@type\":\"ImageObject\",\"inLanguage\":\"es\",\"@id\":\"https:\/\/gaudeamusprojecta.dissenygrafic.org\/es\/festa-major-caldes-de-malavella-2021\/#primaryimage\",\"url\":\"https:\/\/gaudeamusprojecta.dissenygrafic.org\/wp-content\/uploads\/2021\/05\/5-Imagen-Proyecto-1_Ju\u0301lia-Riera.jpg\",\"contentUrl\":\"https:\/\/gaudeamusprojecta.dissenygrafic.org\/wp-content\/uploads\/2021\/05\/5-Imagen-Proyecto-1_Ju\u0301lia-Riera.jpg\",\"width\":1200,\"height\":800},{\"@type\":\"BreadcrumbList\",\"@id\":\"https:\/\/gaudeamusprojecta.dissenygrafic.org\/es\/festa-major-caldes-de-malavella-2021\/#breadcrumb\",\"itemListElement\":[{\"@type\":\"ListItem\",\"position\":1,\"name\":\"Portada\",\"item\":\"https:\/\/gaudeamusprojecta.dissenygrafic.org\/es\/\"},{\"@type\":\"ListItem\",\"position\":2,\"name\":\"Festa Major Caldes de Malavella 2021\"}]},{\"@type\":\"WebSite\",\"@id\":\"https:\/\/gaudeamusprojecta.dissenygrafic.org\/es\/#website\",\"url\":\"https:\/\/gaudeamusprojecta.dissenygrafic.org\/es\/\",\"name\":\"gaudeamusProjecta\",\"description\":\"Premi Projecte Fi de Grau de Disseny Gr\u00e0fic\",\"publisher\":{\"@id\":\"https:\/\/gaudeamusprojecta.dissenygrafic.org\/es\/#organization\"},\"potentialAction\":[{\"@type\":\"SearchAction\",\"target\":{\"@type\":\"EntryPoint\",\"urlTemplate\":\"https:\/\/gaudeamusprojecta.dissenygrafic.org\/es\/?s={search_term_string}\"},\"query-input\":{\"@type\":\"PropertyValueSpecification\",\"valueRequired\":true,\"valueName\":\"search_term_string\"}}],\"inLanguage\":\"es\"},{\"@type\":\"Organization\",\"@id\":\"https:\/\/gaudeamusprojecta.dissenygrafic.org\/es\/#organization\",\"name\":\"gaudeamusProjecta\",\"url\":\"https:\/\/gaudeamusprojecta.dissenygrafic.org\/es\/\",\"logo\":{\"@type\":\"ImageObject\",\"inLanguage\":\"es\",\"@id\":\"https:\/\/gaudeamusprojecta.dissenygrafic.org\/es\/#\/schema\/logo\/image\/\",\"url\":\"https:\/\/gaudeamusprojecta.dissenygrafic.org\/wp-content\/uploads\/2020\/09\/cropped-gaudeamusprojecta_logo-1.png\",\"contentUrl\":\"https:\/\/gaudeamusprojecta.dissenygrafic.org\/wp-content\/uploads\/2020\/09\/cropped-gaudeamusprojecta_logo-1.png\",\"width\":220,\"height\":64,\"caption\":\"gaudeamusProjecta\"},\"image\":{\"@id\":\"https:\/\/gaudeamusprojecta.dissenygrafic.org\/es\/#\/schema\/logo\/image\/\"}}]}<\/script>\n<!-- \/ Yoast SEO plugin. -->","yoast_head_json":{"title":"Festa Major Caldes de Malavella 2021 - gaudeamusProjecta","description":"Festa Major de Caldes de Malavella, La Fiesta Mayor es la referencia l\u00fadica y en la mayor\u00eda de los casos emocional de las generaciones que se van sucediendo en los entornos ciudadanos.","robots":{"index":"index","follow":"follow","max-snippet":"max-snippet:-1","max-image-preview":"max-image-preview:large","max-video-preview":"max-video-preview:-1"},"canonical":"https:\/\/gaudeamusprojecta.dissenygrafic.org\/es\/festa-major-caldes-de-malavella-2021\/","og_locale":"es_ES","og_type":"article","og_title":"Festa Major Caldes de Malavella 2021 - gaudeamusProjecta","og_description":"Festa Major de Caldes de Malavella, La Fiesta Mayor es la referencia l\u00fadica y en la mayor\u00eda de los casos emocional de las generaciones que se van sucediendo en los entornos ciudadanos.","og_url":"https:\/\/gaudeamusprojecta.dissenygrafic.org\/es\/festa-major-caldes-de-malavella-2021\/","og_site_name":"gaudeamusProjecta","article_modified_time":"2025-03-17T17:28:03+00:00","og_image":[{"url":"https:\/\/gaudeamusprojecta.dissenygrafic.org\/wp-content\/uploads\/2021\/05\/5-Imagen-Proyecto-1_Ju\u0301lia-Riera.jpg","type":"","width":"","height":""}],"twitter_card":"summary_large_image","twitter_image":"https:\/\/gaudeamusprojecta.dissenygrafic.org\/wp-content\/uploads\/2021\/05\/5-Imagen-Proyecto-1_Ju\u0301lia-Riera.jpg","twitter_misc":{"Tiempo de lectura":"1 minuto"},"schema":{"@context":"https:\/\/schema.org","@graph":[{"@type":"WebPage","@id":"https:\/\/gaudeamusprojecta.dissenygrafic.org\/es\/festa-major-caldes-de-malavella-2021\/","url":"https:\/\/gaudeamusprojecta.dissenygrafic.org\/es\/festa-major-caldes-de-malavella-2021\/","name":"Festa Major Caldes de Malavella 2021 - gaudeamusProjecta","isPartOf":{"@id":"https:\/\/gaudeamusprojecta.dissenygrafic.org\/es\/#website"},"primaryImageOfPage":{"@id":"https:\/\/gaudeamusprojecta.dissenygrafic.org\/es\/festa-major-caldes-de-malavella-2021\/#primaryimage"},"image":{"@id":"https:\/\/gaudeamusprojecta.dissenygrafic.org\/es\/festa-major-caldes-de-malavella-2021\/#primaryimage"},"thumbnailUrl":"https:\/\/gaudeamusprojecta.dissenygrafic.org\/wp-content\/uploads\/2021\/05\/5-Imagen-Proyecto-1_Ju\u0301lia-Riera.jpg","datePublished":"2021-05-25T16:41:43+00:00","dateModified":"2025-03-17T17:28:03+00:00","description":"Festa Major de Caldes de Malavella, La Fiesta Mayor es la referencia l\u00fadica y en la mayor\u00eda de los casos emocional de las generaciones que se van sucediendo en los entornos ciudadanos.","breadcrumb":{"@id":"https:\/\/gaudeamusprojecta.dissenygrafic.org\/es\/festa-major-caldes-de-malavella-2021\/#breadcrumb"},"inLanguage":"es","potentialAction":[{"@type":"ReadAction","target":["https:\/\/gaudeamusprojecta.dissenygrafic.org\/es\/festa-major-caldes-de-malavella-2021\/"]}]},{"@type":"ImageObject","inLanguage":"es","@id":"https:\/\/gaudeamusprojecta.dissenygrafic.org\/es\/festa-major-caldes-de-malavella-2021\/#primaryimage","url":"https:\/\/gaudeamusprojecta.dissenygrafic.org\/wp-content\/uploads\/2021\/05\/5-Imagen-Proyecto-1_Ju\u0301lia-Riera.jpg","contentUrl":"https:\/\/gaudeamusprojecta.dissenygrafic.org\/wp-content\/uploads\/2021\/05\/5-Imagen-Proyecto-1_Ju\u0301lia-Riera.jpg","width":1200,"height":800},{"@type":"BreadcrumbList","@id":"https:\/\/gaudeamusprojecta.dissenygrafic.org\/es\/festa-major-caldes-de-malavella-2021\/#breadcrumb","itemListElement":[{"@type":"ListItem","position":1,"name":"Portada","item":"https:\/\/gaudeamusprojecta.dissenygrafic.org\/es\/"},{"@type":"ListItem","position":2,"name":"Festa Major Caldes de Malavella 2021"}]},{"@type":"WebSite","@id":"https:\/\/gaudeamusprojecta.dissenygrafic.org\/es\/#website","url":"https:\/\/gaudeamusprojecta.dissenygrafic.org\/es\/","name":"gaudeamusProjecta","description":"Premi Projecte Fi de Grau de Disseny Gr\u00e0fic","publisher":{"@id":"https:\/\/gaudeamusprojecta.dissenygrafic.org\/es\/#organization"},"potentialAction":[{"@type":"SearchAction","target":{"@type":"EntryPoint","urlTemplate":"https:\/\/gaudeamusprojecta.dissenygrafic.org\/es\/?s={search_term_string}"},"query-input":{"@type":"PropertyValueSpecification","valueRequired":true,"valueName":"search_term_string"}}],"inLanguage":"es"},{"@type":"Organization","@id":"https:\/\/gaudeamusprojecta.dissenygrafic.org\/es\/#organization","name":"gaudeamusProjecta","url":"https:\/\/gaudeamusprojecta.dissenygrafic.org\/es\/","logo":{"@type":"ImageObject","inLanguage":"es","@id":"https:\/\/gaudeamusprojecta.dissenygrafic.org\/es\/#\/schema\/logo\/image\/","url":"https:\/\/gaudeamusprojecta.dissenygrafic.org\/wp-content\/uploads\/2020\/09\/cropped-gaudeamusprojecta_logo-1.png","contentUrl":"https:\/\/gaudeamusprojecta.dissenygrafic.org\/wp-content\/uploads\/2020\/09\/cropped-gaudeamusprojecta_logo-1.png","width":220,"height":64,"caption":"gaudeamusProjecta"},"image":{"@id":"https:\/\/gaudeamusprojecta.dissenygrafic.org\/es\/#\/schema\/logo\/image\/"}}]}},"_links":{"self":[{"href":"https:\/\/gaudeamusprojecta.dissenygrafic.org\/es\/wp-json\/wp\/v2\/pages\/8686","targetHints":{"allow":["GET"]}}],"collection":[{"href":"https:\/\/gaudeamusprojecta.dissenygrafic.org\/es\/wp-json\/wp\/v2\/pages"}],"about":[{"href":"https:\/\/gaudeamusprojecta.dissenygrafic.org\/es\/wp-json\/wp\/v2\/types\/page"}],"author":[{"embeddable":true,"href":"https:\/\/gaudeamusprojecta.dissenygrafic.org\/es\/wp-json\/wp\/v2\/users\/3"}],"replies":[{"embeddable":true,"href":"https:\/\/gaudeamusprojecta.dissenygrafic.org\/es\/wp-json\/wp\/v2\/comments?post=8686"}],"version-history":[{"count":5,"href":"https:\/\/gaudeamusprojecta.dissenygrafic.org\/es\/wp-json\/wp\/v2\/pages\/8686\/revisions"}],"predecessor-version":[{"id":15145,"href":"https:\/\/gaudeamusprojecta.dissenygrafic.org\/es\/wp-json\/wp\/v2\/pages\/8686\/revisions\/15145"}],"wp:featuredmedia":[{"embeddable":true,"href":"https:\/\/gaudeamusprojecta.dissenygrafic.org\/es\/wp-json\/wp\/v2\/media\/7781"}],"wp:attachment":[{"href":"https:\/\/gaudeamusprojecta.dissenygrafic.org\/es\/wp-json\/wp\/v2\/media?parent=8686"}],"wp:term":[{"taxonomy":"wf_page_folders","embeddable":true,"href":"https:\/\/gaudeamusprojecta.dissenygrafic.org\/es\/wp-json\/wp\/v2\/wf_page_folders?post=8686"}],"curies":[{"name":"wp","href":"https:\/\/api.w.org\/{rel}","templated":true}]}}