{"id":8688,"date":"2021-05-25T18:35:36","date_gmt":"2021-05-25T16:35:36","guid":{"rendered":"https:\/\/gaudeamusprojecta.dissenygrafic.org\/homo-digitalis\/"},"modified":"2025-03-17T19:31:17","modified_gmt":"2025-03-17T17:31:17","slug":"homo-digitalis","status":"publish","type":"page","link":"https:\/\/gaudeamusprojecta.dissenygrafic.org\/es\/homo-digitalis\/","title":{"rendered":"Homo Digitalis"},"content":{"rendered":"\t\t<div data-elementor-type=\"wp-post\" data-elementor-id=\"8688\" class=\"elementor elementor-8688 elementor-3929\">\n\t\t\t\t\t\t<section class=\"elementor-section elementor-top-section elementor-element elementor-element-6cee9f0e elementor-section-boxed elementor-section-height-default elementor-section-height-default\" data-id=\"6cee9f0e\" data-element_type=\"section\" data-e-type=\"section\" data-settings=\"{&quot;background_background&quot;:&quot;classic&quot;}\">\n\t\t\t\t\t\t<div class=\"elementor-container elementor-column-gap-no\">\n\t\t\t\t\t\t<\/div>\n\t\t<\/section>\n\t\t\t\t<section class=\"elementor-section elementor-top-section elementor-element elementor-element-2bcf865 elementor-section-boxed elementor-section-height-default elementor-section-height-default\" data-id=\"2bcf865\" data-element_type=\"section\" data-e-type=\"section\" data-settings=\"{&quot;background_background&quot;:&quot;classic&quot;}\">\n\t\t\t\t\t\t<div class=\"elementor-container elementor-column-gap-no\">\n\t\t\t\t\t<div class=\"elementor-column elementor-col-100 elementor-top-column elementor-element elementor-element-a8e3260\" data-id=\"a8e3260\" data-element_type=\"column\" data-e-type=\"column\">\n\t\t\t<div class=\"elementor-widget-wrap elementor-element-populated\">\n\t\t\t\t\t\t<div class=\"elementor-element elementor-element-772e18f7 elementor-widget elementor-widget-heading\" data-id=\"772e18f7\" data-element_type=\"widget\" data-e-type=\"widget\" data-widget_type=\"heading.default\">\n\t\t\t\t<div class=\"elementor-widget-container\">\n\t\t\t\t\t<h6 class=\"elementor-heading-title elementor-size-default\">premios gaudeamus projecta 4\u00aa edici\u00f3n<\/h6>\t\t\t\t<\/div>\n\t\t\t\t<\/div>\n\t\t\t\t<div class=\"elementor-element elementor-element-cd55e31 elementor-widget elementor-widget-heading\" data-id=\"cd55e31\" data-element_type=\"widget\" data-e-type=\"widget\" data-widget_type=\"heading.default\">\n\t\t\t\t<div class=\"elementor-widget-container\">\n\t\t\t\t\t<h1 class=\"elementor-heading-title elementor-size-default\">Homo Digitalis<\/h1>\t\t\t\t<\/div>\n\t\t\t\t<\/div>\n\t\t\t\t<div class=\"elementor-element elementor-element-5a6648d elementor-widget elementor-widget-heading\" data-id=\"5a6648d\" data-element_type=\"widget\" data-e-type=\"widget\" data-widget_type=\"heading.default\">\n\t\t\t\t<div class=\"elementor-widget-container\">\n\t\t\t\t\t<h6 class=\"elementor-heading-title elementor-size-default\">Disciplina y reflexi\u00f3n<\/h6>\t\t\t\t<\/div>\n\t\t\t\t<\/div>\n\t\t\t\t\t<\/div>\n\t\t<\/div>\n\t\t\t\t\t<\/div>\n\t\t<\/section>\n\t\t\t\t<section class=\"elementor-section elementor-top-section elementor-element elementor-element-53569744 elementor-section-boxed elementor-section-height-default elementor-section-height-default\" data-id=\"53569744\" data-element_type=\"section\" data-e-type=\"section\" data-settings=\"{&quot;background_background&quot;:&quot;classic&quot;}\">\n\t\t\t\t\t\t<div class=\"elementor-container elementor-column-gap-no\">\n\t\t\t\t\t<div class=\"elementor-column elementor-col-100 elementor-top-column elementor-element elementor-element-5f3a88d3\" data-id=\"5f3a88d3\" data-element_type=\"column\" data-e-type=\"column\">\n\t\t\t<div class=\"elementor-widget-wrap elementor-element-populated\">\n\t\t\t\t\t\t<section class=\"elementor-section elementor-inner-section elementor-element elementor-element-546e11c1 elementor-section-boxed elementor-section-height-default elementor-section-height-default\" data-id=\"546e11c1\" data-element_type=\"section\" data-e-type=\"section\">\n\t\t\t\t\t\t<div class=\"elementor-container elementor-column-gap-no\">\n\t\t\t\t\t<div class=\"elementor-column elementor-col-50 elementor-inner-column elementor-element elementor-element-182144ae\" data-id=\"182144ae\" data-element_type=\"column\" data-e-type=\"column\">\n\t\t\t<div class=\"elementor-widget-wrap elementor-element-populated\">\n\t\t\t\t\t\t<div class=\"elementor-element elementor-element-8cd589c elementor-widget elementor-widget-image\" data-id=\"8cd589c\" data-element_type=\"widget\" data-e-type=\"widget\" data-widget_type=\"image.default\">\n\t\t\t\t<div class=\"elementor-widget-container\">\n\t\t\t\t\t\t\t\t\t\t\t\t\t\t\t<img fetchpriority=\"high\" decoding=\"async\" width=\"1000\" height=\"1000\" src=\"https:\/\/gaudeamusprojecta.dissenygrafic.org\/wp-content\/uploads\/2021\/05\/col-906_Gemma-Carreras_foto.jpg\" class=\"attachment-large size-large wp-image-7752\" alt=\"\" srcset=\"https:\/\/gaudeamusprojecta.dissenygrafic.org\/wp-content\/uploads\/2021\/05\/col-906_Gemma-Carreras_foto.jpg 1000w, https:\/\/gaudeamusprojecta.dissenygrafic.org\/wp-content\/uploads\/2021\/05\/col-906_Gemma-Carreras_foto-300x300.jpg 300w, https:\/\/gaudeamusprojecta.dissenygrafic.org\/wp-content\/uploads\/2021\/05\/col-906_Gemma-Carreras_foto-150x150.jpg 150w, https:\/\/gaudeamusprojecta.dissenygrafic.org\/wp-content\/uploads\/2021\/05\/col-906_Gemma-Carreras_foto-768x768.jpg 768w\" sizes=\"(max-width: 1000px) 100vw, 1000px\" \/>\t\t\t\t\t\t\t\t\t\t\t\t\t\t\t<\/div>\n\t\t\t\t<\/div>\n\t\t\t\t<div class=\"elementor-element elementor-element-44366da8 elementor-widget elementor-widget-heading\" data-id=\"44366da8\" data-element_type=\"widget\" data-e-type=\"widget\" data-widget_type=\"heading.default\">\n\t\t\t\t<div class=\"elementor-widget-container\">\n\t\t\t\t\t<h3 class=\"elementor-heading-title elementor-size-default\">\nGemma Carreras S\u00e1nchez<\/h3>\t\t\t\t<\/div>\n\t\t\t\t<\/div>\n\t\t\t\t<div class=\"elementor-element elementor-element-7eddb43 elementor-widget elementor-widget-heading\" data-id=\"7eddb43\" data-element_type=\"widget\" data-e-type=\"widget\" data-widget_type=\"heading.default\">\n\t\t\t\t<div class=\"elementor-widget-container\">\n\t\t\t\t\t<h6 class=\"elementor-heading-title elementor-size-default\">centro:\n ESDi Escuela Superior de Dise\u00f1o Sabadell, Sabadell<\/h6>\t\t\t\t<\/div>\n\t\t\t\t<\/div>\n\t\t\t\t<div class=\"elementor-element elementor-element-89ccc77 elementor-widget elementor-widget-heading\" data-id=\"89ccc77\" data-element_type=\"widget\" data-e-type=\"widget\" data-widget_type=\"heading.default\">\n\t\t\t\t<div class=\"elementor-widget-container\">\n\t\t\t\t\t<h6 class=\"elementor-heading-title elementor-size-default\">tutor\/a:\n Jofre-Lloren\u00e7 Sanfeliu Garcia\n<\/h6>\t\t\t\t<\/div>\n\t\t\t\t<\/div>\n\t\t\t\t<div class=\"elementor-element elementor-element-280d31a elementor-widget-divider--view-line elementor-widget elementor-widget-divider\" data-id=\"280d31a\" data-element_type=\"widget\" data-e-type=\"widget\" data-widget_type=\"divider.default\">\n\t\t\t\t<div class=\"elementor-widget-container\">\n\t\t\t\t\t\t\t<div class=\"elementor-divider\">\n\t\t\t<span class=\"elementor-divider-separator\">\n\t\t\t\t\t\t<\/span>\n\t\t<\/div>\n\t\t\t\t\t\t<\/div>\n\t\t\t\t<\/div>\n\t\t\t\t<div class=\"elementor-element elementor-element-be4c54d elementor-widget elementor-widget-image\" data-id=\"be4c54d\" data-element_type=\"widget\" data-e-type=\"widget\" data-widget_type=\"image.default\">\n\t\t\t\t<div class=\"elementor-widget-container\">\n\t\t\t\t\t\t\t\t\t\t\t\t\t\t\t<img decoding=\"async\" width=\"150\" height=\"150\" src=\"https:\/\/gaudeamusprojecta.dissenygrafic.org\/wp-content\/uploads\/2021\/06\/sellos-gaudeamus_accesit-150x150.png\" class=\"attachment-thumbnail size-thumbnail wp-image-7838\" alt=\"\" srcset=\"https:\/\/gaudeamusprojecta.dissenygrafic.org\/wp-content\/uploads\/2021\/06\/sellos-gaudeamus_accesit-150x150.png 150w, https:\/\/gaudeamusprojecta.dissenygrafic.org\/wp-content\/uploads\/2021\/06\/sellos-gaudeamus_accesit-300x300.png 300w, https:\/\/gaudeamusprojecta.dissenygrafic.org\/wp-content\/uploads\/2021\/06\/sellos-gaudeamus_accesit.png 400w\" sizes=\"(max-width: 150px) 100vw, 150px\" \/>\t\t\t\t\t\t\t\t\t\t\t\t\t\t\t<\/div>\n\t\t\t\t<\/div>\n\t\t\t\t<div class=\"elementor-element elementor-element-69bcc625 elementor-widget elementor-widget-text-editor\" data-id=\"69bcc625\" data-element_type=\"widget\" data-e-type=\"widget\" data-widget_type=\"text-editor.default\">\n\t\t\t\t<div class=\"elementor-widget-container\">\n\t\t\t\t\t\t\t\t\t<p>La movilizaci\u00f3n popular como expresi\u00f3n libre y clara de la sociedad, de sus anhelos, ideales, necesidades, reivindicaciones y denuncias es la base sobre la que se construye este proyecto que propone de forma global canalizar y compartir estos impulsos. Una app, una personalidad gr\u00e1fica, una comunicaci\u00f3n bajo el aval de una marca.<\/p>\n\t\t\t\t\t\t\t\t<\/div>\n\t\t\t\t<\/div>\n\t\t\t\t<div class=\"elementor-element elementor-element-1c71de8 elementor-list-item-link-inline elementor-icon-list--layout-traditional elementor-widget elementor-widget-icon-list\" data-id=\"1c71de8\" data-element_type=\"widget\" data-e-type=\"widget\" data-widget_type=\"icon-list.default\">\n\t\t\t\t<div class=\"elementor-widget-container\">\n\t\t\t\t\t\t\t<ul class=\"elementor-icon-list-items\">\n\t\t\t\t\t\t\t<li class=\"elementor-icon-list-item\">\n\t\t\t\t\t\t\t\t\t\t\t<a href=\"https:\/\/www.instagram.com\/gemmacarreras\/\" target=\"_blank\">\n\n\t\t\t\t\t\t\t\t\t\t\t\t<span class=\"elementor-icon-list-icon\">\n\t\t\t\t\t\t\t<i aria-hidden=\"true\" class=\"fab fa-instagram\"><\/i>\t\t\t\t\t\t<\/span>\n\t\t\t\t\t\t\t\t\t\t<span class=\"elementor-icon-list-text\">@gemmacarreras<\/span>\n\t\t\t\t\t\t\t\t\t\t\t<\/a>\n\t\t\t\t\t\t\t\t\t<\/li>\n\t\t\t\t\t\t<\/ul>\n\t\t\t\t\t\t<\/div>\n\t\t\t\t<\/div>\n\t\t\t\t\t<\/div>\n\t\t<\/div>\n\t\t\t\t<div class=\"elementor-column elementor-col-50 elementor-inner-column elementor-element elementor-element-77281dc6\" data-id=\"77281dc6\" data-element_type=\"column\" data-e-type=\"column\">\n\t\t\t<div class=\"elementor-widget-wrap elementor-element-populated\">\n\t\t\t\t\t\t<div class=\"elementor-element elementor-element-8a880df elementor-widget elementor-widget-video\" data-id=\"8a880df\" data-element_type=\"widget\" data-e-type=\"widget\" data-settings=\"{&quot;youtube_url&quot;:&quot;https:\\\/\\\/www.youtube.com\\\/watch?v=7Mv-EnifV3s&amp;list=PLv3rE12czzeJU2J-GgJbVrRsOXsGDngVq&amp;index=4&amp;ab_channel=Col%C2%B7legiOficialdeDissenyGr%C3%A0ficdeCatalunya&quot;,&quot;video_type&quot;:&quot;youtube&quot;}\" data-widget_type=\"video.default\">\n\t\t\t\t<div class=\"elementor-widget-container\">\n\t\t\t\t\t\t\t<div class=\"elementor-wrapper elementor-open-inline\">\n\t\t\t<div class=\"elementor-video\"><\/div>\t\t<\/div>\n\t\t\t\t\t\t<\/div>\n\t\t\t\t<\/div>\n\t\t\t\t<div class=\"elementor-element elementor-element-cf89711 gallery-spacing-custom elementor-widget elementor-widget-image-gallery\" data-id=\"cf89711\" data-element_type=\"widget\" data-e-type=\"widget\" data-widget_type=\"image-gallery.default\">\n\t\t\t\t<div class=\"elementor-widget-container\">\n\t\t\t\t\t\t\t<div class=\"elementor-image-gallery\">\n\t\t\t<div id='gallery-1' class='gallery galleryid-8688 gallery-columns-1 gallery-size-full'><figure class='gallery-item'>\n\t\t\t<div class='gallery-icon landscape'>\n\t\t\t\t<a data-elementor-open-lightbox=\"yes\" data-elementor-lightbox-slideshow=\"cf89711\" data-elementor-lightbox-title=\"Homo Digitalis - Gemma Carreras S\u00e1nchez\" data-e-action-hash=\"#elementor-action%3Aaction%3Dlightbox%26settings%3DeyJpZCI6NzcwNywidXJsIjoiaHR0cHM6XC9cL2dhdWRlYW11c3Byb2plY3RhLmRpc3NlbnlncmFmaWMub3JnXC93cC1jb250ZW50XC91cGxvYWRzXC8yMDIxXC8wNVwvNS1nZW1tYWNhcnJlcmFzX2hvbW9kaWdpdGFsaXNfaW1hZ2VuLTEuanBnIiwic2xpZGVzaG93IjoiY2Y4OTcxMSJ9\" href='https:\/\/gaudeamusprojecta.dissenygrafic.org\/wp-content\/uploads\/2021\/05\/5-gemmacarreras_homodigitalis_imagen-1.jpg'><img decoding=\"async\" width=\"1200\" height=\"800\" src=\"https:\/\/gaudeamusprojecta.dissenygrafic.org\/wp-content\/uploads\/2021\/05\/5-gemmacarreras_homodigitalis_imagen-1.jpg\" class=\"attachment-full size-full\" alt=\"\" srcset=\"https:\/\/gaudeamusprojecta.dissenygrafic.org\/wp-content\/uploads\/2021\/05\/5-gemmacarreras_homodigitalis_imagen-1.jpg 1200w, https:\/\/gaudeamusprojecta.dissenygrafic.org\/wp-content\/uploads\/2021\/05\/5-gemmacarreras_homodigitalis_imagen-1-300x200.jpg 300w, https:\/\/gaudeamusprojecta.dissenygrafic.org\/wp-content\/uploads\/2021\/05\/5-gemmacarreras_homodigitalis_imagen-1-1024x683.jpg 1024w, https:\/\/gaudeamusprojecta.dissenygrafic.org\/wp-content\/uploads\/2021\/05\/5-gemmacarreras_homodigitalis_imagen-1-768x512.jpg 768w\" sizes=\"(max-width: 1200px) 100vw, 1200px\" \/><\/a>\n\t\t\t<\/div><\/figure><figure class='gallery-item'>\n\t\t\t<div class='gallery-icon landscape'>\n\t\t\t\t<a data-elementor-open-lightbox=\"yes\" data-elementor-lightbox-slideshow=\"cf89711\" data-elementor-lightbox-title=\"Homo Digitalis - Gemma Carreras S\u00e1nchez\" data-e-action-hash=\"#elementor-action%3Aaction%3Dlightbox%26settings%3DeyJpZCI6NzcxMSwidXJsIjoiaHR0cHM6XC9cL2dhdWRlYW11c3Byb2plY3RhLmRpc3NlbnlncmFmaWMub3JnXC93cC1jb250ZW50XC91cGxvYWRzXC8yMDIxXC8wNVwvNS1nZW1tYWNhcnJlcmFzX2hvbW9kaWdpdGFsaXNfaW1hZ2VuLTUuanBnIiwic2xpZGVzaG93IjoiY2Y4OTcxMSJ9\" href='https:\/\/gaudeamusprojecta.dissenygrafic.org\/wp-content\/uploads\/2021\/05\/5-gemmacarreras_homodigitalis_imagen-5.jpg'><img loading=\"lazy\" decoding=\"async\" width=\"1200\" height=\"800\" src=\"https:\/\/gaudeamusprojecta.dissenygrafic.org\/wp-content\/uploads\/2021\/05\/5-gemmacarreras_homodigitalis_imagen-5.jpg\" class=\"attachment-full size-full\" alt=\"\" srcset=\"https:\/\/gaudeamusprojecta.dissenygrafic.org\/wp-content\/uploads\/2021\/05\/5-gemmacarreras_homodigitalis_imagen-5.jpg 1200w, https:\/\/gaudeamusprojecta.dissenygrafic.org\/wp-content\/uploads\/2021\/05\/5-gemmacarreras_homodigitalis_imagen-5-300x200.jpg 300w, https:\/\/gaudeamusprojecta.dissenygrafic.org\/wp-content\/uploads\/2021\/05\/5-gemmacarreras_homodigitalis_imagen-5-1024x683.jpg 1024w, https:\/\/gaudeamusprojecta.dissenygrafic.org\/wp-content\/uploads\/2021\/05\/5-gemmacarreras_homodigitalis_imagen-5-768x512.jpg 768w\" sizes=\"(max-width: 1200px) 100vw, 1200px\" \/><\/a>\n\t\t\t<\/div><\/figure><figure class='gallery-item'>\n\t\t\t<div class='gallery-icon landscape'>\n\t\t\t\t<a data-elementor-open-lightbox=\"yes\" data-elementor-lightbox-slideshow=\"cf89711\" data-elementor-lightbox-title=\"Homo Digitalis - Gemma Carreras S\u00e1nchez\" data-e-action-hash=\"#elementor-action%3Aaction%3Dlightbox%26settings%3DeyJpZCI6NzcxMCwidXJsIjoiaHR0cHM6XC9cL2dhdWRlYW11c3Byb2plY3RhLmRpc3NlbnlncmFmaWMub3JnXC93cC1jb250ZW50XC91cGxvYWRzXC8yMDIxXC8wNVwvNS1nZW1tYWNhcnJlcmFzX2hvbW9kaWdpdGFsaXNfaW1hZ2VuLTQuanBnIiwic2xpZGVzaG93IjoiY2Y4OTcxMSJ9\" href='https:\/\/gaudeamusprojecta.dissenygrafic.org\/wp-content\/uploads\/2021\/05\/5-gemmacarreras_homodigitalis_imagen-4.jpg'><img loading=\"lazy\" decoding=\"async\" width=\"1200\" height=\"800\" src=\"https:\/\/gaudeamusprojecta.dissenygrafic.org\/wp-content\/uploads\/2021\/05\/5-gemmacarreras_homodigitalis_imagen-4.jpg\" class=\"attachment-full size-full\" alt=\"\" srcset=\"https:\/\/gaudeamusprojecta.dissenygrafic.org\/wp-content\/uploads\/2021\/05\/5-gemmacarreras_homodigitalis_imagen-4.jpg 1200w, https:\/\/gaudeamusprojecta.dissenygrafic.org\/wp-content\/uploads\/2021\/05\/5-gemmacarreras_homodigitalis_imagen-4-300x200.jpg 300w, https:\/\/gaudeamusprojecta.dissenygrafic.org\/wp-content\/uploads\/2021\/05\/5-gemmacarreras_homodigitalis_imagen-4-1024x683.jpg 1024w, https:\/\/gaudeamusprojecta.dissenygrafic.org\/wp-content\/uploads\/2021\/05\/5-gemmacarreras_homodigitalis_imagen-4-768x512.jpg 768w\" sizes=\"(max-width: 1200px) 100vw, 1200px\" \/><\/a>\n\t\t\t<\/div><\/figure><figure class='gallery-item'>\n\t\t\t<div class='gallery-icon landscape'>\n\t\t\t\t<a data-elementor-open-lightbox=\"yes\" data-elementor-lightbox-slideshow=\"cf89711\" data-elementor-lightbox-title=\"Homo Digitalis - Gemma Carreras S\u00e1nchez\" data-e-action-hash=\"#elementor-action%3Aaction%3Dlightbox%26settings%3DeyJpZCI6NzcwOSwidXJsIjoiaHR0cHM6XC9cL2dhdWRlYW11c3Byb2plY3RhLmRpc3NlbnlncmFmaWMub3JnXC93cC1jb250ZW50XC91cGxvYWRzXC8yMDIxXC8wNVwvNS1nZW1tYWNhcnJlcmFzX2hvbW9kaWdpdGFsaXNfaW1hZ2VuLTMuanBnIiwic2xpZGVzaG93IjoiY2Y4OTcxMSJ9\" href='https:\/\/gaudeamusprojecta.dissenygrafic.org\/wp-content\/uploads\/2021\/05\/5-gemmacarreras_homodigitalis_imagen-3.jpg'><img loading=\"lazy\" decoding=\"async\" width=\"1200\" height=\"800\" src=\"https:\/\/gaudeamusprojecta.dissenygrafic.org\/wp-content\/uploads\/2021\/05\/5-gemmacarreras_homodigitalis_imagen-3.jpg\" class=\"attachment-full size-full\" alt=\"\" srcset=\"https:\/\/gaudeamusprojecta.dissenygrafic.org\/wp-content\/uploads\/2021\/05\/5-gemmacarreras_homodigitalis_imagen-3.jpg 1200w, https:\/\/gaudeamusprojecta.dissenygrafic.org\/wp-content\/uploads\/2021\/05\/5-gemmacarreras_homodigitalis_imagen-3-300x200.jpg 300w, https:\/\/gaudeamusprojecta.dissenygrafic.org\/wp-content\/uploads\/2021\/05\/5-gemmacarreras_homodigitalis_imagen-3-1024x683.jpg 1024w, https:\/\/gaudeamusprojecta.dissenygrafic.org\/wp-content\/uploads\/2021\/05\/5-gemmacarreras_homodigitalis_imagen-3-768x512.jpg 768w\" sizes=\"(max-width: 1200px) 100vw, 1200px\" \/><\/a>\n\t\t\t<\/div><\/figure><figure class='gallery-item'>\n\t\t\t<div class='gallery-icon landscape'>\n\t\t\t\t<a data-elementor-open-lightbox=\"yes\" data-elementor-lightbox-slideshow=\"cf89711\" data-elementor-lightbox-title=\"Homo Digitalis - Gemma Carreras S\u00e1nchez\" data-e-action-hash=\"#elementor-action%3Aaction%3Dlightbox%26settings%3DeyJpZCI6NzcwOCwidXJsIjoiaHR0cHM6XC9cL2dhdWRlYW11c3Byb2plY3RhLmRpc3NlbnlncmFmaWMub3JnXC93cC1jb250ZW50XC91cGxvYWRzXC8yMDIxXC8wNVwvNS1nZW1tYWNhcnJlcmFzX2hvbW9kaWdpdGFsaXNfaW1hZ2VuLTIuanBnIiwic2xpZGVzaG93IjoiY2Y4OTcxMSJ9\" href='https:\/\/gaudeamusprojecta.dissenygrafic.org\/wp-content\/uploads\/2021\/05\/5-gemmacarreras_homodigitalis_imagen-2.jpg'><img loading=\"lazy\" decoding=\"async\" width=\"1200\" height=\"800\" src=\"https:\/\/gaudeamusprojecta.dissenygrafic.org\/wp-content\/uploads\/2021\/05\/5-gemmacarreras_homodigitalis_imagen-2.jpg\" class=\"attachment-full size-full\" alt=\"\" srcset=\"https:\/\/gaudeamusprojecta.dissenygrafic.org\/wp-content\/uploads\/2021\/05\/5-gemmacarreras_homodigitalis_imagen-2.jpg 1200w, https:\/\/gaudeamusprojecta.dissenygrafic.org\/wp-content\/uploads\/2021\/05\/5-gemmacarreras_homodigitalis_imagen-2-300x200.jpg 300w, https:\/\/gaudeamusprojecta.dissenygrafic.org\/wp-content\/uploads\/2021\/05\/5-gemmacarreras_homodigitalis_imagen-2-1024x683.jpg 1024w, https:\/\/gaudeamusprojecta.dissenygrafic.org\/wp-content\/uploads\/2021\/05\/5-gemmacarreras_homodigitalis_imagen-2-768x512.jpg 768w\" sizes=\"(max-width: 1200px) 100vw, 1200px\" \/><\/a>\n\t\t\t<\/div><\/figure>\n\t\t<\/div>\n\t\t<\/div>\n\t\t\t\t\t\t<\/div>\n\t\t\t\t<\/div>\n\t\t\t\t\t<\/div>\n\t\t<\/div>\n\t\t\t\t\t<\/div>\n\t\t<\/section>\n\t\t\t\t\t<\/div>\n\t\t<\/div>\n\t\t\t\t\t<\/div>\n\t\t<\/section>\n\t\t\t\t<section class=\"elementor-section elementor-inner-section elementor-element elementor-element-6582d0a6 elementor-section-boxed elementor-section-height-default elementor-section-height-default\" data-id=\"6582d0a6\" data-element_type=\"section\" data-e-type=\"section\">\n\t\t\t\t\t\t<div class=\"elementor-container elementor-column-gap-no\">\n\t\t\t\t\t<div class=\"elementor-column elementor-col-33 elementor-inner-column elementor-element elementor-element-135aa87\" data-id=\"135aa87\" data-element_type=\"column\" data-e-type=\"column\">\n\t\t\t<div class=\"elementor-widget-wrap elementor-element-populated\">\n\t\t\t\t\t\t<div class=\"elementor-element elementor-element-4128a8ba elementor-align-left elementor-tablet-align-center elementor-mobile-align-center elementor-widget elementor-widget-button\" data-id=\"4128a8ba\" data-element_type=\"widget\" data-e-type=\"widget\" data-widget_type=\"button.default\">\n\t\t\t\t<div class=\"elementor-widget-container\">\n\t\t\t\t\t\t\t\t\t<div class=\"elementor-button-wrapper\">\n\t\t\t\t\t<a class=\"elementor-button elementor-button-link elementor-size-md elementor-animation-skew-backward\" href=\"http:\/\/gaudeamusprojecta.dissenygrafic.org\/festa-major-caldes-de-malavella-2021\/\">\n\t\t\t\t\t\t<span class=\"elementor-button-content-wrapper\">\n\t\t\t\t\t\t<span class=\"elementor-button-icon\">\n\t\t\t\t<i aria-hidden=\"true\" class=\"fas fa-long-arrow-alt-left\"><\/i>\t\t\t<\/span>\n\t\t\t\t\t\t\t\t\t<span class=\"elementor-button-text\">Festa Major Caldes de Malavella 2021<\/span>\n\t\t\t\t\t<\/span>\n\t\t\t\t\t<\/a>\n\t\t\t\t<\/div>\n\t\t\t\t\t\t\t\t<\/div>\n\t\t\t\t<\/div>\n\t\t\t\t\t<\/div>\n\t\t<\/div>\n\t\t\t\t<div class=\"elementor-column elementor-col-33 elementor-inner-column elementor-element elementor-element-65144fe\" data-id=\"65144fe\" data-element_type=\"column\" data-e-type=\"column\">\n\t\t\t<div class=\"elementor-widget-wrap elementor-element-populated\">\n\t\t\t\t\t\t<div class=\"elementor-element elementor-element-5b5ef8d0 elementor-view-default elementor-widget elementor-widget-icon\" data-id=\"5b5ef8d0\" data-element_type=\"widget\" data-e-type=\"widget\" data-widget_type=\"icon.default\">\n\t\t\t\t<div class=\"elementor-widget-container\">\n\t\t\t\t\t\t\t<div class=\"elementor-icon-wrapper\">\n\t\t\t<a class=\"elementor-icon elementor-animation-grow\" href=\"http:\/\/gaudeamusprojecta.dissenygrafic.org\/es\/4a-edicion\">\n\t\t\t<i aria-hidden=\"true\" class=\"fas fa-th\"><\/i>\t\t\t<\/a>\n\t\t<\/div>\n\t\t\t\t\t\t<\/div>\n\t\t\t\t<\/div>\n\t\t\t\t\t<\/div>\n\t\t<\/div>\n\t\t\t\t<div class=\"elementor-column elementor-col-33 elementor-inner-column elementor-element elementor-element-1291e062\" data-id=\"1291e062\" data-element_type=\"column\" data-e-type=\"column\">\n\t\t\t<div class=\"elementor-widget-wrap elementor-element-populated\">\n\t\t\t\t\t\t<div class=\"elementor-element elementor-element-22a99d9e elementor-align-right elementor-tablet-align-center elementor-mobile-align-center elementor-widget elementor-widget-button\" data-id=\"22a99d9e\" data-element_type=\"widget\" data-e-type=\"widget\" data-widget_type=\"button.default\">\n\t\t\t\t<div class=\"elementor-widget-container\">\n\t\t\t\t\t\t\t\t\t<div class=\"elementor-button-wrapper\">\n\t\t\t\t\t<a class=\"elementor-button elementor-button-link elementor-size-md elementor-animation-skew-forward\" href=\"http:\/\/gaudeamusprojecta.dissenygrafic.org\/humanu\/\">\n\t\t\t\t\t\t<span class=\"elementor-button-content-wrapper\">\n\t\t\t\t\t\t<span class=\"elementor-button-icon\">\n\t\t\t\t<i aria-hidden=\"true\" class=\"fas fa-long-arrow-alt-right\"><\/i>\t\t\t<\/span>\n\t\t\t\t\t\t\t\t\t<span class=\"elementor-button-text\">Humanu<\/span>\n\t\t\t\t\t<\/span>\n\t\t\t\t\t<\/a>\n\t\t\t\t<\/div>\n\t\t\t\t\t\t\t\t<\/div>\n\t\t\t\t<\/div>\n\t\t\t\t\t<\/div>\n\t\t<\/div>\n\t\t\t\t\t<\/div>\n\t\t<\/section>\n\t\t\t\t<section class=\"elementor-section elementor-top-section elementor-element elementor-element-b9d5e24 elementor-section-boxed elementor-section-height-default elementor-section-height-default\" data-id=\"b9d5e24\" data-element_type=\"section\" data-e-type=\"section\" data-settings=\"{&quot;background_background&quot;:&quot;classic&quot;}\">\n\t\t\t\t\t\t<div class=\"elementor-container elementor-column-gap-no\">\n\t\t\t\t\t<div class=\"elementor-column elementor-col-100 elementor-top-column elementor-element elementor-element-b6a27da\" data-id=\"b6a27da\" data-element_type=\"column\" data-e-type=\"column\">\n\t\t\t<div class=\"elementor-widget-wrap\">\n\t\t\t\t\t\t\t<\/div>\n\t\t<\/div>\n\t\t\t\t\t<\/div>\n\t\t<\/section>\n\t\t\t\t<section class=\"elementor-section elementor-top-section elementor-element elementor-element-643ddfc elementor-section-boxed elementor-section-height-default elementor-section-height-default\" data-id=\"643ddfc\" data-element_type=\"section\" data-e-type=\"section\" data-settings=\"{&quot;background_background&quot;:&quot;classic&quot;}\">\n\t\t\t\t\t\t<div class=\"elementor-container elementor-column-gap-default\">\n\t\t\t\t\t<div class=\"elementor-column elementor-col-100 elementor-top-column elementor-element elementor-element-d54c6e7\" data-id=\"d54c6e7\" data-element_type=\"column\" data-e-type=\"column\">\n\t\t\t<div class=\"elementor-widget-wrap elementor-element-populated\">\n\t\t\t\t\t\t<div class=\"elementor-element elementor-element-5098be6 elementor-widget elementor-widget-heading\" data-id=\"5098be6\" data-element_type=\"widget\" data-e-type=\"widget\" data-widget_type=\"heading.default\">\n\t\t\t\t<div class=\"elementor-widget-container\">\n\t\t\t\t\t<h4 class=\"elementor-heading-title elementor-size-default\">\u00danete a nuestro Newsletter<\/h4>\t\t\t\t<\/div>\n\t\t\t\t<\/div>\n\t\t\t\t<div class=\"elementor-element elementor-element-2f1e8c7 elementor-align-center elementor-tablet-align-center elementor-mobile-align-center elementor-widget elementor-widget-button\" data-id=\"2f1e8c7\" data-element_type=\"widget\" data-e-type=\"widget\" data-widget_type=\"button.default\">\n\t\t\t\t<div class=\"elementor-widget-container\">\n\t\t\t\t\t\t\t\t\t<div class=\"elementor-button-wrapper\">\n\t\t\t\t\t<a class=\"elementor-button elementor-button-link elementor-size-md\" href=\"http:\/\/eepurl.com\/dyFHkD\">\n\t\t\t\t\t\t<span class=\"elementor-button-content-wrapper\">\n\t\t\t\t\t\t\t\t\t<span class=\"elementor-button-text\">SUSCRIBIRME<\/span>\n\t\t\t\t\t<\/span>\n\t\t\t\t\t<\/a>\n\t\t\t\t<\/div>\n\t\t\t\t\t\t\t\t<\/div>\n\t\t\t\t<\/div>\n\t\t\t\t\t<\/div>\n\t\t<\/div>\n\t\t\t\t\t<\/div>\n\t\t<\/section>\n\t\t\t\t<\/div>\n\t\t","protected":false},"excerpt":{"rendered":"<p>premios gaudeamus projecta 4\u00aa edici\u00f3n Homo Digitalis Disciplina y reflexi\u00f3n Gemma Carreras S\u00e1nchez centro: ESDi Escuela Superior de Dise\u00f1o Sabadell, Sabadell tutor\/a: Jofre-Lloren\u00e7 Sanfeliu Garcia La movilizaci\u00f3n popular como expresi\u00f3n libre y clara de la sociedad, de sus anhelos, ideales, necesidades, reivindicaciones y denuncias es la base sobre la que se construye este proyecto que [&hellip;]<\/p>\n","protected":false},"author":3,"featured_media":7707,"parent":0,"menu_order":0,"comment_status":"closed","ping_status":"closed","template":"","meta":{"site-sidebar-layout":"no-sidebar","site-content-layout":"page-builder","ast-site-content-layout":"default","site-content-style":"default","site-sidebar-style":"default","ast-global-header-display":"","ast-banner-title-visibility":"","ast-main-header-display":"","ast-hfb-above-header-display":"","ast-hfb-below-header-display":"","ast-hfb-mobile-header-display":"","site-post-title":"disabled","ast-breadcrumbs-content":"","ast-featured-img":"disabled","footer-sml-layout":"","ast-disable-related-posts":"","theme-transparent-header-meta":"enabled","adv-header-id-meta":"","stick-header-meta":"","header-above-stick-meta":"","header-main-stick-meta":"","header-below-stick-meta":"","astra-migrate-meta-layouts":"default","ast-page-background-enabled":"default","ast-page-background-meta":{"desktop":{"background-color":"","background-image":"","background-repeat":"repeat","background-position":"center center","background-size":"auto","background-attachment":"scroll","background-type":"","background-media":"","overlay-type":"","overlay-color":"","overlay-opacity":"","overlay-gradient":""},"tablet":{"background-color":"","background-image":"","background-repeat":"repeat","background-position":"center center","background-size":"auto","background-attachment":"scroll","background-type":"","background-media":"","overlay-type":"","overlay-color":"","overlay-opacity":"","overlay-gradient":""},"mobile":{"background-color":"","background-image":"","background-repeat":"repeat","background-position":"center center","background-size":"auto","background-attachment":"scroll","background-type":"","background-media":"","overlay-type":"","overlay-color":"","overlay-opacity":"","overlay-gradient":""}},"ast-content-background-meta":{"desktop":{"background-color":"var(--ast-global-color-5)","background-image":"","background-repeat":"repeat","background-position":"center center","background-size":"auto","background-attachment":"scroll","background-type":"","background-media":"","overlay-type":"","overlay-color":"","overlay-opacity":"","overlay-gradient":""},"tablet":{"background-color":"var(--ast-global-color-5)","background-image":"","background-repeat":"repeat","background-position":"center center","background-size":"auto","background-attachment":"scroll","background-type":"","background-media":"","overlay-type":"","overlay-color":"","overlay-opacity":"","overlay-gradient":""},"mobile":{"background-color":"var(--ast-global-color-5)","background-image":"","background-repeat":"repeat","background-position":"center center","background-size":"auto","background-attachment":"scroll","background-type":"","background-media":"","overlay-type":"","overlay-color":"","overlay-opacity":"","overlay-gradient":""}},"footnotes":""},"wf_page_folders":[112],"class_list":["post-8688","page","type-page","status-publish","has-post-thumbnail","hentry"],"yoast_head":"<!-- This site is optimized with the Yoast SEO plugin v27.1.1 - https:\/\/yoast.com\/product\/yoast-seo-wordpress\/ -->\n<title>Homo Digitalis - gaudeamusProjecta<\/title>\n<meta name=\"description\" content=\"La movilizaci\u00f3n popular como expresi\u00f3n libre y clara de la sociedad, de sus anhelos, ideales, necesidades, reivindicaciones y denuncias es la base sobre la que se construye este proyecto que propone de forma global canalizar y compartir estos impulsos.\" \/>\n<meta name=\"robots\" content=\"index, follow, max-snippet:-1, max-image-preview:large, max-video-preview:-1\" \/>\n<link rel=\"canonical\" href=\"https:\/\/gaudeamusprojecta.dissenygrafic.org\/es\/homo-digitalis\/\" \/>\n<meta property=\"og:locale\" content=\"es_ES\" \/>\n<meta property=\"og:type\" content=\"article\" \/>\n<meta property=\"og:title\" content=\"Homo Digitalis - gaudeamusProjecta\" \/>\n<meta property=\"og:description\" content=\"La movilizaci\u00f3n popular como expresi\u00f3n libre y clara de la sociedad, de sus anhelos, ideales, necesidades, reivindicaciones y denuncias es la base sobre la que se construye este proyecto que propone de forma global canalizar y compartir estos impulsos.\" \/>\n<meta property=\"og:url\" content=\"https:\/\/gaudeamusprojecta.dissenygrafic.org\/es\/homo-digitalis\/\" \/>\n<meta property=\"og:site_name\" content=\"gaudeamusProjecta\" \/>\n<meta property=\"article:modified_time\" content=\"2025-03-17T17:31:17+00:00\" \/>\n<meta property=\"og:image\" content=\"https:\/\/gaudeamusprojecta.dissenygrafic.org\/wp-content\/uploads\/2021\/05\/5-gemmacarreras_homodigitalis_imagen-1.jpg\" \/>\n<meta name=\"twitter:card\" content=\"summary_large_image\" \/>\n<meta name=\"twitter:image\" content=\"https:\/\/gaudeamusprojecta.dissenygrafic.org\/wp-content\/uploads\/2021\/05\/5-gemmacarreras_homodigitalis_imagen-1.jpg\" \/>\n<meta name=\"twitter:label1\" content=\"Tiempo de lectura\" \/>\n\t<meta name=\"twitter:data1\" content=\"1 minuto\" \/>\n<script type=\"application\/ld+json\" class=\"yoast-schema-graph\">{\"@context\":\"https:\/\/schema.org\",\"@graph\":[{\"@type\":\"WebPage\",\"@id\":\"https:\/\/gaudeamusprojecta.dissenygrafic.org\/es\/homo-digitalis\/\",\"url\":\"https:\/\/gaudeamusprojecta.dissenygrafic.org\/es\/homo-digitalis\/\",\"name\":\"Homo Digitalis - gaudeamusProjecta\",\"isPartOf\":{\"@id\":\"https:\/\/gaudeamusprojecta.dissenygrafic.org\/es\/#website\"},\"primaryImageOfPage\":{\"@id\":\"https:\/\/gaudeamusprojecta.dissenygrafic.org\/es\/homo-digitalis\/#primaryimage\"},\"image\":{\"@id\":\"https:\/\/gaudeamusprojecta.dissenygrafic.org\/es\/homo-digitalis\/#primaryimage\"},\"thumbnailUrl\":\"https:\/\/gaudeamusprojecta.dissenygrafic.org\/wp-content\/uploads\/2021\/05\/5-gemmacarreras_homodigitalis_imagen-1.jpg\",\"datePublished\":\"2021-05-25T16:35:36+00:00\",\"dateModified\":\"2025-03-17T17:31:17+00:00\",\"description\":\"La movilizaci\u00f3n popular como expresi\u00f3n libre y clara de la sociedad, de sus anhelos, ideales, necesidades, reivindicaciones y denuncias es la base sobre la que se construye este proyecto que propone de forma global canalizar y compartir estos impulsos.\",\"breadcrumb\":{\"@id\":\"https:\/\/gaudeamusprojecta.dissenygrafic.org\/es\/homo-digitalis\/#breadcrumb\"},\"inLanguage\":\"es\",\"potentialAction\":[{\"@type\":\"ReadAction\",\"target\":[\"https:\/\/gaudeamusprojecta.dissenygrafic.org\/es\/homo-digitalis\/\"]}]},{\"@type\":\"ImageObject\",\"inLanguage\":\"es\",\"@id\":\"https:\/\/gaudeamusprojecta.dissenygrafic.org\/es\/homo-digitalis\/#primaryimage\",\"url\":\"https:\/\/gaudeamusprojecta.dissenygrafic.org\/wp-content\/uploads\/2021\/05\/5-gemmacarreras_homodigitalis_imagen-1.jpg\",\"contentUrl\":\"https:\/\/gaudeamusprojecta.dissenygrafic.org\/wp-content\/uploads\/2021\/05\/5-gemmacarreras_homodigitalis_imagen-1.jpg\",\"width\":1200,\"height\":800},{\"@type\":\"BreadcrumbList\",\"@id\":\"https:\/\/gaudeamusprojecta.dissenygrafic.org\/es\/homo-digitalis\/#breadcrumb\",\"itemListElement\":[{\"@type\":\"ListItem\",\"position\":1,\"name\":\"Portada\",\"item\":\"https:\/\/gaudeamusprojecta.dissenygrafic.org\/es\/\"},{\"@type\":\"ListItem\",\"position\":2,\"name\":\"Homo Digitalis\"}]},{\"@type\":\"WebSite\",\"@id\":\"https:\/\/gaudeamusprojecta.dissenygrafic.org\/es\/#website\",\"url\":\"https:\/\/gaudeamusprojecta.dissenygrafic.org\/es\/\",\"name\":\"gaudeamusProjecta\",\"description\":\"Premi Projecte Fi de Grau de Disseny Gr\u00e0fic\",\"publisher\":{\"@id\":\"https:\/\/gaudeamusprojecta.dissenygrafic.org\/es\/#organization\"},\"potentialAction\":[{\"@type\":\"SearchAction\",\"target\":{\"@type\":\"EntryPoint\",\"urlTemplate\":\"https:\/\/gaudeamusprojecta.dissenygrafic.org\/es\/?s={search_term_string}\"},\"query-input\":{\"@type\":\"PropertyValueSpecification\",\"valueRequired\":true,\"valueName\":\"search_term_string\"}}],\"inLanguage\":\"es\"},{\"@type\":\"Organization\",\"@id\":\"https:\/\/gaudeamusprojecta.dissenygrafic.org\/es\/#organization\",\"name\":\"gaudeamusProjecta\",\"url\":\"https:\/\/gaudeamusprojecta.dissenygrafic.org\/es\/\",\"logo\":{\"@type\":\"ImageObject\",\"inLanguage\":\"es\",\"@id\":\"https:\/\/gaudeamusprojecta.dissenygrafic.org\/es\/#\/schema\/logo\/image\/\",\"url\":\"https:\/\/gaudeamusprojecta.dissenygrafic.org\/wp-content\/uploads\/2020\/09\/cropped-gaudeamusprojecta_logo-1.png\",\"contentUrl\":\"https:\/\/gaudeamusprojecta.dissenygrafic.org\/wp-content\/uploads\/2020\/09\/cropped-gaudeamusprojecta_logo-1.png\",\"width\":220,\"height\":64,\"caption\":\"gaudeamusProjecta\"},\"image\":{\"@id\":\"https:\/\/gaudeamusprojecta.dissenygrafic.org\/es\/#\/schema\/logo\/image\/\"}}]}<\/script>\n<!-- \/ Yoast SEO plugin. -->","yoast_head_json":{"title":"Homo Digitalis - gaudeamusProjecta","description":"La movilizaci\u00f3n popular como expresi\u00f3n libre y clara de la sociedad, de sus anhelos, ideales, necesidades, reivindicaciones y denuncias es la base sobre la que se construye este proyecto que propone de forma global canalizar y compartir estos impulsos.","robots":{"index":"index","follow":"follow","max-snippet":"max-snippet:-1","max-image-preview":"max-image-preview:large","max-video-preview":"max-video-preview:-1"},"canonical":"https:\/\/gaudeamusprojecta.dissenygrafic.org\/es\/homo-digitalis\/","og_locale":"es_ES","og_type":"article","og_title":"Homo Digitalis - gaudeamusProjecta","og_description":"La movilizaci\u00f3n popular como expresi\u00f3n libre y clara de la sociedad, de sus anhelos, ideales, necesidades, reivindicaciones y denuncias es la base sobre la que se construye este proyecto que propone de forma global canalizar y compartir estos impulsos.","og_url":"https:\/\/gaudeamusprojecta.dissenygrafic.org\/es\/homo-digitalis\/","og_site_name":"gaudeamusProjecta","article_modified_time":"2025-03-17T17:31:17+00:00","og_image":[{"url":"https:\/\/gaudeamusprojecta.dissenygrafic.org\/wp-content\/uploads\/2021\/05\/5-gemmacarreras_homodigitalis_imagen-1.jpg","type":"","width":"","height":""}],"twitter_card":"summary_large_image","twitter_image":"https:\/\/gaudeamusprojecta.dissenygrafic.org\/wp-content\/uploads\/2021\/05\/5-gemmacarreras_homodigitalis_imagen-1.jpg","twitter_misc":{"Tiempo de lectura":"1 minuto"},"schema":{"@context":"https:\/\/schema.org","@graph":[{"@type":"WebPage","@id":"https:\/\/gaudeamusprojecta.dissenygrafic.org\/es\/homo-digitalis\/","url":"https:\/\/gaudeamusprojecta.dissenygrafic.org\/es\/homo-digitalis\/","name":"Homo Digitalis - gaudeamusProjecta","isPartOf":{"@id":"https:\/\/gaudeamusprojecta.dissenygrafic.org\/es\/#website"},"primaryImageOfPage":{"@id":"https:\/\/gaudeamusprojecta.dissenygrafic.org\/es\/homo-digitalis\/#primaryimage"},"image":{"@id":"https:\/\/gaudeamusprojecta.dissenygrafic.org\/es\/homo-digitalis\/#primaryimage"},"thumbnailUrl":"https:\/\/gaudeamusprojecta.dissenygrafic.org\/wp-content\/uploads\/2021\/05\/5-gemmacarreras_homodigitalis_imagen-1.jpg","datePublished":"2021-05-25T16:35:36+00:00","dateModified":"2025-03-17T17:31:17+00:00","description":"La movilizaci\u00f3n popular como expresi\u00f3n libre y clara de la sociedad, de sus anhelos, ideales, necesidades, reivindicaciones y denuncias es la base sobre la que se construye este proyecto que propone de forma global canalizar y compartir estos impulsos.","breadcrumb":{"@id":"https:\/\/gaudeamusprojecta.dissenygrafic.org\/es\/homo-digitalis\/#breadcrumb"},"inLanguage":"es","potentialAction":[{"@type":"ReadAction","target":["https:\/\/gaudeamusprojecta.dissenygrafic.org\/es\/homo-digitalis\/"]}]},{"@type":"ImageObject","inLanguage":"es","@id":"https:\/\/gaudeamusprojecta.dissenygrafic.org\/es\/homo-digitalis\/#primaryimage","url":"https:\/\/gaudeamusprojecta.dissenygrafic.org\/wp-content\/uploads\/2021\/05\/5-gemmacarreras_homodigitalis_imagen-1.jpg","contentUrl":"https:\/\/gaudeamusprojecta.dissenygrafic.org\/wp-content\/uploads\/2021\/05\/5-gemmacarreras_homodigitalis_imagen-1.jpg","width":1200,"height":800},{"@type":"BreadcrumbList","@id":"https:\/\/gaudeamusprojecta.dissenygrafic.org\/es\/homo-digitalis\/#breadcrumb","itemListElement":[{"@type":"ListItem","position":1,"name":"Portada","item":"https:\/\/gaudeamusprojecta.dissenygrafic.org\/es\/"},{"@type":"ListItem","position":2,"name":"Homo Digitalis"}]},{"@type":"WebSite","@id":"https:\/\/gaudeamusprojecta.dissenygrafic.org\/es\/#website","url":"https:\/\/gaudeamusprojecta.dissenygrafic.org\/es\/","name":"gaudeamusProjecta","description":"Premi Projecte Fi de Grau de Disseny Gr\u00e0fic","publisher":{"@id":"https:\/\/gaudeamusprojecta.dissenygrafic.org\/es\/#organization"},"potentialAction":[{"@type":"SearchAction","target":{"@type":"EntryPoint","urlTemplate":"https:\/\/gaudeamusprojecta.dissenygrafic.org\/es\/?s={search_term_string}"},"query-input":{"@type":"PropertyValueSpecification","valueRequired":true,"valueName":"search_term_string"}}],"inLanguage":"es"},{"@type":"Organization","@id":"https:\/\/gaudeamusprojecta.dissenygrafic.org\/es\/#organization","name":"gaudeamusProjecta","url":"https:\/\/gaudeamusprojecta.dissenygrafic.org\/es\/","logo":{"@type":"ImageObject","inLanguage":"es","@id":"https:\/\/gaudeamusprojecta.dissenygrafic.org\/es\/#\/schema\/logo\/image\/","url":"https:\/\/gaudeamusprojecta.dissenygrafic.org\/wp-content\/uploads\/2020\/09\/cropped-gaudeamusprojecta_logo-1.png","contentUrl":"https:\/\/gaudeamusprojecta.dissenygrafic.org\/wp-content\/uploads\/2020\/09\/cropped-gaudeamusprojecta_logo-1.png","width":220,"height":64,"caption":"gaudeamusProjecta"},"image":{"@id":"https:\/\/gaudeamusprojecta.dissenygrafic.org\/es\/#\/schema\/logo\/image\/"}}]}},"_links":{"self":[{"href":"https:\/\/gaudeamusprojecta.dissenygrafic.org\/es\/wp-json\/wp\/v2\/pages\/8688","targetHints":{"allow":["GET"]}}],"collection":[{"href":"https:\/\/gaudeamusprojecta.dissenygrafic.org\/es\/wp-json\/wp\/v2\/pages"}],"about":[{"href":"https:\/\/gaudeamusprojecta.dissenygrafic.org\/es\/wp-json\/wp\/v2\/types\/page"}],"author":[{"embeddable":true,"href":"https:\/\/gaudeamusprojecta.dissenygrafic.org\/es\/wp-json\/wp\/v2\/users\/3"}],"replies":[{"embeddable":true,"href":"https:\/\/gaudeamusprojecta.dissenygrafic.org\/es\/wp-json\/wp\/v2\/comments?post=8688"}],"version-history":[{"count":8,"href":"https:\/\/gaudeamusprojecta.dissenygrafic.org\/es\/wp-json\/wp\/v2\/pages\/8688\/revisions"}],"predecessor-version":[{"id":15152,"href":"https:\/\/gaudeamusprojecta.dissenygrafic.org\/es\/wp-json\/wp\/v2\/pages\/8688\/revisions\/15152"}],"wp:featuredmedia":[{"embeddable":true,"href":"https:\/\/gaudeamusprojecta.dissenygrafic.org\/es\/wp-json\/wp\/v2\/media\/7707"}],"wp:attachment":[{"href":"https:\/\/gaudeamusprojecta.dissenygrafic.org\/es\/wp-json\/wp\/v2\/media?parent=8688"}],"wp:term":[{"taxonomy":"wf_page_folders","embeddable":true,"href":"https:\/\/gaudeamusprojecta.dissenygrafic.org\/es\/wp-json\/wp\/v2\/wf_page_folders?post=8688"}],"curies":[{"name":"wp","href":"https:\/\/api.w.org\/{rel}","templated":true}]}}