{"id":8703,"date":"2022-09-12T19:39:19","date_gmt":"2022-09-12T17:39:19","guid":{"rendered":"https:\/\/gaudeamusprojecta.dissenygrafic.org\/la-costa-brama\/"},"modified":"2025-03-27T19:05:27","modified_gmt":"2025-03-27T17:05:27","slug":"la-costa-brama","status":"publish","type":"page","link":"https:\/\/gaudeamusprojecta.dissenygrafic.org\/es\/la-costa-brama\/","title":{"rendered":"La costa brama"},"content":{"rendered":"\t\t<div data-elementor-type=\"wp-post\" data-elementor-id=\"8703\" class=\"elementor elementor-8703 elementor-6072\">\n\t\t\t\t\t\t<section class=\"elementor-section elementor-top-section elementor-element elementor-element-6cee9f0e elementor-section-boxed elementor-section-height-default elementor-section-height-default\" data-id=\"6cee9f0e\" data-element_type=\"section\" data-e-type=\"section\" data-settings=\"{&quot;background_background&quot;:&quot;classic&quot;}\">\n\t\t\t\t\t\t<div class=\"elementor-container elementor-column-gap-no\">\n\t\t\t\t\t\t<\/div>\n\t\t<\/section>\n\t\t\t\t<section class=\"elementor-section elementor-top-section elementor-element elementor-element-2bcf865 elementor-section-boxed elementor-section-height-default elementor-section-height-default\" data-id=\"2bcf865\" data-element_type=\"section\" data-e-type=\"section\" data-settings=\"{&quot;background_background&quot;:&quot;classic&quot;}\">\n\t\t\t\t\t\t<div class=\"elementor-container elementor-column-gap-no\">\n\t\t\t\t\t<div class=\"elementor-column elementor-col-100 elementor-top-column elementor-element elementor-element-a8e3260\" data-id=\"a8e3260\" data-element_type=\"column\" data-e-type=\"column\">\n\t\t\t<div class=\"elementor-widget-wrap elementor-element-populated\">\n\t\t\t\t\t\t<div class=\"elementor-element elementor-element-772e18f7 elementor-widget elementor-widget-heading\" data-id=\"772e18f7\" data-element_type=\"widget\" data-e-type=\"widget\" data-widget_type=\"heading.default\">\n\t\t\t\t<div class=\"elementor-widget-container\">\n\t\t\t\t\t<h6 class=\"elementor-heading-title elementor-size-default\">premios gaudeamus projecta 5\u00aa edici\u00f3n<\/h6>\t\t\t\t<\/div>\n\t\t\t\t<\/div>\n\t\t\t\t<div class=\"elementor-element elementor-element-cd55e31 elementor-widget elementor-widget-heading\" data-id=\"cd55e31\" data-element_type=\"widget\" data-e-type=\"widget\" data-widget_type=\"heading.default\">\n\t\t\t\t<div class=\"elementor-widget-container\">\n\t\t\t\t\t<h1 class=\"elementor-heading-title elementor-size-default\"><a href=\"http:\/\/gaudeamusprojecta.dissenygrafic.org\/chaopapi\/\">La costa brama<\/a><\/h1>\t\t\t\t<\/div>\n\t\t\t\t<\/div>\n\t\t\t\t\t<\/div>\n\t\t<\/div>\n\t\t\t\t\t<\/div>\n\t\t<\/section>\n\t\t\t\t<section class=\"elementor-section elementor-top-section elementor-element elementor-element-53569744 elementor-section-boxed elementor-section-height-default elementor-section-height-default\" data-id=\"53569744\" data-element_type=\"section\" data-e-type=\"section\" data-settings=\"{&quot;background_background&quot;:&quot;classic&quot;}\">\n\t\t\t\t\t\t<div class=\"elementor-container elementor-column-gap-no\">\n\t\t\t\t\t<div class=\"elementor-column elementor-col-100 elementor-top-column elementor-element elementor-element-5f3a88d3\" data-id=\"5f3a88d3\" data-element_type=\"column\" data-e-type=\"column\">\n\t\t\t<div class=\"elementor-widget-wrap elementor-element-populated\">\n\t\t\t\t\t\t<section class=\"elementor-section elementor-inner-section elementor-element elementor-element-546e11c1 elementor-section-boxed elementor-section-height-default elementor-section-height-default\" data-id=\"546e11c1\" data-element_type=\"section\" data-e-type=\"section\">\n\t\t\t\t\t\t<div class=\"elementor-container elementor-column-gap-no\">\n\t\t\t\t\t<div class=\"elementor-column elementor-col-50 elementor-inner-column elementor-element elementor-element-182144ae\" data-id=\"182144ae\" data-element_type=\"column\" data-e-type=\"column\">\n\t\t\t<div class=\"elementor-widget-wrap elementor-element-populated\">\n\t\t\t\t\t\t<div class=\"elementor-element elementor-element-8cd589c elementor-widget elementor-widget-image\" data-id=\"8cd589c\" data-element_type=\"widget\" data-e-type=\"widget\" data-widget_type=\"image.default\">\n\t\t\t\t<div class=\"elementor-widget-container\">\n\t\t\t\t\t\t\t\t\t\t\t\t\t\t\t<img fetchpriority=\"high\" decoding=\"async\" width=\"500\" height=\"500\" src=\"https:\/\/gaudeamusprojecta.dissenygrafic.org\/wp-content\/uploads\/2022\/09\/18_Alicia_Ferreiro.jpg\" class=\"attachment-large size-large wp-image-7940\" alt=\"\" srcset=\"https:\/\/gaudeamusprojecta.dissenygrafic.org\/wp-content\/uploads\/2022\/09\/18_Alicia_Ferreiro.jpg 500w, https:\/\/gaudeamusprojecta.dissenygrafic.org\/wp-content\/uploads\/2022\/09\/18_Alicia_Ferreiro-300x300.jpg 300w, https:\/\/gaudeamusprojecta.dissenygrafic.org\/wp-content\/uploads\/2022\/09\/18_Alicia_Ferreiro-150x150.jpg 150w\" sizes=\"(max-width: 500px) 100vw, 500px\" \/>\t\t\t\t\t\t\t\t\t\t\t\t\t\t\t<\/div>\n\t\t\t\t<\/div>\n\t\t\t\t<div class=\"elementor-element elementor-element-44366da8 elementor-widget elementor-widget-heading\" data-id=\"44366da8\" data-element_type=\"widget\" data-e-type=\"widget\" data-widget_type=\"heading.default\">\n\t\t\t\t<div class=\"elementor-widget-container\">\n\t\t\t\t\t<h3 class=\"elementor-heading-title elementor-size-default\">Al\u00edcia Ferreiro Luque<\/h3>\t\t\t\t<\/div>\n\t\t\t\t<\/div>\n\t\t\t\t<div class=\"elementor-element elementor-element-7eddb43 elementor-widget elementor-widget-heading\" data-id=\"7eddb43\" data-element_type=\"widget\" data-e-type=\"widget\" data-widget_type=\"heading.default\">\n\t\t\t\t<div class=\"elementor-widget-container\">\n\t\t\t\t\t<h6 class=\"elementor-heading-title elementor-size-default\">centro: ESDAP Catalunya<\/h6>\t\t\t\t<\/div>\n\t\t\t\t<\/div>\n\t\t\t\t<div class=\"elementor-element elementor-element-89ccc77 elementor-widget elementor-widget-heading\" data-id=\"89ccc77\" data-element_type=\"widget\" data-e-type=\"widget\" data-widget_type=\"heading.default\">\n\t\t\t\t<div class=\"elementor-widget-container\">\n\t\t\t\t\t<h6 class=\"elementor-heading-title elementor-size-default\">tutor\/a: Gemma Reixach<\/h6>\t\t\t\t<\/div>\n\t\t\t\t<\/div>\n\t\t\t\t<div class=\"elementor-element elementor-element-280d31a elementor-widget-divider--view-line elementor-widget elementor-widget-divider\" data-id=\"280d31a\" data-element_type=\"widget\" data-e-type=\"widget\" data-widget_type=\"divider.default\">\n\t\t\t\t<div class=\"elementor-widget-container\">\n\t\t\t\t\t\t\t<div class=\"elementor-divider\">\n\t\t\t<span class=\"elementor-divider-separator\">\n\t\t\t\t\t\t<\/span>\n\t\t<\/div>\n\t\t\t\t\t\t<\/div>\n\t\t\t\t<\/div>\n\t\t\t\t<div class=\"elementor-element elementor-element-69bcc625 elementor-widget elementor-widget-text-editor\" data-id=\"69bcc625\" data-element_type=\"widget\" data-e-type=\"widget\" data-widget_type=\"text-editor.default\">\n\t\t\t\t<div class=\"elementor-widget-container\">\n\t\t\t\t\t\t\t\t\t<p><span style=\"font-weight: 400;\">Identidad visual, campa\u00f1a. El dise\u00f1o gr\u00e1fico es una disciplina amplia, transversal, multifac\u00e9tica, omnipresente y, en lo can\u00f3nico, neutral. Sus proyectos, las acciones, no tienen por qu\u00e9 ser neutrales. Atraer, narrar, compartir para actuar, para cambiar. Son muchas las causas que requieren nuestra acci\u00f3n y ninguna de ellas es poco relevante si ayuda a la sociedad.<\/span><\/p>\n\t\t\t\t\t\t\t\t<\/div>\n\t\t\t\t<\/div>\n\t\t\t\t<div class=\"elementor-element elementor-element-1c71de8 elementor-list-item-link-inline elementor-icon-list--layout-traditional elementor-widget elementor-widget-icon-list\" data-id=\"1c71de8\" data-element_type=\"widget\" data-e-type=\"widget\" data-widget_type=\"icon-list.default\">\n\t\t\t\t<div class=\"elementor-widget-container\">\n\t\t\t\t\t\t\t<ul class=\"elementor-icon-list-items\">\n\t\t\t\t\t\t\t<li class=\"elementor-icon-list-item\">\n\t\t\t\t\t\t\t\t\t\t\t<a href=\"https:\/\/www.instagram.com\/alizeferreiro\" target=\"_blank\">\n\n\t\t\t\t\t\t\t\t\t\t\t\t<span class=\"elementor-icon-list-icon\">\n\t\t\t\t\t\t\t<i aria-hidden=\"true\" class=\"fab fa-instagram\"><\/i>\t\t\t\t\t\t<\/span>\n\t\t\t\t\t\t\t\t\t\t<span class=\"elementor-icon-list-text\">@alizeferreiro<\/span>\n\t\t\t\t\t\t\t\t\t\t\t<\/a>\n\t\t\t\t\t\t\t\t\t<\/li>\n\t\t\t\t\t\t<\/ul>\n\t\t\t\t\t\t<\/div>\n\t\t\t\t<\/div>\n\t\t\t\t\t<\/div>\n\t\t<\/div>\n\t\t\t\t<div class=\"elementor-column elementor-col-50 elementor-inner-column elementor-element elementor-element-77281dc6\" data-id=\"77281dc6\" data-element_type=\"column\" data-e-type=\"column\">\n\t\t\t<div class=\"elementor-widget-wrap elementor-element-populated\">\n\t\t\t\t\t\t<div class=\"elementor-element elementor-element-bd7c2a2 elementor-widget elementor-widget-video\" data-id=\"bd7c2a2\" data-element_type=\"widget\" data-e-type=\"widget\" data-settings=\"{&quot;youtube_url&quot;:&quot;https:\\\/\\\/www.youtube.com\\\/watch?v=EGs9yRkN1Ks&amp;list=PLv3rE12czzeJspvohFT_Jz3a0l0PwnM-D&amp;index=7&quot;,&quot;video_type&quot;:&quot;youtube&quot;,&quot;controls&quot;:&quot;yes&quot;}\" data-widget_type=\"video.default\">\n\t\t\t\t<div class=\"elementor-widget-container\">\n\t\t\t\t\t\t\t<div class=\"elementor-wrapper elementor-open-inline\">\n\t\t\t<div class=\"elementor-video\"><\/div>\t\t<\/div>\n\t\t\t\t\t\t<\/div>\n\t\t\t\t<\/div>\n\t\t\t\t<div class=\"elementor-element elementor-element-cf89711 gallery-spacing-custom elementor-widget elementor-widget-image-gallery\" data-id=\"cf89711\" data-element_type=\"widget\" data-e-type=\"widget\" data-widget_type=\"image-gallery.default\">\n\t\t\t\t<div class=\"elementor-widget-container\">\n\t\t\t\t\t\t\t<div class=\"elementor-image-gallery\">\n\t\t\t<div id='gallery-1' class='gallery galleryid-8703 gallery-columns-1 gallery-size-full'><figure class='gallery-item'>\n\t\t\t<div class='gallery-icon landscape'>\n\t\t\t\t<a data-elementor-open-lightbox=\"yes\" data-elementor-lightbox-slideshow=\"cf89711\" data-elementor-lightbox-title=\"La costa brama\" data-e-action-hash=\"#elementor-action%3Aaction%3Dlightbox%26settings%3DeyJpZCI6Nzk0MiwidXJsIjoiaHR0cHM6XC9cL2dhdWRlYW11c3Byb2plY3RhLmRpc3NlbnlncmFmaWMub3JnXC93cC1jb250ZW50XC91cGxvYWRzXC8yMDIyXC8wOVwvNl9BbGljaWFGZXJyZWlyb0x1cXVlX0xhX0Nvc3RhX0JyYW1hX2ltZzJfRWFzeS1SZXNpemUuY29tXy5qcGciLCJzbGlkZXNob3ciOiJjZjg5NzExIn0%3D\" href='https:\/\/gaudeamusprojecta.dissenygrafic.org\/wp-content\/uploads\/2022\/09\/6_AliciaFerreiroLuque_La_Costa_Brama_img2_Easy-Resize.com_.jpg'><img decoding=\"async\" width=\"1280\" height=\"905\" src=\"https:\/\/gaudeamusprojecta.dissenygrafic.org\/wp-content\/uploads\/2022\/09\/6_AliciaFerreiroLuque_La_Costa_Brama_img2_Easy-Resize.com_.jpg\" class=\"attachment-full size-full\" alt=\"\" srcset=\"https:\/\/gaudeamusprojecta.dissenygrafic.org\/wp-content\/uploads\/2022\/09\/6_AliciaFerreiroLuque_La_Costa_Brama_img2_Easy-Resize.com_.jpg 1280w, https:\/\/gaudeamusprojecta.dissenygrafic.org\/wp-content\/uploads\/2022\/09\/6_AliciaFerreiroLuque_La_Costa_Brama_img2_Easy-Resize.com_-300x212.jpg 300w, https:\/\/gaudeamusprojecta.dissenygrafic.org\/wp-content\/uploads\/2022\/09\/6_AliciaFerreiroLuque_La_Costa_Brama_img2_Easy-Resize.com_-1024x724.jpg 1024w, https:\/\/gaudeamusprojecta.dissenygrafic.org\/wp-content\/uploads\/2022\/09\/6_AliciaFerreiroLuque_La_Costa_Brama_img2_Easy-Resize.com_-768x543.jpg 768w\" sizes=\"(max-width: 1280px) 100vw, 1280px\" \/><\/a>\n\t\t\t<\/div><\/figure><figure class='gallery-item'>\n\t\t\t<div class='gallery-icon landscape'>\n\t\t\t\t<a data-elementor-open-lightbox=\"yes\" data-elementor-lightbox-slideshow=\"cf89711\" data-elementor-lightbox-title=\"La costa brama\" data-e-action-hash=\"#elementor-action%3Aaction%3Dlightbox%26settings%3DeyJpZCI6Nzk0NSwidXJsIjoiaHR0cHM6XC9cL2dhdWRlYW11c3Byb2plY3RhLmRpc3NlbnlncmFmaWMub3JnXC93cC1jb250ZW50XC91cGxvYWRzXC8yMDIyXC8wOVwvNl9BbGljaWFGZXJyZWlyb0x1cXVlX0xhX0Nvc3RhX0JyYW1hX2ltZzVfRWFzeS1SZXNpemUuY29tXy5qcGciLCJzbGlkZXNob3ciOiJjZjg5NzExIn0%3D\" href='https:\/\/gaudeamusprojecta.dissenygrafic.org\/wp-content\/uploads\/2022\/09\/6_AliciaFerreiroLuque_La_Costa_Brama_img5_Easy-Resize.com_.jpg'><img decoding=\"async\" width=\"1280\" height=\"905\" src=\"https:\/\/gaudeamusprojecta.dissenygrafic.org\/wp-content\/uploads\/2022\/09\/6_AliciaFerreiroLuque_La_Costa_Brama_img5_Easy-Resize.com_.jpg\" class=\"attachment-full size-full\" alt=\"\" srcset=\"https:\/\/gaudeamusprojecta.dissenygrafic.org\/wp-content\/uploads\/2022\/09\/6_AliciaFerreiroLuque_La_Costa_Brama_img5_Easy-Resize.com_.jpg 1280w, https:\/\/gaudeamusprojecta.dissenygrafic.org\/wp-content\/uploads\/2022\/09\/6_AliciaFerreiroLuque_La_Costa_Brama_img5_Easy-Resize.com_-300x212.jpg 300w, https:\/\/gaudeamusprojecta.dissenygrafic.org\/wp-content\/uploads\/2022\/09\/6_AliciaFerreiroLuque_La_Costa_Brama_img5_Easy-Resize.com_-1024x724.jpg 1024w, https:\/\/gaudeamusprojecta.dissenygrafic.org\/wp-content\/uploads\/2022\/09\/6_AliciaFerreiroLuque_La_Costa_Brama_img5_Easy-Resize.com_-768x543.jpg 768w\" sizes=\"(max-width: 1280px) 100vw, 1280px\" \/><\/a>\n\t\t\t<\/div><\/figure><figure class='gallery-item'>\n\t\t\t<div class='gallery-icon landscape'>\n\t\t\t\t<a data-elementor-open-lightbox=\"yes\" data-elementor-lightbox-slideshow=\"cf89711\" data-elementor-lightbox-title=\"La costa brama\" data-e-action-hash=\"#elementor-action%3Aaction%3Dlightbox%26settings%3DeyJpZCI6Nzk0MywidXJsIjoiaHR0cHM6XC9cL2dhdWRlYW11c3Byb2plY3RhLmRpc3NlbnlncmFmaWMub3JnXC93cC1jb250ZW50XC91cGxvYWRzXC8yMDIyXC8wOVwvNl9BbGljaWFGZXJyZWlyb0x1cXVlX0xhX0Nvc3RhX0JyYW1hX2ltZzNfRWFzeS1SZXNpemUuY29tXy5qcGciLCJzbGlkZXNob3ciOiJjZjg5NzExIn0%3D\" href='https:\/\/gaudeamusprojecta.dissenygrafic.org\/wp-content\/uploads\/2022\/09\/6_AliciaFerreiroLuque_La_Costa_Brama_img3_Easy-Resize.com_.jpg'><img loading=\"lazy\" decoding=\"async\" width=\"1280\" height=\"905\" src=\"https:\/\/gaudeamusprojecta.dissenygrafic.org\/wp-content\/uploads\/2022\/09\/6_AliciaFerreiroLuque_La_Costa_Brama_img3_Easy-Resize.com_.jpg\" class=\"attachment-full size-full\" alt=\"\" srcset=\"https:\/\/gaudeamusprojecta.dissenygrafic.org\/wp-content\/uploads\/2022\/09\/6_AliciaFerreiroLuque_La_Costa_Brama_img3_Easy-Resize.com_.jpg 1280w, https:\/\/gaudeamusprojecta.dissenygrafic.org\/wp-content\/uploads\/2022\/09\/6_AliciaFerreiroLuque_La_Costa_Brama_img3_Easy-Resize.com_-300x212.jpg 300w, https:\/\/gaudeamusprojecta.dissenygrafic.org\/wp-content\/uploads\/2022\/09\/6_AliciaFerreiroLuque_La_Costa_Brama_img3_Easy-Resize.com_-1024x724.jpg 1024w, https:\/\/gaudeamusprojecta.dissenygrafic.org\/wp-content\/uploads\/2022\/09\/6_AliciaFerreiroLuque_La_Costa_Brama_img3_Easy-Resize.com_-768x543.jpg 768w\" sizes=\"(max-width: 1280px) 100vw, 1280px\" \/><\/a>\n\t\t\t<\/div><\/figure><figure class='gallery-item'>\n\t\t\t<div class='gallery-icon landscape'>\n\t\t\t\t<a data-elementor-open-lightbox=\"yes\" data-elementor-lightbox-slideshow=\"cf89711\" data-elementor-lightbox-title=\"La costa brama\" data-e-action-hash=\"#elementor-action%3Aaction%3Dlightbox%26settings%3DeyJpZCI6Nzk0NCwidXJsIjoiaHR0cHM6XC9cL2dhdWRlYW11c3Byb2plY3RhLmRpc3NlbnlncmFmaWMub3JnXC93cC1jb250ZW50XC91cGxvYWRzXC8yMDIyXC8wOVwvNl9BbGljaWFGZXJyZWlyb0x1cXVlX0xhX0Nvc3RhX0JyYW1hX2ltZzRfRWFzeS1SZXNpemUuY29tXy5qcGciLCJzbGlkZXNob3ciOiJjZjg5NzExIn0%3D\" href='https:\/\/gaudeamusprojecta.dissenygrafic.org\/wp-content\/uploads\/2022\/09\/6_AliciaFerreiroLuque_La_Costa_Brama_img4_Easy-Resize.com_.jpg'><img loading=\"lazy\" decoding=\"async\" width=\"1280\" height=\"905\" src=\"https:\/\/gaudeamusprojecta.dissenygrafic.org\/wp-content\/uploads\/2022\/09\/6_AliciaFerreiroLuque_La_Costa_Brama_img4_Easy-Resize.com_.jpg\" class=\"attachment-full size-full\" alt=\"\" srcset=\"https:\/\/gaudeamusprojecta.dissenygrafic.org\/wp-content\/uploads\/2022\/09\/6_AliciaFerreiroLuque_La_Costa_Brama_img4_Easy-Resize.com_.jpg 1280w, https:\/\/gaudeamusprojecta.dissenygrafic.org\/wp-content\/uploads\/2022\/09\/6_AliciaFerreiroLuque_La_Costa_Brama_img4_Easy-Resize.com_-300x212.jpg 300w, https:\/\/gaudeamusprojecta.dissenygrafic.org\/wp-content\/uploads\/2022\/09\/6_AliciaFerreiroLuque_La_Costa_Brama_img4_Easy-Resize.com_-1024x724.jpg 1024w, https:\/\/gaudeamusprojecta.dissenygrafic.org\/wp-content\/uploads\/2022\/09\/6_AliciaFerreiroLuque_La_Costa_Brama_img4_Easy-Resize.com_-768x543.jpg 768w\" sizes=\"(max-width: 1280px) 100vw, 1280px\" \/><\/a>\n\t\t\t<\/div><\/figure>\n\t\t<\/div>\n\t\t<\/div>\n\t\t\t\t\t\t<\/div>\n\t\t\t\t<\/div>\n\t\t\t\t\t<\/div>\n\t\t<\/div>\n\t\t\t\t\t<\/div>\n\t\t<\/section>\n\t\t\t\t\t<\/div>\n\t\t<\/div>\n\t\t\t\t\t<\/div>\n\t\t<\/section>\n\t\t\t\t<section class=\"elementor-section elementor-inner-section elementor-element elementor-element-2c7833c8 elementor-section-boxed elementor-section-height-default elementor-section-height-default\" data-id=\"2c7833c8\" data-element_type=\"section\" data-e-type=\"section\">\n\t\t\t\t\t\t<div class=\"elementor-container elementor-column-gap-no\">\n\t\t\t\t\t<div class=\"elementor-column elementor-col-33 elementor-inner-column elementor-element elementor-element-728df5cf\" data-id=\"728df5cf\" data-element_type=\"column\" data-e-type=\"column\">\n\t\t\t<div class=\"elementor-widget-wrap elementor-element-populated\">\n\t\t\t\t\t\t<div class=\"elementor-element elementor-element-2268525b elementor-align-left elementor-tablet-align-center elementor-mobile-align-center elementor-widget elementor-widget-button\" data-id=\"2268525b\" data-element_type=\"widget\" data-e-type=\"widget\" data-widget_type=\"button.default\">\n\t\t\t\t<div class=\"elementor-widget-container\">\n\t\t\t\t\t\t\t\t\t<div class=\"elementor-button-wrapper\">\n\t\t\t\t\t<a class=\"elementor-button elementor-button-link elementor-size-md elementor-animation-skew-backward\" href=\"http:\/\/gaudeamusprojecta.dissenygrafic.org\/jo-tambe-soc-marimacho\/\">\n\t\t\t\t\t\t<span class=\"elementor-button-content-wrapper\">\n\t\t\t\t\t\t<span class=\"elementor-button-icon\">\n\t\t\t\t<i aria-hidden=\"true\" class=\"fas fa-long-arrow-alt-left\"><\/i>\t\t\t<\/span>\n\t\t\t\t\t\t\t\t\t<span class=\"elementor-button-text\"> Jo tamb\u00e9 s\u00f3c Marimacho<\/span>\n\t\t\t\t\t<\/span>\n\t\t\t\t\t<\/a>\n\t\t\t\t<\/div>\n\t\t\t\t\t\t\t\t<\/div>\n\t\t\t\t<\/div>\n\t\t\t\t\t<\/div>\n\t\t<\/div>\n\t\t\t\t<div class=\"elementor-column elementor-col-33 elementor-inner-column elementor-element elementor-element-3b98ba31\" data-id=\"3b98ba31\" data-element_type=\"column\" data-e-type=\"column\">\n\t\t\t<div class=\"elementor-widget-wrap elementor-element-populated\">\n\t\t\t\t\t\t<div class=\"elementor-element elementor-element-45601989 elementor-view-default elementor-widget elementor-widget-icon\" data-id=\"45601989\" data-element_type=\"widget\" data-e-type=\"widget\" data-widget_type=\"icon.default\">\n\t\t\t\t<div class=\"elementor-widget-container\">\n\t\t\t\t\t\t\t<div class=\"elementor-icon-wrapper\">\n\t\t\t<a class=\"elementor-icon elementor-animation-grow\" href=\"http:\/\/gaudeamusprojecta.dissenygrafic.org\/es\/5a-edicion\">\n\t\t\t<i aria-hidden=\"true\" class=\"fas fa-th\"><\/i>\t\t\t<\/a>\n\t\t<\/div>\n\t\t\t\t\t\t<\/div>\n\t\t\t\t<\/div>\n\t\t\t\t\t<\/div>\n\t\t<\/div>\n\t\t\t\t<div class=\"elementor-column elementor-col-33 elementor-inner-column elementor-element elementor-element-35f7a34e\" data-id=\"35f7a34e\" data-element_type=\"column\" data-e-type=\"column\">\n\t\t\t<div class=\"elementor-widget-wrap elementor-element-populated\">\n\t\t\t\t\t\t<div class=\"elementor-element elementor-element-5cdfd213 elementor-align-right elementor-tablet-align-center elementor-mobile-align-center elementor-widget elementor-widget-button\" data-id=\"5cdfd213\" data-element_type=\"widget\" data-e-type=\"widget\" data-widget_type=\"button.default\">\n\t\t\t\t<div class=\"elementor-widget-container\">\n\t\t\t\t\t\t\t\t\t<div class=\"elementor-button-wrapper\">\n\t\t\t\t\t<a class=\"elementor-button elementor-button-link elementor-size-md elementor-animation-skew-forward\" href=\"http:\/\/gaudeamusprojecta.dissenygrafic.org\/la-lectura-desde-la-invidencia\/\">\n\t\t\t\t\t\t<span class=\"elementor-button-content-wrapper\">\n\t\t\t\t\t\t<span class=\"elementor-button-icon\">\n\t\t\t\t<i aria-hidden=\"true\" class=\"fas fa-long-arrow-alt-right\"><\/i>\t\t\t<\/span>\n\t\t\t\t\t\t\t\t\t<span class=\"elementor-button-text\">La lectura desde la invidencia<\/span>\n\t\t\t\t\t<\/span>\n\t\t\t\t\t<\/a>\n\t\t\t\t<\/div>\n\t\t\t\t\t\t\t\t<\/div>\n\t\t\t\t<\/div>\n\t\t\t\t\t<\/div>\n\t\t<\/div>\n\t\t\t\t\t<\/div>\n\t\t<\/section>\n\t\t\t\t<section class=\"elementor-section elementor-top-section elementor-element elementor-element-643ddfc elementor-section-boxed elementor-section-height-default elementor-section-height-default\" data-id=\"643ddfc\" data-element_type=\"section\" data-e-type=\"section\" data-settings=\"{&quot;background_background&quot;:&quot;classic&quot;}\">\n\t\t\t\t\t\t<div class=\"elementor-container elementor-column-gap-default\">\n\t\t\t\t\t<div class=\"elementor-column elementor-col-100 elementor-top-column elementor-element elementor-element-d54c6e7\" data-id=\"d54c6e7\" data-element_type=\"column\" data-e-type=\"column\">\n\t\t\t<div class=\"elementor-widget-wrap elementor-element-populated\">\n\t\t\t\t\t\t<div class=\"elementor-element elementor-element-5098be6 elementor-widget elementor-widget-heading\" data-id=\"5098be6\" data-element_type=\"widget\" data-e-type=\"widget\" data-widget_type=\"heading.default\">\n\t\t\t\t<div class=\"elementor-widget-container\">\n\t\t\t\t\t<h4 class=\"elementor-heading-title elementor-size-default\">\u00danete a nuestro Newsletter<\/h4>\t\t\t\t<\/div>\n\t\t\t\t<\/div>\n\t\t\t\t<div class=\"elementor-element elementor-element-2f1e8c7 elementor-align-center elementor-tablet-align-center elementor-mobile-align-center elementor-widget elementor-widget-button\" data-id=\"2f1e8c7\" data-element_type=\"widget\" data-e-type=\"widget\" data-widget_type=\"button.default\">\n\t\t\t\t<div class=\"elementor-widget-container\">\n\t\t\t\t\t\t\t\t\t<div class=\"elementor-button-wrapper\">\n\t\t\t\t\t<a class=\"elementor-button elementor-button-link elementor-size-md\" href=\"http:\/\/eepurl.com\/dyFHkD\">\n\t\t\t\t\t\t<span class=\"elementor-button-content-wrapper\">\n\t\t\t\t\t\t\t\t\t<span class=\"elementor-button-text\">SUSCRIBIRME<\/span>\n\t\t\t\t\t<\/span>\n\t\t\t\t\t<\/a>\n\t\t\t\t<\/div>\n\t\t\t\t\t\t\t\t<\/div>\n\t\t\t\t<\/div>\n\t\t\t\t\t<\/div>\n\t\t<\/div>\n\t\t\t\t\t<\/div>\n\t\t<\/section>\n\t\t\t\t<\/div>\n\t\t","protected":false},"excerpt":{"rendered":"<p>premios gaudeamus projecta 5\u00aa edici\u00f3n La costa brama Al\u00edcia Ferreiro Luque centro: ESDAP Catalunya tutor\/a: Gemma Reixach Identidad visual, campa\u00f1a. El dise\u00f1o gr\u00e1fico es una disciplina amplia, transversal, multifac\u00e9tica, omnipresente y, en lo can\u00f3nico, neutral. Sus proyectos, las acciones, no tienen por qu\u00e9 ser neutrales. Atraer, narrar, compartir para actuar, para cambiar. Son muchas las [&hellip;]<\/p>\n","protected":false},"author":3,"featured_media":7941,"parent":0,"menu_order":0,"comment_status":"closed","ping_status":"closed","template":"","meta":{"site-sidebar-layout":"no-sidebar","site-content-layout":"page-builder","ast-site-content-layout":"default","site-content-style":"default","site-sidebar-style":"default","ast-global-header-display":"","ast-banner-title-visibility":"","ast-main-header-display":"","ast-hfb-above-header-display":"","ast-hfb-below-header-display":"","ast-hfb-mobile-header-display":"","site-post-title":"disabled","ast-breadcrumbs-content":"","ast-featured-img":"disabled","footer-sml-layout":"","ast-disable-related-posts":"","theme-transparent-header-meta":"enabled","adv-header-id-meta":"","stick-header-meta":"","header-above-stick-meta":"","header-main-stick-meta":"","header-below-stick-meta":"","astra-migrate-meta-layouts":"default","ast-page-background-enabled":"default","ast-page-background-meta":{"desktop":{"background-color":"","background-image":"","background-repeat":"repeat","background-position":"center center","background-size":"auto","background-attachment":"scroll","background-type":"","background-media":"","overlay-type":"","overlay-color":"","overlay-opacity":"","overlay-gradient":""},"tablet":{"background-color":"","background-image":"","background-repeat":"repeat","background-position":"center center","background-size":"auto","background-attachment":"scroll","background-type":"","background-media":"","overlay-type":"","overlay-color":"","overlay-opacity":"","overlay-gradient":""},"mobile":{"background-color":"","background-image":"","background-repeat":"repeat","background-position":"center center","background-size":"auto","background-attachment":"scroll","background-type":"","background-media":"","overlay-type":"","overlay-color":"","overlay-opacity":"","overlay-gradient":""}},"ast-content-background-meta":{"desktop":{"background-color":"var(--ast-global-color-5)","background-image":"","background-repeat":"repeat","background-position":"center center","background-size":"auto","background-attachment":"scroll","background-type":"","background-media":"","overlay-type":"","overlay-color":"","overlay-opacity":"","overlay-gradient":""},"tablet":{"background-color":"var(--ast-global-color-5)","background-image":"","background-repeat":"repeat","background-position":"center center","background-size":"auto","background-attachment":"scroll","background-type":"","background-media":"","overlay-type":"","overlay-color":"","overlay-opacity":"","overlay-gradient":""},"mobile":{"background-color":"var(--ast-global-color-5)","background-image":"","background-repeat":"repeat","background-position":"center center","background-size":"auto","background-attachment":"scroll","background-type":"","background-media":"","overlay-type":"","overlay-color":"","overlay-opacity":"","overlay-gradient":""}},"footnotes":""},"wf_page_folders":[115],"class_list":["post-8703","page","type-page","status-publish","has-post-thumbnail","hentry"],"yoast_head":"<!-- This site is optimized with the Yoast SEO plugin v27.1.1 - https:\/\/yoast.com\/product\/yoast-seo-wordpress\/ -->\n<title>La costa brama - gaudeamusProjecta<\/title>\n<meta name=\"robots\" content=\"index, follow, max-snippet:-1, max-image-preview:large, max-video-preview:-1\" \/>\n<link rel=\"canonical\" href=\"https:\/\/gaudeamusprojecta.dissenygrafic.org\/es\/la-costa-brama\/\" \/>\n<meta property=\"og:locale\" content=\"es_ES\" \/>\n<meta property=\"og:type\" content=\"article\" \/>\n<meta property=\"og:title\" content=\"La costa brama - gaudeamusProjecta\" \/>\n<meta property=\"og:description\" content=\"premios gaudeamus projecta 5\u00aa edici\u00f3n La costa brama Al\u00edcia Ferreiro Luque centro: ESDAP Catalunya tutor\/a: Gemma Reixach Identidad visual, campa\u00f1a. El dise\u00f1o gr\u00e1fico es una disciplina amplia, transversal, multifac\u00e9tica, omnipresente y, en lo can\u00f3nico, neutral. Sus proyectos, las acciones, no tienen por qu\u00e9 ser neutrales. Atraer, narrar, compartir para actuar, para cambiar. Son muchas las [&hellip;]\" \/>\n<meta property=\"og:url\" content=\"https:\/\/gaudeamusprojecta.dissenygrafic.org\/es\/la-costa-brama\/\" \/>\n<meta property=\"og:site_name\" content=\"gaudeamusProjecta\" \/>\n<meta property=\"article:modified_time\" content=\"2025-03-27T17:05:27+00:00\" \/>\n<meta property=\"og:image\" content=\"https:\/\/gaudeamusprojecta.dissenygrafic.org\/wp-content\/uploads\/2022\/09\/6_AliciaFerreiroLuque_La_Costa_Brama_img1_Easy-Resize.com_-1024x724.jpg\" \/>\n<meta name=\"twitter:card\" content=\"summary_large_image\" \/>\n<meta name=\"twitter:image\" content=\"https:\/\/gaudeamusprojecta.dissenygrafic.org\/wp-content\/uploads\/2022\/09\/6_AliciaFerreiroLuque_La_Costa_Brama_img1_Easy-Resize.com_-1024x724.jpg\" \/>\n<meta name=\"twitter:label1\" content=\"Tiempo de lectura\" \/>\n\t<meta name=\"twitter:data1\" content=\"1 minuto\" \/>\n<script type=\"application\/ld+json\" class=\"yoast-schema-graph\">{\"@context\":\"https:\/\/schema.org\",\"@graph\":[{\"@type\":\"WebPage\",\"@id\":\"https:\/\/gaudeamusprojecta.dissenygrafic.org\/es\/la-costa-brama\/\",\"url\":\"https:\/\/gaudeamusprojecta.dissenygrafic.org\/es\/la-costa-brama\/\",\"name\":\"La costa brama - gaudeamusProjecta\",\"isPartOf\":{\"@id\":\"https:\/\/gaudeamusprojecta.dissenygrafic.org\/es\/#website\"},\"primaryImageOfPage\":{\"@id\":\"https:\/\/gaudeamusprojecta.dissenygrafic.org\/es\/la-costa-brama\/#primaryimage\"},\"image\":{\"@id\":\"https:\/\/gaudeamusprojecta.dissenygrafic.org\/es\/la-costa-brama\/#primaryimage\"},\"thumbnailUrl\":\"https:\/\/gaudeamusprojecta.dissenygrafic.org\/wp-content\/uploads\/2022\/09\/6_AliciaFerreiroLuque_La_Costa_Brama_img1_Easy-Resize.com_.jpg\",\"datePublished\":\"2022-09-12T17:39:19+00:00\",\"dateModified\":\"2025-03-27T17:05:27+00:00\",\"breadcrumb\":{\"@id\":\"https:\/\/gaudeamusprojecta.dissenygrafic.org\/es\/la-costa-brama\/#breadcrumb\"},\"inLanguage\":\"es\",\"potentialAction\":[{\"@type\":\"ReadAction\",\"target\":[\"https:\/\/gaudeamusprojecta.dissenygrafic.org\/es\/la-costa-brama\/\"]}]},{\"@type\":\"ImageObject\",\"inLanguage\":\"es\",\"@id\":\"https:\/\/gaudeamusprojecta.dissenygrafic.org\/es\/la-costa-brama\/#primaryimage\",\"url\":\"https:\/\/gaudeamusprojecta.dissenygrafic.org\/wp-content\/uploads\/2022\/09\/6_AliciaFerreiroLuque_La_Costa_Brama_img1_Easy-Resize.com_.jpg\",\"contentUrl\":\"https:\/\/gaudeamusprojecta.dissenygrafic.org\/wp-content\/uploads\/2022\/09\/6_AliciaFerreiroLuque_La_Costa_Brama_img1_Easy-Resize.com_.jpg\",\"width\":1280,\"height\":905},{\"@type\":\"BreadcrumbList\",\"@id\":\"https:\/\/gaudeamusprojecta.dissenygrafic.org\/es\/la-costa-brama\/#breadcrumb\",\"itemListElement\":[{\"@type\":\"ListItem\",\"position\":1,\"name\":\"Portada\",\"item\":\"https:\/\/gaudeamusprojecta.dissenygrafic.org\/es\/\"},{\"@type\":\"ListItem\",\"position\":2,\"name\":\"La costa brama\"}]},{\"@type\":\"WebSite\",\"@id\":\"https:\/\/gaudeamusprojecta.dissenygrafic.org\/es\/#website\",\"url\":\"https:\/\/gaudeamusprojecta.dissenygrafic.org\/es\/\",\"name\":\"gaudeamusProjecta\",\"description\":\"Premi Projecte Fi de Grau de Disseny Gr\u00e0fic\",\"publisher\":{\"@id\":\"https:\/\/gaudeamusprojecta.dissenygrafic.org\/es\/#organization\"},\"potentialAction\":[{\"@type\":\"SearchAction\",\"target\":{\"@type\":\"EntryPoint\",\"urlTemplate\":\"https:\/\/gaudeamusprojecta.dissenygrafic.org\/es\/?s={search_term_string}\"},\"query-input\":{\"@type\":\"PropertyValueSpecification\",\"valueRequired\":true,\"valueName\":\"search_term_string\"}}],\"inLanguage\":\"es\"},{\"@type\":\"Organization\",\"@id\":\"https:\/\/gaudeamusprojecta.dissenygrafic.org\/es\/#organization\",\"name\":\"gaudeamusProjecta\",\"url\":\"https:\/\/gaudeamusprojecta.dissenygrafic.org\/es\/\",\"logo\":{\"@type\":\"ImageObject\",\"inLanguage\":\"es\",\"@id\":\"https:\/\/gaudeamusprojecta.dissenygrafic.org\/es\/#\/schema\/logo\/image\/\",\"url\":\"https:\/\/gaudeamusprojecta.dissenygrafic.org\/wp-content\/uploads\/2020\/09\/cropped-gaudeamusprojecta_logo-1.png\",\"contentUrl\":\"https:\/\/gaudeamusprojecta.dissenygrafic.org\/wp-content\/uploads\/2020\/09\/cropped-gaudeamusprojecta_logo-1.png\",\"width\":220,\"height\":64,\"caption\":\"gaudeamusProjecta\"},\"image\":{\"@id\":\"https:\/\/gaudeamusprojecta.dissenygrafic.org\/es\/#\/schema\/logo\/image\/\"}}]}<\/script>\n<!-- \/ Yoast SEO plugin. -->","yoast_head_json":{"title":"La costa brama - gaudeamusProjecta","robots":{"index":"index","follow":"follow","max-snippet":"max-snippet:-1","max-image-preview":"max-image-preview:large","max-video-preview":"max-video-preview:-1"},"canonical":"https:\/\/gaudeamusprojecta.dissenygrafic.org\/es\/la-costa-brama\/","og_locale":"es_ES","og_type":"article","og_title":"La costa brama - gaudeamusProjecta","og_description":"premios gaudeamus projecta 5\u00aa edici\u00f3n La costa brama Al\u00edcia Ferreiro Luque centro: ESDAP Catalunya tutor\/a: Gemma Reixach Identidad visual, campa\u00f1a. El dise\u00f1o gr\u00e1fico es una disciplina amplia, transversal, multifac\u00e9tica, omnipresente y, en lo can\u00f3nico, neutral. Sus proyectos, las acciones, no tienen por qu\u00e9 ser neutrales. Atraer, narrar, compartir para actuar, para cambiar. Son muchas las [&hellip;]","og_url":"https:\/\/gaudeamusprojecta.dissenygrafic.org\/es\/la-costa-brama\/","og_site_name":"gaudeamusProjecta","article_modified_time":"2025-03-27T17:05:27+00:00","og_image":[{"url":"https:\/\/gaudeamusprojecta.dissenygrafic.org\/wp-content\/uploads\/2022\/09\/6_AliciaFerreiroLuque_La_Costa_Brama_img1_Easy-Resize.com_-1024x724.jpg","type":"","width":"","height":""}],"twitter_card":"summary_large_image","twitter_image":"https:\/\/gaudeamusprojecta.dissenygrafic.org\/wp-content\/uploads\/2022\/09\/6_AliciaFerreiroLuque_La_Costa_Brama_img1_Easy-Resize.com_-1024x724.jpg","twitter_misc":{"Tiempo de lectura":"1 minuto"},"schema":{"@context":"https:\/\/schema.org","@graph":[{"@type":"WebPage","@id":"https:\/\/gaudeamusprojecta.dissenygrafic.org\/es\/la-costa-brama\/","url":"https:\/\/gaudeamusprojecta.dissenygrafic.org\/es\/la-costa-brama\/","name":"La costa brama - gaudeamusProjecta","isPartOf":{"@id":"https:\/\/gaudeamusprojecta.dissenygrafic.org\/es\/#website"},"primaryImageOfPage":{"@id":"https:\/\/gaudeamusprojecta.dissenygrafic.org\/es\/la-costa-brama\/#primaryimage"},"image":{"@id":"https:\/\/gaudeamusprojecta.dissenygrafic.org\/es\/la-costa-brama\/#primaryimage"},"thumbnailUrl":"https:\/\/gaudeamusprojecta.dissenygrafic.org\/wp-content\/uploads\/2022\/09\/6_AliciaFerreiroLuque_La_Costa_Brama_img1_Easy-Resize.com_.jpg","datePublished":"2022-09-12T17:39:19+00:00","dateModified":"2025-03-27T17:05:27+00:00","breadcrumb":{"@id":"https:\/\/gaudeamusprojecta.dissenygrafic.org\/es\/la-costa-brama\/#breadcrumb"},"inLanguage":"es","potentialAction":[{"@type":"ReadAction","target":["https:\/\/gaudeamusprojecta.dissenygrafic.org\/es\/la-costa-brama\/"]}]},{"@type":"ImageObject","inLanguage":"es","@id":"https:\/\/gaudeamusprojecta.dissenygrafic.org\/es\/la-costa-brama\/#primaryimage","url":"https:\/\/gaudeamusprojecta.dissenygrafic.org\/wp-content\/uploads\/2022\/09\/6_AliciaFerreiroLuque_La_Costa_Brama_img1_Easy-Resize.com_.jpg","contentUrl":"https:\/\/gaudeamusprojecta.dissenygrafic.org\/wp-content\/uploads\/2022\/09\/6_AliciaFerreiroLuque_La_Costa_Brama_img1_Easy-Resize.com_.jpg","width":1280,"height":905},{"@type":"BreadcrumbList","@id":"https:\/\/gaudeamusprojecta.dissenygrafic.org\/es\/la-costa-brama\/#breadcrumb","itemListElement":[{"@type":"ListItem","position":1,"name":"Portada","item":"https:\/\/gaudeamusprojecta.dissenygrafic.org\/es\/"},{"@type":"ListItem","position":2,"name":"La costa brama"}]},{"@type":"WebSite","@id":"https:\/\/gaudeamusprojecta.dissenygrafic.org\/es\/#website","url":"https:\/\/gaudeamusprojecta.dissenygrafic.org\/es\/","name":"gaudeamusProjecta","description":"Premi Projecte Fi de Grau de Disseny Gr\u00e0fic","publisher":{"@id":"https:\/\/gaudeamusprojecta.dissenygrafic.org\/es\/#organization"},"potentialAction":[{"@type":"SearchAction","target":{"@type":"EntryPoint","urlTemplate":"https:\/\/gaudeamusprojecta.dissenygrafic.org\/es\/?s={search_term_string}"},"query-input":{"@type":"PropertyValueSpecification","valueRequired":true,"valueName":"search_term_string"}}],"inLanguage":"es"},{"@type":"Organization","@id":"https:\/\/gaudeamusprojecta.dissenygrafic.org\/es\/#organization","name":"gaudeamusProjecta","url":"https:\/\/gaudeamusprojecta.dissenygrafic.org\/es\/","logo":{"@type":"ImageObject","inLanguage":"es","@id":"https:\/\/gaudeamusprojecta.dissenygrafic.org\/es\/#\/schema\/logo\/image\/","url":"https:\/\/gaudeamusprojecta.dissenygrafic.org\/wp-content\/uploads\/2020\/09\/cropped-gaudeamusprojecta_logo-1.png","contentUrl":"https:\/\/gaudeamusprojecta.dissenygrafic.org\/wp-content\/uploads\/2020\/09\/cropped-gaudeamusprojecta_logo-1.png","width":220,"height":64,"caption":"gaudeamusProjecta"},"image":{"@id":"https:\/\/gaudeamusprojecta.dissenygrafic.org\/es\/#\/schema\/logo\/image\/"}}]}},"_links":{"self":[{"href":"https:\/\/gaudeamusprojecta.dissenygrafic.org\/es\/wp-json\/wp\/v2\/pages\/8703","targetHints":{"allow":["GET"]}}],"collection":[{"href":"https:\/\/gaudeamusprojecta.dissenygrafic.org\/es\/wp-json\/wp\/v2\/pages"}],"about":[{"href":"https:\/\/gaudeamusprojecta.dissenygrafic.org\/es\/wp-json\/wp\/v2\/types\/page"}],"author":[{"embeddable":true,"href":"https:\/\/gaudeamusprojecta.dissenygrafic.org\/es\/wp-json\/wp\/v2\/users\/3"}],"replies":[{"embeddable":true,"href":"https:\/\/gaudeamusprojecta.dissenygrafic.org\/es\/wp-json\/wp\/v2\/comments?post=8703"}],"version-history":[{"count":3,"href":"https:\/\/gaudeamusprojecta.dissenygrafic.org\/es\/wp-json\/wp\/v2\/pages\/8703\/revisions"}],"predecessor-version":[{"id":15600,"href":"https:\/\/gaudeamusprojecta.dissenygrafic.org\/es\/wp-json\/wp\/v2\/pages\/8703\/revisions\/15600"}],"wp:featuredmedia":[{"embeddable":true,"href":"https:\/\/gaudeamusprojecta.dissenygrafic.org\/es\/wp-json\/wp\/v2\/media\/7941"}],"wp:attachment":[{"href":"https:\/\/gaudeamusprojecta.dissenygrafic.org\/es\/wp-json\/wp\/v2\/media?parent=8703"}],"wp:term":[{"taxonomy":"wf_page_folders","embeddable":true,"href":"https:\/\/gaudeamusprojecta.dissenygrafic.org\/es\/wp-json\/wp\/v2\/wf_page_folders?post=8703"}],"curies":[{"name":"wp","href":"https:\/\/api.w.org\/{rel}","templated":true}]}}