{"id":8720,"date":"2021-05-25T17:49:36","date_gmt":"2021-05-25T15:49:36","guid":{"rendered":"https:\/\/gaudeamusprojecta.dissenygrafic.org\/manuel-estrada-30-anos-de-diseno\/"},"modified":"2025-03-18T16:42:52","modified_gmt":"2025-03-18T14:42:52","slug":"manuel-estrada-30-anos-de-diseno","status":"publish","type":"page","link":"https:\/\/gaudeamusprojecta.dissenygrafic.org\/es\/manuel-estrada-30-anos-de-diseno\/","title":{"rendered":"Manuel Estrada, 30 a\u00f1os de dise\u00f1o"},"content":{"rendered":"\t\t<div data-elementor-type=\"wp-post\" data-elementor-id=\"8720\" class=\"elementor elementor-8720 elementor-3885\">\n\t\t\t\t\t\t<section class=\"elementor-section elementor-top-section elementor-element elementor-element-6cee9f0e elementor-section-boxed elementor-section-height-default elementor-section-height-default\" data-id=\"6cee9f0e\" data-element_type=\"section\" data-e-type=\"section\" data-settings=\"{&quot;background_background&quot;:&quot;classic&quot;}\">\n\t\t\t\t\t\t<div class=\"elementor-container elementor-column-gap-no\">\n\t\t\t\t\t\t<\/div>\n\t\t<\/section>\n\t\t\t\t<section class=\"elementor-section elementor-top-section elementor-element elementor-element-2bcf865 elementor-section-boxed elementor-section-height-default elementor-section-height-default\" data-id=\"2bcf865\" data-element_type=\"section\" data-e-type=\"section\" data-settings=\"{&quot;background_background&quot;:&quot;classic&quot;}\">\n\t\t\t\t\t\t<div class=\"elementor-container elementor-column-gap-no\">\n\t\t\t\t\t<div class=\"elementor-column elementor-col-100 elementor-top-column elementor-element elementor-element-a8e3260\" data-id=\"a8e3260\" data-element_type=\"column\" data-e-type=\"column\">\n\t\t\t<div class=\"elementor-widget-wrap elementor-element-populated\">\n\t\t\t\t\t\t<div class=\"elementor-element elementor-element-772e18f7 elementor-widget elementor-widget-heading\" data-id=\"772e18f7\" data-element_type=\"widget\" data-e-type=\"widget\" data-widget_type=\"heading.default\">\n\t\t\t\t<div class=\"elementor-widget-container\">\n\t\t\t\t\t<h6 class=\"elementor-heading-title elementor-size-default\">premios gaudeamus projecta 4\u00aa edici\u00f3n<\/h6>\t\t\t\t<\/div>\n\t\t\t\t<\/div>\n\t\t\t\t<div class=\"elementor-element elementor-element-cd55e31 elementor-widget elementor-widget-heading\" data-id=\"cd55e31\" data-element_type=\"widget\" data-e-type=\"widget\" data-widget_type=\"heading.default\">\n\t\t\t\t<div class=\"elementor-widget-container\">\n\t\t\t\t\t<h1 class=\"elementor-heading-title elementor-size-default\">Manuel Estrada, 30 a\u00f1os de dise\u00f1o<\/h1>\t\t\t\t<\/div>\n\t\t\t\t<\/div>\n\t\t\t\t<div class=\"elementor-element elementor-element-5a6648d elementor-widget elementor-widget-heading\" data-id=\"5a6648d\" data-element_type=\"widget\" data-e-type=\"widget\" data-widget_type=\"heading.default\">\n\t\t\t\t<div class=\"elementor-widget-container\">\n\t\t\t\t\t<h6 class=\"elementor-heading-title elementor-size-default\">Disciplina y reflexi\u00f3n\n\n<\/h6>\t\t\t\t<\/div>\n\t\t\t\t<\/div>\n\t\t\t\t\t<\/div>\n\t\t<\/div>\n\t\t\t\t\t<\/div>\n\t\t<\/section>\n\t\t\t\t<section class=\"elementor-section elementor-top-section elementor-element elementor-element-53569744 elementor-section-boxed elementor-section-height-default elementor-section-height-default\" data-id=\"53569744\" data-element_type=\"section\" data-e-type=\"section\" data-settings=\"{&quot;background_background&quot;:&quot;classic&quot;}\">\n\t\t\t\t\t\t<div class=\"elementor-container elementor-column-gap-no\">\n\t\t\t\t\t<div class=\"elementor-column elementor-col-100 elementor-top-column elementor-element elementor-element-5f3a88d3\" data-id=\"5f3a88d3\" data-element_type=\"column\" data-e-type=\"column\">\n\t\t\t<div class=\"elementor-widget-wrap elementor-element-populated\">\n\t\t\t\t\t\t<section class=\"elementor-section elementor-inner-section elementor-element elementor-element-546e11c1 elementor-section-boxed elementor-section-height-default elementor-section-height-default\" data-id=\"546e11c1\" data-element_type=\"section\" data-e-type=\"section\">\n\t\t\t\t\t\t<div class=\"elementor-container elementor-column-gap-no\">\n\t\t\t\t\t<div class=\"elementor-column elementor-col-50 elementor-inner-column elementor-element elementor-element-182144ae\" data-id=\"182144ae\" data-element_type=\"column\" data-e-type=\"column\">\n\t\t\t<div class=\"elementor-widget-wrap elementor-element-populated\">\n\t\t\t\t\t\t<div class=\"elementor-element elementor-element-8cd589c elementor-widget elementor-widget-image\" data-id=\"8cd589c\" data-element_type=\"widget\" data-e-type=\"widget\" data-widget_type=\"image.default\">\n\t\t\t\t<div class=\"elementor-widget-container\">\n\t\t\t\t\t\t\t\t\t\t\t\t\t\t\t<img fetchpriority=\"high\" decoding=\"async\" width=\"480\" height=\"480\" src=\"https:\/\/gaudeamusprojecta.dissenygrafic.org\/wp-content\/uploads\/2021\/05\/col-893_Alvaro-Rodri\u0301guez_foto_Easy-Resize.com_.jpg\" class=\"attachment-large size-large wp-image-7628\" alt=\"\" srcset=\"https:\/\/gaudeamusprojecta.dissenygrafic.org\/wp-content\/uploads\/2021\/05\/col-893_Alvaro-Rodri\u0301guez_foto_Easy-Resize.com_.jpg 480w, https:\/\/gaudeamusprojecta.dissenygrafic.org\/wp-content\/uploads\/2021\/05\/col-893_Alvaro-Rodri\u0301guez_foto_Easy-Resize.com_-300x300.jpg 300w, https:\/\/gaudeamusprojecta.dissenygrafic.org\/wp-content\/uploads\/2021\/05\/col-893_Alvaro-Rodri\u0301guez_foto_Easy-Resize.com_-150x150.jpg 150w\" sizes=\"(max-width: 480px) 100vw, 480px\" \/>\t\t\t\t\t\t\t\t\t\t\t\t\t\t\t<\/div>\n\t\t\t\t<\/div>\n\t\t\t\t<div class=\"elementor-element elementor-element-44366da8 elementor-widget elementor-widget-heading\" data-id=\"44366da8\" data-element_type=\"widget\" data-e-type=\"widget\" data-widget_type=\"heading.default\">\n\t\t\t\t<div class=\"elementor-widget-container\">\n\t\t\t\t\t<h3 class=\"elementor-heading-title elementor-size-default\">\u00c1lvaro Rodr\u00edguez Gordillo<\/h3>\t\t\t\t<\/div>\n\t\t\t\t<\/div>\n\t\t\t\t<div class=\"elementor-element elementor-element-7eddb43 elementor-widget elementor-widget-heading\" data-id=\"7eddb43\" data-element_type=\"widget\" data-e-type=\"widget\" data-widget_type=\"heading.default\">\n\t\t\t\t<div class=\"elementor-widget-container\">\n\t\t\t\t\t<h6 class=\"elementor-heading-title elementor-size-default\">centro: EASD M\u00e9rida, Badajoz<\/h6>\t\t\t\t<\/div>\n\t\t\t\t<\/div>\n\t\t\t\t<div class=\"elementor-element elementor-element-89ccc77 elementor-widget elementor-widget-heading\" data-id=\"89ccc77\" data-element_type=\"widget\" data-e-type=\"widget\" data-widget_type=\"heading.default\">\n\t\t\t\t<div class=\"elementor-widget-container\">\n\t\t\t\t\t<h6 class=\"elementor-heading-title elementor-size-default\">tutor\/a:Sebasti\u00e1n Garc\u00eda-Mart\u00edn Parr\u00f3n<\/h6>\t\t\t\t<\/div>\n\t\t\t\t<\/div>\n\t\t\t\t<div class=\"elementor-element elementor-element-280d31a elementor-widget-divider--view-line elementor-widget elementor-widget-divider\" data-id=\"280d31a\" data-element_type=\"widget\" data-e-type=\"widget\" data-widget_type=\"divider.default\">\n\t\t\t\t<div class=\"elementor-widget-container\">\n\t\t\t\t\t\t\t<div class=\"elementor-divider\">\n\t\t\t<span class=\"elementor-divider-separator\">\n\t\t\t\t\t\t<\/span>\n\t\t<\/div>\n\t\t\t\t\t\t<\/div>\n\t\t\t\t<\/div>\n\t\t\t\t<div class=\"elementor-element elementor-element-69bcc625 elementor-widget elementor-widget-text-editor\" data-id=\"69bcc625\" data-element_type=\"widget\" data-e-type=\"widget\" data-widget_type=\"text-editor.default\">\n\t\t\t\t<div class=\"elementor-widget-container\">\n\t\t\t\t\t\t\t\t\t<p>Afronta con valent\u00eda, rompiendo los estereotipos, la comunicaci\u00f3n pol\u00edtica y desarrolla unas codificaciones y un sistema que centra la decisi\u00f3n pol\u00edtica en sus objetivos huyendo de ret\u00f3ricas u orientaciones aunque estas sean necesarias.<\/p>\n\t\t\t\t\t\t\t\t<\/div>\n\t\t\t\t<\/div>\n\t\t\t\t<div class=\"elementor-element elementor-element-1c71de8 elementor-list-item-link-inline elementor-icon-list--layout-traditional elementor-widget elementor-widget-icon-list\" data-id=\"1c71de8\" data-element_type=\"widget\" data-e-type=\"widget\" data-widget_type=\"icon-list.default\">\n\t\t\t\t<div class=\"elementor-widget-container\">\n\t\t\t\t\t\t\t<ul class=\"elementor-icon-list-items\">\n\t\t\t\t\t\t\t<li class=\"elementor-icon-list-item\">\n\t\t\t\t\t\t\t\t\t\t\t<a href=\"https:\/\/www.instagram.com\/alvaroerrege\/\" target=\"_blank\">\n\n\t\t\t\t\t\t\t\t\t\t\t\t<span class=\"elementor-icon-list-icon\">\n\t\t\t\t\t\t\t<i aria-hidden=\"true\" class=\"fab fa-instagram\"><\/i>\t\t\t\t\t\t<\/span>\n\t\t\t\t\t\t\t\t\t\t<span class=\"elementor-icon-list-text\">@alvaroerrege<\/span>\n\t\t\t\t\t\t\t\t\t\t\t<\/a>\n\t\t\t\t\t\t\t\t\t<\/li>\n\t\t\t\t\t\t<\/ul>\n\t\t\t\t\t\t<\/div>\n\t\t\t\t<\/div>\n\t\t\t\t\t<\/div>\n\t\t<\/div>\n\t\t\t\t<div class=\"elementor-column elementor-col-50 elementor-inner-column elementor-element elementor-element-77281dc6\" data-id=\"77281dc6\" data-element_type=\"column\" data-e-type=\"column\">\n\t\t\t<div class=\"elementor-widget-wrap elementor-element-populated\">\n\t\t\t\t\t\t<div class=\"elementor-element elementor-element-6a9d99c elementor-widget elementor-widget-video\" data-id=\"6a9d99c\" data-element_type=\"widget\" data-e-type=\"widget\" data-settings=\"{&quot;youtube_url&quot;:&quot;https:\\\/\\\/www.youtube.com\\\/watch?v=aePKO8LhWik&amp;list=PLv3rE12czzeJU2J-GgJbVrRsOXsGDngVq&amp;index=5&amp;ab_channel=Col%C2%B7legiOficialdeDissenyGr%C3%A0ficdeCatalunya&quot;,&quot;video_type&quot;:&quot;youtube&quot;}\" data-widget_type=\"video.default\">\n\t\t\t\t<div class=\"elementor-widget-container\">\n\t\t\t\t\t\t\t<div class=\"elementor-wrapper elementor-open-inline\">\n\t\t\t<div class=\"elementor-video\"><\/div>\t\t<\/div>\n\t\t\t\t\t\t<\/div>\n\t\t\t\t<\/div>\n\t\t\t\t<div class=\"elementor-element elementor-element-cf89711 gallery-spacing-custom elementor-widget elementor-widget-image-gallery\" data-id=\"cf89711\" data-element_type=\"widget\" data-e-type=\"widget\" data-widget_type=\"image-gallery.default\">\n\t\t\t\t<div class=\"elementor-widget-container\">\n\t\t\t\t\t\t\t<div class=\"elementor-image-gallery\">\n\t\t\t<div id='gallery-1' class='gallery galleryid-8720 gallery-columns-1 gallery-size-full'><figure class='gallery-item'>\n\t\t\t<div class='gallery-icon landscape'>\n\t\t\t\t<a data-elementor-open-lightbox=\"yes\" data-elementor-lightbox-slideshow=\"cf89711\" data-elementor-lightbox-title=\"Manuel Estrada, 30 a\u00f1os de dise\u00f1o - \u00c1lvaro Rodr\u00edguez Gordillo\" data-e-action-hash=\"#elementor-action%3Aaction%3Dlightbox%26settings%3DeyJpZCI6Nzc3MCwidXJsIjoiaHR0cHM6XC9cL2dhdWRlYW11c3Byb2plY3RhLmRpc3NlbnlncmFmaWMub3JnXC93cC1jb250ZW50XC91cGxvYWRzXC8yMDIxXC8wNVwvNS1sdmFyb1JHX01hbnVlbEVzdHJhZGEzMGFuXHUwMzAzb3NkZWRpc2VuXHUwMzAzb181X2ltYWdlbmVzXzEtMS5qcGciLCJzbGlkZXNob3ciOiJjZjg5NzExIn0%3D\" href='https:\/\/gaudeamusprojecta.dissenygrafic.org\/wp-content\/uploads\/2021\/05\/5-lvaroRG_ManuelEstrada30an\u0303osdedisen\u0303o_5_imagenes_1-1.jpg'><img decoding=\"async\" width=\"1200\" height=\"800\" src=\"https:\/\/gaudeamusprojecta.dissenygrafic.org\/wp-content\/uploads\/2021\/05\/5-lvaroRG_ManuelEstrada30an\u0303osdedisen\u0303o_5_imagenes_1-1.jpg\" class=\"attachment-full size-full\" alt=\"\" srcset=\"https:\/\/gaudeamusprojecta.dissenygrafic.org\/wp-content\/uploads\/2021\/05\/5-lvaroRG_ManuelEstrada30an\u0303osdedisen\u0303o_5_imagenes_1-1.jpg 1200w, https:\/\/gaudeamusprojecta.dissenygrafic.org\/wp-content\/uploads\/2021\/05\/5-lvaroRG_ManuelEstrada30an\u0303osdedisen\u0303o_5_imagenes_1-1-300x200.jpg 300w, https:\/\/gaudeamusprojecta.dissenygrafic.org\/wp-content\/uploads\/2021\/05\/5-lvaroRG_ManuelEstrada30an\u0303osdedisen\u0303o_5_imagenes_1-1-1024x683.jpg 1024w, https:\/\/gaudeamusprojecta.dissenygrafic.org\/wp-content\/uploads\/2021\/05\/5-lvaroRG_ManuelEstrada30an\u0303osdedisen\u0303o_5_imagenes_1-1-768x512.jpg 768w\" sizes=\"(max-width: 1200px) 100vw, 1200px\" \/><\/a>\n\t\t\t<\/div><\/figure><figure class='gallery-item'>\n\t\t\t<div class='gallery-icon landscape'>\n\t\t\t\t<a data-elementor-open-lightbox=\"yes\" data-elementor-lightbox-slideshow=\"cf89711\" data-elementor-lightbox-title=\"Manuel Estrada, 30 a\u00f1os de dise\u00f1o - \u00c1lvaro Rodr\u00edguez Gordillo\" data-e-action-hash=\"#elementor-action%3Aaction%3Dlightbox%26settings%3DeyJpZCI6Nzc2NiwidXJsIjoiaHR0cHM6XC9cL2dhdWRlYW11c3Byb2plY3RhLmRpc3NlbnlncmFmaWMub3JnXC93cC1jb250ZW50XC91cGxvYWRzXC8yMDIxXC8wNVwvNS1BXHUwMzAxbHZhcm9SR19NYW51ZWxFc3RyYWRhMzBhblx1MDMwM29zZGVkaXNlblx1MDMwM29fNV9pbWFnZW5lc18yLTEuanBnIiwic2xpZGVzaG93IjoiY2Y4OTcxMSJ9\" href='https:\/\/gaudeamusprojecta.dissenygrafic.org\/wp-content\/uploads\/2021\/05\/5-A\u0301lvaroRG_ManuelEstrada30an\u0303osdedisen\u0303o_5_imagenes_2-1.jpg'><img decoding=\"async\" width=\"1200\" height=\"800\" src=\"https:\/\/gaudeamusprojecta.dissenygrafic.org\/wp-content\/uploads\/2021\/05\/5-A\u0301lvaroRG_ManuelEstrada30an\u0303osdedisen\u0303o_5_imagenes_2-1.jpg\" class=\"attachment-full size-full\" alt=\"\" srcset=\"https:\/\/gaudeamusprojecta.dissenygrafic.org\/wp-content\/uploads\/2021\/05\/5-A\u0301lvaroRG_ManuelEstrada30an\u0303osdedisen\u0303o_5_imagenes_2-1.jpg 1200w, https:\/\/gaudeamusprojecta.dissenygrafic.org\/wp-content\/uploads\/2021\/05\/5-A\u0301lvaroRG_ManuelEstrada30an\u0303osdedisen\u0303o_5_imagenes_2-1-300x200.jpg 300w, https:\/\/gaudeamusprojecta.dissenygrafic.org\/wp-content\/uploads\/2021\/05\/5-A\u0301lvaroRG_ManuelEstrada30an\u0303osdedisen\u0303o_5_imagenes_2-1-1024x683.jpg 1024w, https:\/\/gaudeamusprojecta.dissenygrafic.org\/wp-content\/uploads\/2021\/05\/5-A\u0301lvaroRG_ManuelEstrada30an\u0303osdedisen\u0303o_5_imagenes_2-1-768x512.jpg 768w\" sizes=\"(max-width: 1200px) 100vw, 1200px\" \/><\/a>\n\t\t\t<\/div><\/figure><figure class='gallery-item'>\n\t\t\t<div class='gallery-icon landscape'>\n\t\t\t\t<a data-elementor-open-lightbox=\"yes\" data-elementor-lightbox-slideshow=\"cf89711\" data-elementor-lightbox-title=\"Manuel Estrada, 30 a\u00f1os de dise\u00f1o - \u00c1lvaro Rodr\u00edguez Gordillo\" data-e-action-hash=\"#elementor-action%3Aaction%3Dlightbox%26settings%3DeyJpZCI6Nzc2OCwidXJsIjoiaHR0cHM6XC9cL2dhdWRlYW11c3Byb2plY3RhLmRpc3NlbnlncmFmaWMub3JnXC93cC1jb250ZW50XC91cGxvYWRzXC8yMDIxXC8wNVwvNS1BXHUwMzAxbHZhcm9SR19NYW51ZWxFc3RyYWRhMzBhblx1MDMwM29zZGVkaXNlblx1MDMwM29fNV9pbWFnZW5lc180LTEuanBnIiwic2xpZGVzaG93IjoiY2Y4OTcxMSJ9\" href='https:\/\/gaudeamusprojecta.dissenygrafic.org\/wp-content\/uploads\/2021\/05\/5-A\u0301lvaroRG_ManuelEstrada30an\u0303osdedisen\u0303o_5_imagenes_4-1.jpg'><img loading=\"lazy\" decoding=\"async\" width=\"1200\" height=\"800\" src=\"https:\/\/gaudeamusprojecta.dissenygrafic.org\/wp-content\/uploads\/2021\/05\/5-A\u0301lvaroRG_ManuelEstrada30an\u0303osdedisen\u0303o_5_imagenes_4-1.jpg\" class=\"attachment-full size-full\" alt=\"\" srcset=\"https:\/\/gaudeamusprojecta.dissenygrafic.org\/wp-content\/uploads\/2021\/05\/5-A\u0301lvaroRG_ManuelEstrada30an\u0303osdedisen\u0303o_5_imagenes_4-1.jpg 1200w, https:\/\/gaudeamusprojecta.dissenygrafic.org\/wp-content\/uploads\/2021\/05\/5-A\u0301lvaroRG_ManuelEstrada30an\u0303osdedisen\u0303o_5_imagenes_4-1-300x200.jpg 300w, https:\/\/gaudeamusprojecta.dissenygrafic.org\/wp-content\/uploads\/2021\/05\/5-A\u0301lvaroRG_ManuelEstrada30an\u0303osdedisen\u0303o_5_imagenes_4-1-1024x683.jpg 1024w, https:\/\/gaudeamusprojecta.dissenygrafic.org\/wp-content\/uploads\/2021\/05\/5-A\u0301lvaroRG_ManuelEstrada30an\u0303osdedisen\u0303o_5_imagenes_4-1-768x512.jpg 768w\" sizes=\"(max-width: 1200px) 100vw, 1200px\" \/><\/a>\n\t\t\t<\/div><\/figure><figure class='gallery-item'>\n\t\t\t<div class='gallery-icon landscape'>\n\t\t\t\t<a data-elementor-open-lightbox=\"yes\" data-elementor-lightbox-slideshow=\"cf89711\" data-elementor-lightbox-title=\"Manuel Estrada, 30 a\u00f1os de dise\u00f1o - \u00c1lvaro Rodr\u00edguez Gordillo\" data-e-action-hash=\"#elementor-action%3Aaction%3Dlightbox%26settings%3DeyJpZCI6Nzc2NywidXJsIjoiaHR0cHM6XC9cL2dhdWRlYW11c3Byb2plY3RhLmRpc3NlbnlncmFmaWMub3JnXC93cC1jb250ZW50XC91cGxvYWRzXC8yMDIxXC8wNVwvNS1BXHUwMzAxbHZhcm9SR19NYW51ZWxFc3RyYWRhMzBhblx1MDMwM29zZGVkaXNlblx1MDMwM29fNV9pbWFnZW5lc18zLTEuanBnIiwic2xpZGVzaG93IjoiY2Y4OTcxMSJ9\" href='https:\/\/gaudeamusprojecta.dissenygrafic.org\/wp-content\/uploads\/2021\/05\/5-A\u0301lvaroRG_ManuelEstrada30an\u0303osdedisen\u0303o_5_imagenes_3-1.jpg'><img loading=\"lazy\" decoding=\"async\" width=\"1200\" height=\"800\" src=\"https:\/\/gaudeamusprojecta.dissenygrafic.org\/wp-content\/uploads\/2021\/05\/5-A\u0301lvaroRG_ManuelEstrada30an\u0303osdedisen\u0303o_5_imagenes_3-1.jpg\" class=\"attachment-full size-full\" alt=\"\" srcset=\"https:\/\/gaudeamusprojecta.dissenygrafic.org\/wp-content\/uploads\/2021\/05\/5-A\u0301lvaroRG_ManuelEstrada30an\u0303osdedisen\u0303o_5_imagenes_3-1.jpg 1200w, https:\/\/gaudeamusprojecta.dissenygrafic.org\/wp-content\/uploads\/2021\/05\/5-A\u0301lvaroRG_ManuelEstrada30an\u0303osdedisen\u0303o_5_imagenes_3-1-300x200.jpg 300w, https:\/\/gaudeamusprojecta.dissenygrafic.org\/wp-content\/uploads\/2021\/05\/5-A\u0301lvaroRG_ManuelEstrada30an\u0303osdedisen\u0303o_5_imagenes_3-1-1024x683.jpg 1024w, https:\/\/gaudeamusprojecta.dissenygrafic.org\/wp-content\/uploads\/2021\/05\/5-A\u0301lvaroRG_ManuelEstrada30an\u0303osdedisen\u0303o_5_imagenes_3-1-768x512.jpg 768w\" sizes=\"(max-width: 1200px) 100vw, 1200px\" \/><\/a>\n\t\t\t<\/div><\/figure><figure class='gallery-item'>\n\t\t\t<div class='gallery-icon landscape'>\n\t\t\t\t<a data-elementor-open-lightbox=\"yes\" data-elementor-lightbox-slideshow=\"cf89711\" data-elementor-lightbox-title=\"Manuel Estrada, 30 a\u00f1os de dise\u00f1o - \u00c1lvaro Rodr\u00edguez Gordillo\" data-e-action-hash=\"#elementor-action%3Aaction%3Dlightbox%26settings%3DeyJpZCI6Nzc2OSwidXJsIjoiaHR0cHM6XC9cL2dhdWRlYW11c3Byb2plY3RhLmRpc3NlbnlncmFmaWMub3JnXC93cC1jb250ZW50XC91cGxvYWRzXC8yMDIxXC8wNVwvNS1BXHUwMzAxbHZhcm9SR19NYW51ZWxFc3RyYWRhMzBhblx1MDMwM29zZGVkaXNlblx1MDMwM29fNV9pbWFnZW5lc181LTEuanBnIiwic2xpZGVzaG93IjoiY2Y4OTcxMSJ9\" href='https:\/\/gaudeamusprojecta.dissenygrafic.org\/wp-content\/uploads\/2021\/05\/5-A\u0301lvaroRG_ManuelEstrada30an\u0303osdedisen\u0303o_5_imagenes_5-1.jpg'><img loading=\"lazy\" decoding=\"async\" width=\"1200\" height=\"800\" src=\"https:\/\/gaudeamusprojecta.dissenygrafic.org\/wp-content\/uploads\/2021\/05\/5-A\u0301lvaroRG_ManuelEstrada30an\u0303osdedisen\u0303o_5_imagenes_5-1.jpg\" class=\"attachment-full size-full\" alt=\"\" srcset=\"https:\/\/gaudeamusprojecta.dissenygrafic.org\/wp-content\/uploads\/2021\/05\/5-A\u0301lvaroRG_ManuelEstrada30an\u0303osdedisen\u0303o_5_imagenes_5-1.jpg 1200w, https:\/\/gaudeamusprojecta.dissenygrafic.org\/wp-content\/uploads\/2021\/05\/5-A\u0301lvaroRG_ManuelEstrada30an\u0303osdedisen\u0303o_5_imagenes_5-1-300x200.jpg 300w, https:\/\/gaudeamusprojecta.dissenygrafic.org\/wp-content\/uploads\/2021\/05\/5-A\u0301lvaroRG_ManuelEstrada30an\u0303osdedisen\u0303o_5_imagenes_5-1-1024x683.jpg 1024w, https:\/\/gaudeamusprojecta.dissenygrafic.org\/wp-content\/uploads\/2021\/05\/5-A\u0301lvaroRG_ManuelEstrada30an\u0303osdedisen\u0303o_5_imagenes_5-1-768x512.jpg 768w\" sizes=\"(max-width: 1200px) 100vw, 1200px\" \/><\/a>\n\t\t\t<\/div><\/figure>\n\t\t<\/div>\n\t\t<\/div>\n\t\t\t\t\t\t<\/div>\n\t\t\t\t<\/div>\n\t\t\t\t\t<\/div>\n\t\t<\/div>\n\t\t\t\t\t<\/div>\n\t\t<\/section>\n\t\t\t\t\t<\/div>\n\t\t<\/div>\n\t\t\t\t\t<\/div>\n\t\t<\/section>\n\t\t\t\t<section class=\"elementor-section elementor-inner-section elementor-element elementor-element-778f67f6 elementor-section-boxed elementor-section-height-default elementor-section-height-default\" data-id=\"778f67f6\" data-element_type=\"section\" data-e-type=\"section\">\n\t\t\t\t\t\t<div class=\"elementor-container elementor-column-gap-no\">\n\t\t\t\t\t<div class=\"elementor-column elementor-col-33 elementor-inner-column elementor-element elementor-element-3dec96a8\" data-id=\"3dec96a8\" data-element_type=\"column\" data-e-type=\"column\">\n\t\t\t<div class=\"elementor-widget-wrap elementor-element-populated\">\n\t\t\t\t\t\t<div class=\"elementor-element elementor-element-714a9c4d elementor-align-left elementor-tablet-align-center elementor-mobile-align-center elementor-widget elementor-widget-button\" data-id=\"714a9c4d\" data-element_type=\"widget\" data-e-type=\"widget\" data-widget_type=\"button.default\">\n\t\t\t\t<div class=\"elementor-widget-container\">\n\t\t\t\t\t\t\t\t\t<div class=\"elementor-button-wrapper\">\n\t\t\t\t\t<a class=\"elementor-button elementor-button-link elementor-size-md elementor-animation-skew-backward\" href=\"http:\/\/gaudeamusprojecta.dissenygrafic.org\/la-piedra-viral\/\">\n\t\t\t\t\t\t<span class=\"elementor-button-content-wrapper\">\n\t\t\t\t\t\t<span class=\"elementor-button-icon\">\n\t\t\t\t<i aria-hidden=\"true\" class=\"fas fa-long-arrow-alt-left\"><\/i>\t\t\t<\/span>\n\t\t\t\t\t\t\t\t\t<span class=\"elementor-button-text\">La piedra viral<\/span>\n\t\t\t\t\t<\/span>\n\t\t\t\t\t<\/a>\n\t\t\t\t<\/div>\n\t\t\t\t\t\t\t\t<\/div>\n\t\t\t\t<\/div>\n\t\t\t\t\t<\/div>\n\t\t<\/div>\n\t\t\t\t<div class=\"elementor-column elementor-col-33 elementor-inner-column elementor-element elementor-element-4a1b3916\" data-id=\"4a1b3916\" data-element_type=\"column\" data-e-type=\"column\">\n\t\t\t<div class=\"elementor-widget-wrap elementor-element-populated\">\n\t\t\t\t\t\t<div class=\"elementor-element elementor-element-31462cf6 elementor-view-default elementor-widget elementor-widget-icon\" data-id=\"31462cf6\" data-element_type=\"widget\" data-e-type=\"widget\" data-widget_type=\"icon.default\">\n\t\t\t\t<div class=\"elementor-widget-container\">\n\t\t\t\t\t\t\t<div class=\"elementor-icon-wrapper\">\n\t\t\t<a class=\"elementor-icon elementor-animation-grow\" href=\"http:\/\/gaudeamusprojecta.dissenygrafic.org\/es\/4a-edicion\">\n\t\t\t<i aria-hidden=\"true\" class=\"fas fa-th\"><\/i>\t\t\t<\/a>\n\t\t<\/div>\n\t\t\t\t\t\t<\/div>\n\t\t\t\t<\/div>\n\t\t\t\t\t<\/div>\n\t\t<\/div>\n\t\t\t\t<div class=\"elementor-column elementor-col-33 elementor-inner-column elementor-element elementor-element-431e580d\" data-id=\"431e580d\" data-element_type=\"column\" data-e-type=\"column\">\n\t\t\t<div class=\"elementor-widget-wrap elementor-element-populated\">\n\t\t\t\t\t\t<div class=\"elementor-element elementor-element-1af4926f elementor-align-right elementor-tablet-align-center elementor-mobile-align-center elementor-widget elementor-widget-button\" data-id=\"1af4926f\" data-element_type=\"widget\" data-e-type=\"widget\" data-widget_type=\"button.default\">\n\t\t\t\t<div class=\"elementor-widget-container\">\n\t\t\t\t\t\t\t\t\t<div class=\"elementor-button-wrapper\">\n\t\t\t\t\t<a class=\"elementor-button elementor-button-link elementor-size-md elementor-animation-skew-forward\" href=\"http:\/\/gaudeamusprojecta.dissenygrafic.org\/milfulles\/\">\n\t\t\t\t\t\t<span class=\"elementor-button-content-wrapper\">\n\t\t\t\t\t\t<span class=\"elementor-button-icon\">\n\t\t\t\t<i aria-hidden=\"true\" class=\"fas fa-long-arrow-alt-right\"><\/i>\t\t\t<\/span>\n\t\t\t\t\t\t\t\t\t<span class=\"elementor-button-text\">Milfulles<\/span>\n\t\t\t\t\t<\/span>\n\t\t\t\t\t<\/a>\n\t\t\t\t<\/div>\n\t\t\t\t\t\t\t\t<\/div>\n\t\t\t\t<\/div>\n\t\t\t\t\t<\/div>\n\t\t<\/div>\n\t\t\t\t\t<\/div>\n\t\t<\/section>\n\t\t\t\t<section class=\"elementor-section elementor-top-section elementor-element elementor-element-643ddfc elementor-section-boxed elementor-section-height-default elementor-section-height-default\" data-id=\"643ddfc\" data-element_type=\"section\" data-e-type=\"section\" data-settings=\"{&quot;background_background&quot;:&quot;classic&quot;}\">\n\t\t\t\t\t\t<div class=\"elementor-container elementor-column-gap-default\">\n\t\t\t\t\t<div class=\"elementor-column elementor-col-100 elementor-top-column elementor-element elementor-element-d54c6e7\" data-id=\"d54c6e7\" data-element_type=\"column\" data-e-type=\"column\">\n\t\t\t<div class=\"elementor-widget-wrap elementor-element-populated\">\n\t\t\t\t\t\t<div class=\"elementor-element elementor-element-5098be6 elementor-widget elementor-widget-heading\" data-id=\"5098be6\" data-element_type=\"widget\" data-e-type=\"widget\" data-widget_type=\"heading.default\">\n\t\t\t\t<div class=\"elementor-widget-container\">\n\t\t\t\t\t<h4 class=\"elementor-heading-title elementor-size-default\">\u00danete a nuestro Newsletter<\/h4>\t\t\t\t<\/div>\n\t\t\t\t<\/div>\n\t\t\t\t<div class=\"elementor-element elementor-element-2f1e8c7 elementor-align-center elementor-tablet-align-center elementor-mobile-align-center elementor-widget elementor-widget-button\" data-id=\"2f1e8c7\" data-element_type=\"widget\" data-e-type=\"widget\" data-widget_type=\"button.default\">\n\t\t\t\t<div class=\"elementor-widget-container\">\n\t\t\t\t\t\t\t\t\t<div class=\"elementor-button-wrapper\">\n\t\t\t\t\t<a class=\"elementor-button elementor-button-link elementor-size-md\" href=\"http:\/\/eepurl.com\/dyFHkD\">\n\t\t\t\t\t\t<span class=\"elementor-button-content-wrapper\">\n\t\t\t\t\t\t\t\t\t<span class=\"elementor-button-text\">SUSCRIBIRME<\/span>\n\t\t\t\t\t<\/span>\n\t\t\t\t\t<\/a>\n\t\t\t\t<\/div>\n\t\t\t\t\t\t\t\t<\/div>\n\t\t\t\t<\/div>\n\t\t\t\t\t<\/div>\n\t\t<\/div>\n\t\t\t\t\t<\/div>\n\t\t<\/section>\n\t\t\t\t<\/div>\n\t\t","protected":false},"excerpt":{"rendered":"<p>premios gaudeamus projecta 4\u00aa edici\u00f3n Manuel Estrada, 30 a\u00f1os de dise\u00f1o Disciplina y reflexi\u00f3n \u00c1lvaro Rodr\u00edguez Gordillo centro: EASD M\u00e9rida, Badajoz tutor\/a:Sebasti\u00e1n Garc\u00eda-Mart\u00edn Parr\u00f3n Afronta con valent\u00eda, rompiendo los estereotipos, la comunicaci\u00f3n pol\u00edtica y desarrolla unas codificaciones y un sistema que centra la decisi\u00f3n pol\u00edtica en sus objetivos huyendo de ret\u00f3ricas u orientaciones aunque estas [&hellip;]<\/p>\n","protected":false},"author":3,"featured_media":7701,"parent":0,"menu_order":0,"comment_status":"closed","ping_status":"closed","template":"","meta":{"site-sidebar-layout":"no-sidebar","site-content-layout":"page-builder","ast-site-content-layout":"default","site-content-style":"default","site-sidebar-style":"default","ast-global-header-display":"","ast-banner-title-visibility":"","ast-main-header-display":"","ast-hfb-above-header-display":"","ast-hfb-below-header-display":"","ast-hfb-mobile-header-display":"","site-post-title":"disabled","ast-breadcrumbs-content":"","ast-featured-img":"disabled","footer-sml-layout":"","ast-disable-related-posts":"","theme-transparent-header-meta":"enabled","adv-header-id-meta":"","stick-header-meta":"","header-above-stick-meta":"","header-main-stick-meta":"","header-below-stick-meta":"","astra-migrate-meta-layouts":"default","ast-page-background-enabled":"default","ast-page-background-meta":{"desktop":{"background-color":"","background-image":"","background-repeat":"repeat","background-position":"center center","background-size":"auto","background-attachment":"scroll","background-type":"","background-media":"","overlay-type":"","overlay-color":"","overlay-opacity":"","overlay-gradient":""},"tablet":{"background-color":"","background-image":"","background-repeat":"repeat","background-position":"center center","background-size":"auto","background-attachment":"scroll","background-type":"","background-media":"","overlay-type":"","overlay-color":"","overlay-opacity":"","overlay-gradient":""},"mobile":{"background-color":"","background-image":"","background-repeat":"repeat","background-position":"center center","background-size":"auto","background-attachment":"scroll","background-type":"","background-media":"","overlay-type":"","overlay-color":"","overlay-opacity":"","overlay-gradient":""}},"ast-content-background-meta":{"desktop":{"background-color":"var(--ast-global-color-5)","background-image":"","background-repeat":"repeat","background-position":"center center","background-size":"auto","background-attachment":"scroll","background-type":"","background-media":"","overlay-type":"","overlay-color":"","overlay-opacity":"","overlay-gradient":""},"tablet":{"background-color":"var(--ast-global-color-5)","background-image":"","background-repeat":"repeat","background-position":"center center","background-size":"auto","background-attachment":"scroll","background-type":"","background-media":"","overlay-type":"","overlay-color":"","overlay-opacity":"","overlay-gradient":""},"mobile":{"background-color":"var(--ast-global-color-5)","background-image":"","background-repeat":"repeat","background-position":"center center","background-size":"auto","background-attachment":"scroll","background-type":"","background-media":"","overlay-type":"","overlay-color":"","overlay-opacity":"","overlay-gradient":""}},"footnotes":""},"wf_page_folders":[112],"class_list":["post-8720","page","type-page","status-publish","has-post-thumbnail","hentry"],"yoast_head":"<!-- This site is optimized with the Yoast SEO plugin v27.1.1 - https:\/\/yoast.com\/product\/yoast-seo-wordpress\/ -->\n<title>Manuel Estrada, 30 a\u00f1os de dise\u00f1o - gaudeamusProjecta<\/title>\n<meta name=\"description\" content=\"Desarrolla con personalidad un proyecto propio, bien fundamentado y que muestra la trayectoria de un reconocido dise\u00f1ador, sin caer en el anonimato o en la m\u00edmesis del referente y de sus formas.\" \/>\n<meta name=\"robots\" content=\"index, follow, max-snippet:-1, max-image-preview:large, max-video-preview:-1\" \/>\n<link rel=\"canonical\" href=\"https:\/\/gaudeamusprojecta.dissenygrafic.org\/es\/manuel-estrada-30-anos-de-diseno\/\" \/>\n<meta property=\"og:locale\" content=\"es_ES\" \/>\n<meta property=\"og:type\" content=\"article\" \/>\n<meta property=\"og:title\" content=\"Manuel Estrada, 30 a\u00f1os de dise\u00f1o - gaudeamusProjecta\" \/>\n<meta property=\"og:description\" content=\"Desarrolla con personalidad un proyecto propio, bien fundamentado y que muestra la trayectoria de un reconocido dise\u00f1ador, sin caer en el anonimato o en la m\u00edmesis del referente y de sus formas.\" \/>\n<meta property=\"og:url\" content=\"https:\/\/gaudeamusprojecta.dissenygrafic.org\/es\/manuel-estrada-30-anos-de-diseno\/\" \/>\n<meta property=\"og:site_name\" content=\"gaudeamusProjecta\" \/>\n<meta property=\"article:modified_time\" content=\"2025-03-18T14:42:52+00:00\" \/>\n<meta property=\"og:image\" content=\"https:\/\/gaudeamusprojecta.dissenygrafic.org\/wp-content\/uploads\/2021\/05\/5-lvaroRG_ManuelEstrada30an\u0303osdedisen\u0303o_5_imagenes_1.jpg\" \/>\n<meta name=\"twitter:card\" content=\"summary_large_image\" \/>\n<meta name=\"twitter:image\" content=\"https:\/\/gaudeamusprojecta.dissenygrafic.org\/wp-content\/uploads\/2021\/05\/5-lvaroRG_ManuelEstrada30an\u0303osdedisen\u0303o_5_imagenes_1.jpg\" \/>\n<meta name=\"twitter:label1\" content=\"Tiempo de lectura\" \/>\n\t<meta name=\"twitter:data1\" content=\"1 minuto\" \/>\n<script type=\"application\/ld+json\" class=\"yoast-schema-graph\">{\"@context\":\"https:\/\/schema.org\",\"@graph\":[{\"@type\":\"WebPage\",\"@id\":\"https:\/\/gaudeamusprojecta.dissenygrafic.org\/es\/manuel-estrada-30-anos-de-diseno\/\",\"url\":\"https:\/\/gaudeamusprojecta.dissenygrafic.org\/es\/manuel-estrada-30-anos-de-diseno\/\",\"name\":\"Manuel Estrada, 30 a\u00f1os de dise\u00f1o - gaudeamusProjecta\",\"isPartOf\":{\"@id\":\"https:\/\/gaudeamusprojecta.dissenygrafic.org\/es\/#website\"},\"primaryImageOfPage\":{\"@id\":\"https:\/\/gaudeamusprojecta.dissenygrafic.org\/es\/manuel-estrada-30-anos-de-diseno\/#primaryimage\"},\"image\":{\"@id\":\"https:\/\/gaudeamusprojecta.dissenygrafic.org\/es\/manuel-estrada-30-anos-de-diseno\/#primaryimage\"},\"thumbnailUrl\":\"https:\/\/gaudeamusprojecta.dissenygrafic.org\/wp-content\/uploads\/2021\/05\/5-lvaroRG_ManuelEstrada30an\u0303osdedisen\u0303o_5_imagenes_1.jpg\",\"datePublished\":\"2021-05-25T15:49:36+00:00\",\"dateModified\":\"2025-03-18T14:42:52+00:00\",\"description\":\"Desarrolla con personalidad un proyecto propio, bien fundamentado y que muestra la trayectoria de un reconocido dise\u00f1ador, sin caer en el anonimato o en la m\u00edmesis del referente y de sus formas.\",\"breadcrumb\":{\"@id\":\"https:\/\/gaudeamusprojecta.dissenygrafic.org\/es\/manuel-estrada-30-anos-de-diseno\/#breadcrumb\"},\"inLanguage\":\"es\",\"potentialAction\":[{\"@type\":\"ReadAction\",\"target\":[\"https:\/\/gaudeamusprojecta.dissenygrafic.org\/es\/manuel-estrada-30-anos-de-diseno\/\"]}]},{\"@type\":\"ImageObject\",\"inLanguage\":\"es\",\"@id\":\"https:\/\/gaudeamusprojecta.dissenygrafic.org\/es\/manuel-estrada-30-anos-de-diseno\/#primaryimage\",\"url\":\"https:\/\/gaudeamusprojecta.dissenygrafic.org\/wp-content\/uploads\/2021\/05\/5-lvaroRG_ManuelEstrada30an\u0303osdedisen\u0303o_5_imagenes_1.jpg\",\"contentUrl\":\"https:\/\/gaudeamusprojecta.dissenygrafic.org\/wp-content\/uploads\/2021\/05\/5-lvaroRG_ManuelEstrada30an\u0303osdedisen\u0303o_5_imagenes_1.jpg\",\"width\":1200,\"height\":800},{\"@type\":\"BreadcrumbList\",\"@id\":\"https:\/\/gaudeamusprojecta.dissenygrafic.org\/es\/manuel-estrada-30-anos-de-diseno\/#breadcrumb\",\"itemListElement\":[{\"@type\":\"ListItem\",\"position\":1,\"name\":\"Portada\",\"item\":\"https:\/\/gaudeamusprojecta.dissenygrafic.org\/es\/\"},{\"@type\":\"ListItem\",\"position\":2,\"name\":\"Manuel Estrada, 30 a\u00f1os de dise\u00f1o\"}]},{\"@type\":\"WebSite\",\"@id\":\"https:\/\/gaudeamusprojecta.dissenygrafic.org\/es\/#website\",\"url\":\"https:\/\/gaudeamusprojecta.dissenygrafic.org\/es\/\",\"name\":\"gaudeamusProjecta\",\"description\":\"Premi Projecte Fi de Grau de Disseny Gr\u00e0fic\",\"publisher\":{\"@id\":\"https:\/\/gaudeamusprojecta.dissenygrafic.org\/es\/#organization\"},\"potentialAction\":[{\"@type\":\"SearchAction\",\"target\":{\"@type\":\"EntryPoint\",\"urlTemplate\":\"https:\/\/gaudeamusprojecta.dissenygrafic.org\/es\/?s={search_term_string}\"},\"query-input\":{\"@type\":\"PropertyValueSpecification\",\"valueRequired\":true,\"valueName\":\"search_term_string\"}}],\"inLanguage\":\"es\"},{\"@type\":\"Organization\",\"@id\":\"https:\/\/gaudeamusprojecta.dissenygrafic.org\/es\/#organization\",\"name\":\"gaudeamusProjecta\",\"url\":\"https:\/\/gaudeamusprojecta.dissenygrafic.org\/es\/\",\"logo\":{\"@type\":\"ImageObject\",\"inLanguage\":\"es\",\"@id\":\"https:\/\/gaudeamusprojecta.dissenygrafic.org\/es\/#\/schema\/logo\/image\/\",\"url\":\"https:\/\/gaudeamusprojecta.dissenygrafic.org\/wp-content\/uploads\/2020\/09\/cropped-gaudeamusprojecta_logo-1.png\",\"contentUrl\":\"https:\/\/gaudeamusprojecta.dissenygrafic.org\/wp-content\/uploads\/2020\/09\/cropped-gaudeamusprojecta_logo-1.png\",\"width\":220,\"height\":64,\"caption\":\"gaudeamusProjecta\"},\"image\":{\"@id\":\"https:\/\/gaudeamusprojecta.dissenygrafic.org\/es\/#\/schema\/logo\/image\/\"}}]}<\/script>\n<!-- \/ Yoast SEO plugin. -->","yoast_head_json":{"title":"Manuel Estrada, 30 a\u00f1os de dise\u00f1o - gaudeamusProjecta","description":"Desarrolla con personalidad un proyecto propio, bien fundamentado y que muestra la trayectoria de un reconocido dise\u00f1ador, sin caer en el anonimato o en la m\u00edmesis del referente y de sus formas.","robots":{"index":"index","follow":"follow","max-snippet":"max-snippet:-1","max-image-preview":"max-image-preview:large","max-video-preview":"max-video-preview:-1"},"canonical":"https:\/\/gaudeamusprojecta.dissenygrafic.org\/es\/manuel-estrada-30-anos-de-diseno\/","og_locale":"es_ES","og_type":"article","og_title":"Manuel Estrada, 30 a\u00f1os de dise\u00f1o - gaudeamusProjecta","og_description":"Desarrolla con personalidad un proyecto propio, bien fundamentado y que muestra la trayectoria de un reconocido dise\u00f1ador, sin caer en el anonimato o en la m\u00edmesis del referente y de sus formas.","og_url":"https:\/\/gaudeamusprojecta.dissenygrafic.org\/es\/manuel-estrada-30-anos-de-diseno\/","og_site_name":"gaudeamusProjecta","article_modified_time":"2025-03-18T14:42:52+00:00","og_image":[{"url":"https:\/\/gaudeamusprojecta.dissenygrafic.org\/wp-content\/uploads\/2021\/05\/5-lvaroRG_ManuelEstrada30an\u0303osdedisen\u0303o_5_imagenes_1.jpg","type":"","width":"","height":""}],"twitter_card":"summary_large_image","twitter_image":"https:\/\/gaudeamusprojecta.dissenygrafic.org\/wp-content\/uploads\/2021\/05\/5-lvaroRG_ManuelEstrada30an\u0303osdedisen\u0303o_5_imagenes_1.jpg","twitter_misc":{"Tiempo de lectura":"1 minuto"},"schema":{"@context":"https:\/\/schema.org","@graph":[{"@type":"WebPage","@id":"https:\/\/gaudeamusprojecta.dissenygrafic.org\/es\/manuel-estrada-30-anos-de-diseno\/","url":"https:\/\/gaudeamusprojecta.dissenygrafic.org\/es\/manuel-estrada-30-anos-de-diseno\/","name":"Manuel Estrada, 30 a\u00f1os de dise\u00f1o - gaudeamusProjecta","isPartOf":{"@id":"https:\/\/gaudeamusprojecta.dissenygrafic.org\/es\/#website"},"primaryImageOfPage":{"@id":"https:\/\/gaudeamusprojecta.dissenygrafic.org\/es\/manuel-estrada-30-anos-de-diseno\/#primaryimage"},"image":{"@id":"https:\/\/gaudeamusprojecta.dissenygrafic.org\/es\/manuel-estrada-30-anos-de-diseno\/#primaryimage"},"thumbnailUrl":"https:\/\/gaudeamusprojecta.dissenygrafic.org\/wp-content\/uploads\/2021\/05\/5-lvaroRG_ManuelEstrada30an\u0303osdedisen\u0303o_5_imagenes_1.jpg","datePublished":"2021-05-25T15:49:36+00:00","dateModified":"2025-03-18T14:42:52+00:00","description":"Desarrolla con personalidad un proyecto propio, bien fundamentado y que muestra la trayectoria de un reconocido dise\u00f1ador, sin caer en el anonimato o en la m\u00edmesis del referente y de sus formas.","breadcrumb":{"@id":"https:\/\/gaudeamusprojecta.dissenygrafic.org\/es\/manuel-estrada-30-anos-de-diseno\/#breadcrumb"},"inLanguage":"es","potentialAction":[{"@type":"ReadAction","target":["https:\/\/gaudeamusprojecta.dissenygrafic.org\/es\/manuel-estrada-30-anos-de-diseno\/"]}]},{"@type":"ImageObject","inLanguage":"es","@id":"https:\/\/gaudeamusprojecta.dissenygrafic.org\/es\/manuel-estrada-30-anos-de-diseno\/#primaryimage","url":"https:\/\/gaudeamusprojecta.dissenygrafic.org\/wp-content\/uploads\/2021\/05\/5-lvaroRG_ManuelEstrada30an\u0303osdedisen\u0303o_5_imagenes_1.jpg","contentUrl":"https:\/\/gaudeamusprojecta.dissenygrafic.org\/wp-content\/uploads\/2021\/05\/5-lvaroRG_ManuelEstrada30an\u0303osdedisen\u0303o_5_imagenes_1.jpg","width":1200,"height":800},{"@type":"BreadcrumbList","@id":"https:\/\/gaudeamusprojecta.dissenygrafic.org\/es\/manuel-estrada-30-anos-de-diseno\/#breadcrumb","itemListElement":[{"@type":"ListItem","position":1,"name":"Portada","item":"https:\/\/gaudeamusprojecta.dissenygrafic.org\/es\/"},{"@type":"ListItem","position":2,"name":"Manuel Estrada, 30 a\u00f1os de dise\u00f1o"}]},{"@type":"WebSite","@id":"https:\/\/gaudeamusprojecta.dissenygrafic.org\/es\/#website","url":"https:\/\/gaudeamusprojecta.dissenygrafic.org\/es\/","name":"gaudeamusProjecta","description":"Premi Projecte Fi de Grau de Disseny Gr\u00e0fic","publisher":{"@id":"https:\/\/gaudeamusprojecta.dissenygrafic.org\/es\/#organization"},"potentialAction":[{"@type":"SearchAction","target":{"@type":"EntryPoint","urlTemplate":"https:\/\/gaudeamusprojecta.dissenygrafic.org\/es\/?s={search_term_string}"},"query-input":{"@type":"PropertyValueSpecification","valueRequired":true,"valueName":"search_term_string"}}],"inLanguage":"es"},{"@type":"Organization","@id":"https:\/\/gaudeamusprojecta.dissenygrafic.org\/es\/#organization","name":"gaudeamusProjecta","url":"https:\/\/gaudeamusprojecta.dissenygrafic.org\/es\/","logo":{"@type":"ImageObject","inLanguage":"es","@id":"https:\/\/gaudeamusprojecta.dissenygrafic.org\/es\/#\/schema\/logo\/image\/","url":"https:\/\/gaudeamusprojecta.dissenygrafic.org\/wp-content\/uploads\/2020\/09\/cropped-gaudeamusprojecta_logo-1.png","contentUrl":"https:\/\/gaudeamusprojecta.dissenygrafic.org\/wp-content\/uploads\/2020\/09\/cropped-gaudeamusprojecta_logo-1.png","width":220,"height":64,"caption":"gaudeamusProjecta"},"image":{"@id":"https:\/\/gaudeamusprojecta.dissenygrafic.org\/es\/#\/schema\/logo\/image\/"}}]}},"_links":{"self":[{"href":"https:\/\/gaudeamusprojecta.dissenygrafic.org\/es\/wp-json\/wp\/v2\/pages\/8720","targetHints":{"allow":["GET"]}}],"collection":[{"href":"https:\/\/gaudeamusprojecta.dissenygrafic.org\/es\/wp-json\/wp\/v2\/pages"}],"about":[{"href":"https:\/\/gaudeamusprojecta.dissenygrafic.org\/es\/wp-json\/wp\/v2\/types\/page"}],"author":[{"embeddable":true,"href":"https:\/\/gaudeamusprojecta.dissenygrafic.org\/es\/wp-json\/wp\/v2\/users\/3"}],"replies":[{"embeddable":true,"href":"https:\/\/gaudeamusprojecta.dissenygrafic.org\/es\/wp-json\/wp\/v2\/comments?post=8720"}],"version-history":[{"count":7,"href":"https:\/\/gaudeamusprojecta.dissenygrafic.org\/es\/wp-json\/wp\/v2\/pages\/8720\/revisions"}],"predecessor-version":[{"id":15196,"href":"https:\/\/gaudeamusprojecta.dissenygrafic.org\/es\/wp-json\/wp\/v2\/pages\/8720\/revisions\/15196"}],"wp:featuredmedia":[{"embeddable":true,"href":"https:\/\/gaudeamusprojecta.dissenygrafic.org\/es\/wp-json\/wp\/v2\/media\/7701"}],"wp:attachment":[{"href":"https:\/\/gaudeamusprojecta.dissenygrafic.org\/es\/wp-json\/wp\/v2\/media?parent=8720"}],"wp:term":[{"taxonomy":"wf_page_folders","embeddable":true,"href":"https:\/\/gaudeamusprojecta.dissenygrafic.org\/es\/wp-json\/wp\/v2\/wf_page_folders?post=8720"}],"curies":[{"name":"wp","href":"https:\/\/api.w.org\/{rel}","templated":true}]}}